{"id":1253,"date":"2024-12-11T08:28:06","date_gmt":"2024-12-11T07:28:06","guid":{"rendered":"https:\/\/www.etafast.org\/super-viza-tevams-ir-seneliams\/"},"modified":"2024-12-11T09:11:43","modified_gmt":"2024-12-11T08:11:43","slug":"super-viza-tevams-ir-seneliams","status":"publish","type":"page","link":"https:\/\/www.etafast.org\/lt\/super-viza-tevams-ir-seneliams\/","title":{"rendered":"Super viza t\u0117vams ir seneliams"},"content":{"rendered":"\n<h3 class=\"wp-block-heading\">Super viza t\u0117vams ir seneliams<\/h3>\n\n<p>&#8221; <strong>Super viza<\/strong> &#8221; &#8211; tai speciali viza, skirta Kanados pilie\u010di\u0173 ir nuolatini\u0173 gyventoj\u0173 t\u0117vams ir seneliams. Ji leid\u017eia ilgesn\u012f laik\u0105 lankytis Kanadoje ir suteikia unikali\u0105 galimyb\u0119 praleisti laik\u0105 su \u0161eima, tuo pat metu naudojantis daugkartinio atvykimo per ilg\u0105 laik\u0105 privalumais. <\/p>\n\n<hr class=\"wp-block-separator has-alpha-channel-opacity\"\/>\n\n<h3 class=\"wp-block-heading\"><strong>Kas yra &#8222;Super Visa&#8221;?<\/strong><\/h3>\n\n<p>&#8221; <strong>Super Visa&#8221;<\/strong> yra:<\/p>\n\n<ul class=\"wp-block-list\">\n<li>Tai <strong>ilgalaik\u0117 viza<\/strong>, leid\u017eianti reikalavimus atitinkantiems t\u0117vams ir seneliams lankytis Kanadoje <strong>iki 5 met\u0173 per vien\u0105 apsilankym\u0105<\/strong>, neatnaujinant savo statuso.<\/li>\n\n\n\n<li><strong>Daugkartin\u0117 viza<\/strong>, galiojanti <strong>iki 10 met\u0173<\/strong>, leid\u017eianti da\u017enai lankytis Kanadoje vizos galiojimo laikotarpiu.<\/li>\n<\/ul>\n\n<p>\u0160i viza idealiai tinka asmenims, kurie planuoja ilgesniam laikui aplankyti savo vaikus ar an\u016bkus.<\/p>\n\n<hr class=\"wp-block-separator has-alpha-channel-opacity\"\/>\n\n<h3 class=\"wp-block-heading\"><strong>Reikalavimai, keliami norint gauti &#8222;Super&#8221; viz\u0105<\/strong><\/h3>\n\n<p>Nor\u0117dami gauti superviz\u0105, parei\u0161k\u0117jai turi atitikti tam tikrus kriterijus:<\/p>\n\n<ol class=\"wp-block-list\">\n<li><strong>Santykiai<\/strong>:\n<ul class=\"wp-block-list\">\n<li>B\u016bti Kanados pilie\u010dio arba nuolatinio gyventojo <strong>t\u0117vu arba seneliu<\/strong>.<\/li>\n<\/ul>\n<\/li>\n\n\n\n<li><strong>Kvietimo lai\u0161kas<\/strong>:\n<ul class=\"wp-block-list\">\n<li>Pateikite savo vaiko arba an\u016bko Kanadoje kvietim\u0105.<\/li>\n\n\n\n<li>Lai\u0161ke turi b\u016bti nurodyta:\n<ul class=\"wp-block-list\">\n<li>pa\u017eadas suteikti finansin\u0119 param\u0105 vizito metu.<\/li>\n\n\n\n<li>I\u0161sami informacija apie j\u016bs\u0173 santykius.<\/li>\n\n\n\n<li>\u0160eimininko nam\u0173 \u016bkio nari\u0173 Kanadoje s\u0105ra\u0161as.<\/li>\n<\/ul>\n<\/li>\n<\/ul>\n<\/li>\n\n\n\n<li><strong>Reikalavimai d\u0117l pajam\u0173<\/strong>:\n<ul class=\"wp-block-list\">\n<li>Vaikas arba an\u016bkas turi atitikti <strong>minimali\u0105 pajam\u0173 rib\u0105<\/strong>, kuri priklauso nuo \u0161eimos nari\u0173 skai\u010diaus.<\/li>\n<\/ul>\n<\/li>\n\n\n\n<li><strong>Sveikatos draudimas<\/strong>:\n<ul class=\"wp-block-list\">\n<li>\u012esigykite privat\u0173 <strong>medicinin\u012f draudim\u0105<\/strong> i\u0161 Kanados draudimo bendrov\u0117s, kuri:\n<ul class=\"wp-block-list\">\n<li>Apdrausta ma\u017eiausiai <strong> 100 000 CAD doleri\u0173<\/strong>.<\/li>\n\n\n\n<li>Galioja <strong>ne trumpiau kaip vienerius metus<\/strong> nuo atvykimo dienos.<\/li>\n\n\n\n<li>Pridedamas visi\u0161ko apmok\u0117jimo \u012frodymas (ne citatos).<\/li>\n<\/ul>\n<\/li>\n<\/ul>\n<\/li>\n\n\n\n<li><strong>Medicininis patikrinimas<\/strong>:\n<ul class=\"wp-block-list\">\n<li>Atlikite imigracijos medicinin\u012f patikrinim\u0105, kad \u012frodytum\u0117te priimtinum\u0105.<\/li>\n<\/ul>\n<\/li>\n\n\n\n<li><strong>Papildomi reikalavimai:<\/strong>\n<ul class=\"wp-block-list\">\n<li>\u012erodykite tvirtus ry\u0161ius su savo \u0161alimi, pavyzd\u017eiui, \u0161eimos, finansinius ar darbo ry\u0161ius, kad b\u016btum\u0117te tikras, jog po vizito i\u0161vyksite i\u0161 Kanados.<\/li>\n\n\n\n<li>Parodykite, kad turite pakankamai l\u0117\u0161\u0173 vizitui.<\/li>\n<\/ul>\n<\/li>\n<\/ol>\n\n<hr class=\"wp-block-separator has-alpha-channel-opacity\"\/>\n\n<h3 class=\"wp-block-heading\"><strong>Kiek laiko galite b\u016bti Kanadoje?<\/strong><\/h3>\n\n<p>Vie\u0161nag\u0117s trukm\u0117 priklauso nuo to, kada pateik\u0117te pra\u0161ym\u0105 i\u0161duoti superviz\u0105:<\/p>\n\n<ul class=\"wp-block-list\">\n<li><strong>Parai\u0161kos teikiamos 2023 m. bir\u017eelio 22 d. arba v\u0117liau:<\/strong>\n<ul class=\"wp-block-list\">\n<li>Supervizos tur\u0117tojai <strong>vieno vizito metu<\/strong> gali b\u016bti <strong>ne ilgiau kaip 5 metus<\/strong>.<\/li>\n<\/ul>\n<\/li>\n\n\n\n<li><strong>Parai\u0161kos teikiamos iki 2023 m. bir\u017eelio 22 d:<\/strong>\n<ul class=\"wp-block-list\">\n<li><strong>Vieno apsilankymo metu<\/strong> galite likti <strong>iki 2 met\u0173<\/strong>.<\/li>\n<\/ul>\n<\/li>\n<\/ul>\n\n<p>Nepriklausomai nuo parai\u0161kos pateikimo datos:<\/p>\n\n<ul class=\"wp-block-list\">\n<li>\u012esitikinkite, kad j\u016bs\u0173 <strong>pasas galioja<\/strong> vis\u0105 vie\u0161nag\u0117s laik\u0105.<\/li>\n\n\n\n<li>I\u0161laikykite arba atnaujinkite <strong>sveikatos draudim\u0105<\/strong>, kai esate Kanadoje arba kai gr\u012f\u017etate \u012f \u0161al\u012f.<\/li>\n<\/ul>\n\n<hr class=\"wp-block-separator has-alpha-channel-opacity\"\/>\n\n<h3 class=\"wp-block-heading\"><strong>Supervizos privalumai<\/strong><\/h3>\n\n<ol class=\"wp-block-list\">\n<li><strong>I\u0161pl\u0117stiniai apsilankymai<\/strong>:\n<ul class=\"wp-block-list\">\n<li>M\u0117gaukit\u0117s ilgalaik\u0117mis vie\u0161nag\u0117mis be da\u017en\u0173 pra\u0161ym\u0173 prat\u0119sti termin\u0105.<\/li>\n<\/ul>\n<\/li>\n\n\n\n<li><strong>Keli \u012fra\u0161ai<\/strong>:\n<ul class=\"wp-block-list\">\n<li>Keliaukite \u012f Kanad\u0105 kelis kartus per 10 met\u0173 laikotarp\u012f.<\/li>\n<\/ul>\n<\/li>\n\n\n\n<li><strong>Ramyb\u0117<\/strong>:\n<ul class=\"wp-block-list\">\n<li>Reikalavimas tur\u0117ti sveikatos draudim\u0105 u\u017etikrina medicinin\u0119 apsaug\u0105 vie\u0161nag\u0117s metu.<\/li>\n<\/ul>\n<\/li>\n\n\n\n<li><strong>\u0160eimos susijungimas<\/strong>:\n<ul class=\"wp-block-list\">\n<li>U\u017emegzkite glaudesnius ry\u0161ius su savo vaikais ir an\u016bkais.<\/li>\n<\/ul>\n<\/li>\n<\/ol>\n","protected":false},"excerpt":{"rendered":"<p>Super viza t\u0117vams ir seneliams &#8221; Super viza &#8221; &#8211; tai speciali viza, skirta Kanados pilie\u010di\u0173 ir nuolatini\u0173 gyventoj\u0173 t\u0117vams [&hellip;]<\/p>\n","protected":false},"author":1,"featured_media":0,"parent":0,"menu_order":0,"comment_status":"closed","ping_status":"closed","template":"","meta":{"_uag_custom_page_level_css":"","site-sidebar-layout":"default","site-content-layout":"","ast-site-content-layout":"","site-content-style":"default","site-sidebar-style":"default","ast-global-header-display":"","ast-banner-title-visibility":"","ast-main-header-display":"","ast-hfb-above-header-display":"","ast-hfb-below-header-display":"","ast-hfb-mobile-header-display":"","site-post-title":"","ast-breadcrumbs-content":"","ast-featured-img":"","footer-sml-layout":"","theme-transparent-header-meta":"","adv-header-id-meta":"","stick-header-meta":"","header-above-stick-meta":"","header-main-stick-meta":"","header-below-stick-meta":"","astra-migrate-meta-layouts":"default","ast-page-background-enabled":"default","ast-page-background-meta":{"desktop":{"background-color":"var(--ast-global-color-4)","background-image":"","background-repeat":"repeat","background-position":"center center","background-size":"auto","background-attachment":"scroll","background-type":"","background-media":"","overlay-type":"","overlay-color":"","overlay-opacity":"","overlay-gradient":""},"tablet":{"background-color":"","background-image":"","background-repeat":"repeat","background-position":"center center","background-size":"auto","background-attachment":"scroll","background-type":"","background-media":"","overlay-type":"","overlay-color":"","overlay-opacity":"","overlay-gradient":""},"mobile":{"background-color":"","background-image":"","background-repeat":"repeat","background-position":"center center","background-size":"auto","background-attachment":"scroll","background-type":"","background-media":"","overlay-type":"","overlay-color":"","overlay-opacity":"","overlay-gradient":""}},"ast-content-background-meta":{"desktop":{"background-color":"var(--ast-global-color-5)","background-image":"","background-repeat":"repeat","background-position":"center center","background-size":"auto","background-attachment":"scroll","background-type":"","background-media":"","overlay-type":"","overlay-color":"","overlay-opacity":"","overlay-gradient":""},"tablet":{"background-color":"var(--ast-global-color-5)","background-image":"","background-repeat":"repeat","background-position":"center center","background-size":"auto","background-attachment":"scroll","background-type":"","background-media":"","overlay-type":"","overlay-color":"","overlay-opacity":"","overlay-gradient":""},"mobile":{"background-color":"var(--ast-global-color-5)","background-image":"","background-repeat":"repeat","background-position":"center center","background-size":"auto","background-attachment":"scroll","background-type":"","background-media":"","overlay-type":"","overlay-color":"","overlay-opacity":"","overlay-gradient":""}},"footnotes":""},"categories":[],"tags":[],"class_list":["post-1253","page","type-page","status-publish","hentry"],"uagb_featured_image_src":{"full":false,"thumbnail":false,"medium":false,"medium_large":false,"large":false,"1536x1536":false,"2048x2048":false},"uagb_author_info":{"display_name":"admin","author_link":"https:\/\/www.etafast.org\/lt\/author\/admin\/"},"uagb_comment_info":0,"uagb_excerpt":"Super viza t\u0117vams ir seneliams &#8221; Super viza &#8221; &#8211; tai speciali viza, skirta Kanados pilie\u010di\u0173 ir nuolatini\u0173 gyventoj\u0173 t\u0117vams [&hellip;]","_links":{"self":[{"href":"https:\/\/www.etafast.org\/lt\/wp-json\/wp\/v2\/pages\/1253","targetHints":{"allow":["GET"]}}],"collection":[{"href":"https:\/\/www.etafast.org\/lt\/wp-json\/wp\/v2\/pages"}],"about":[{"href":"https:\/\/www.etafast.org\/lt\/wp-json\/wp\/v2\/types\/page"}],"author":[{"embeddable":true,"href":"https:\/\/www.etafast.org\/lt\/wp-json\/wp\/v2\/users\/1"}],"replies":[{"embeddable":true,"href":"https:\/\/www.etafast.org\/lt\/wp-json\/wp\/v2\/comments?post=1253"}],"version-history":[{"count":1,"href":"https:\/\/www.etafast.org\/lt\/wp-json\/wp\/v2\/pages\/1253\/revisions"}],"predecessor-version":[{"id":1254,"href":"https:\/\/www.etafast.org\/lt\/wp-json\/wp\/v2\/pages\/1253\/revisions\/1254"}],"wp:attachment":[{"href":"https:\/\/www.etafast.org\/lt\/wp-json\/wp\/v2\/media?parent=1253"}],"wp:term":[{"taxonomy":"category","embeddable":true,"href":"https:\/\/www.etafast.org\/lt\/wp-json\/wp\/v2\/categories?post=1253"},{"taxonomy":"post_tag","embeddable":true,"href":"https:\/\/www.etafast.org\/lt\/wp-json\/wp\/v2\/tags?post=1253"}],"curies":[{"name":"wp","href":"https:\/\/api.w.org\/{rel}","templated":true}]}}