{"id":951,"date":"2024-12-11T08:30:38","date_gmt":"2024-12-11T07:30:38","guid":{"rendered":"https:\/\/www.etafast.org\/tranzit-kanadan-keresztul\/"},"modified":"2024-12-11T09:07:22","modified_gmt":"2024-12-11T08:07:22","slug":"tranzit-kanadan-keresztul","status":"publish","type":"page","link":"https:\/\/www.etafast.org\/hu\/tranzit-kanadan-keresztul\/","title":{"rendered":"Tranzit Kanad\u00e1n kereszt\u00fcl"},"content":{"rendered":"\n<p>Ha \u00d6n egy m\u00e1sik orsz\u00e1gba utazik, \u00e9s Kanad\u00e1n kereszt\u00fcl kell utaznia, az okm\u00e1nyokra vonatkoz\u00f3 k\u00f6vetelm\u00e9nyek sz\u00e1mos t\u00e9nyez\u0151t\u0151l f\u00fcggnek, t\u00f6bbek k\u00f6z\u00f6tt az utaz\u00e1s m\u00f3dj\u00e1t\u00f3l, a tart\u00f3zkod\u00e1s id\u0151tartam\u00e1t\u00f3l, az \u00e1llampolg\u00e1rs\u00e1gt\u00f3l \u00e9s a bev\u00e1ndorl\u00e1si st\u00e1tuszt\u00f3l. Az al\u00e1bbiakban egy \u00e1tfog\u00f3 \u00fatmutat\u00f3 seg\u00edt meghat\u00e1rozni, hogy mire van sz\u00fcks\u00e9ge a z\u00f6kken\u0151mentes kanadai \u00e1tutaz\u00e1shoz. <\/p>\n\n<hr class=\"wp-block-separator has-alpha-channel-opacity\"\/>\n\n<h3 class=\"wp-block-heading\"><strong>A tranzitk\u00f6vetelm\u00e9nyeket meghat\u00e1roz\u00f3 t\u00e9nyez\u0151k<\/strong><\/h3>\n\n<ol class=\"wp-block-list\">\n<li><strong>Utaz\u00e1si m\u00f3d<\/strong>:\n<ul class=\"wp-block-list\">\n<li>Rep\u00fcl\u0151vel (nemzetk\u00f6zi j\u00e1ratok kanadai rep\u00fcl\u0151tereken kereszt\u00fcl).<\/li>\n\n\n\n<li>Aut\u00f3val, busszal, vonattal vagy haj\u00f3val (bele\u00e9rtve a tengerj\u00e1r\u00f3 haj\u00f3kat is).<\/li>\n<\/ul>\n<\/li>\n\n\n\n<li><strong>A tranzit id\u0151tartama<\/strong>:\n<ul class=\"wp-block-list\">\n<li>Kevesebb mint 48 \u00f3ra.<\/li>\n\n\n\n<li>T\u00f6bb mint 48 \u00f3ra.<\/li>\n<\/ul>\n<\/li>\n\n\n\n<li><strong>\u00c1llampolg\u00e1rs\u00e1g \u00e9s bev\u00e1ndorl\u00e1si st\u00e1tusz<\/strong>:\n<ul class=\"wp-block-list\">\n<li>Az \u00d6n \u00fatlevel\u00e9nek orsz\u00e1ga.<\/li>\n\n\n\n<li>F\u00fcggetlen\u00fcl att\u00f3l, hogy \u00d6n amerikai \u00e1llampolg\u00e1r, t\u00f6rv\u00e9nyes \u00e1lland\u00f3 amerikai lakos, vagy \u00e9rv\u00e9nyes amerikai v\u00edzummal rendelkezik.<\/li>\n<\/ul>\n<\/li>\n<\/ol>\n\n<hr class=\"wp-block-separator has-alpha-channel-opacity\"\/>\n\n<h3 class=\"wp-block-heading\"><strong>Dokumentumlehet\u0151s\u00e9gek a Kanad\u00e1n val\u00f3 \u00e1tutaz\u00e1shoz<\/strong><\/h3>\n\n<h4 class=\"wp-block-heading\"><strong>1. L\u00e1togat\u00f3i v\u00edzum<\/strong><\/h4>\n\n<p><strong>L\u00e1togat\u00f3i v\u00edzumra<\/strong> van sz\u00fcks\u00e9ge, ha:<\/p>\n\n<ul class=\"wp-block-list\">\n<li>\u00d6n <strong>v\u00edzumk\u00f6teles orsz\u00e1gb\u00f3l<\/strong> sz\u00e1rmazik, \u00e9s azt tervezi, hogy:\n<ul class=\"wp-block-list\">\n<li>L\u00e1togasson el Kanad\u00e1ba, m\u00e9g ha kevesebb mint 48 \u00f3r\u00e1ra is.<\/li>\n\n\n\n<li><strong>48 \u00f3r\u00e1n\u00e1l<\/strong> hosszabb ideig tart\u00f3zkodik Kanad\u00e1ban az \u00e1tutaz\u00e1s sor\u00e1n.<\/li>\n<\/ul>\n<\/li>\n\n\n\n<li>\u00d6n <strong>busszal, aut\u00f3val, vonattal, haj\u00f3val vagy tengerj\u00e1r\u00f3 haj\u00f3val<\/strong> utazik egy v\u00edzumk\u00f6teles orsz\u00e1gb\u00f3l.<\/li>\n<\/ul>\n\n<p><\/p>\n\n<hr class=\"wp-block-separator has-alpha-channel-opacity\"\/>\n\n<h4 class=\"wp-block-heading\"><strong>2. Tranzitv\u00edzum<\/strong><\/h4>\n\n<p><strong>Tranzitv\u00edzumra<\/strong> van sz\u00fcks\u00e9ge, ha:<\/p>\n\n<ul class=\"wp-block-list\">\n<li>\u00d6n <strong>v\u00edzumk\u00f6teles orsz\u00e1gb\u00f3l<\/strong> sz\u00e1rmazik \u00e9s:\n<ul class=\"wp-block-list\">\n<li>Nemzetk\u00f6zi j\u00e1rata egy kanadai rep\u00fcl\u0151t\u00e9ren \u00e1ll meg \u00fatban egy m\u00e1sik c\u00e9l\u00e1llom\u00e1s fel\u00e9.<\/li>\n\n\n\n<li>\u00d6n k\u00e9t nemzetk\u00f6zi j\u00e1rat k\u00f6z\u00f6tt csatlakozik egy vagy t\u00f6bb kanadai rep\u00fcl\u0151t\u00e9ren.<\/li>\n\n\n\n<li>A tranzit <strong>48 \u00f3r\u00e1n<\/strong> \u00e1t <strong>vagy ann\u00e1l r\u00f6videbb<\/strong> ideig tart.<\/li>\n\n\n\n<li>\u00d6n nem rendelkezik \u00e9rv\u00e9nyes l\u00e1togat\u00f3i v\u00edzummal.<\/li>\n\n\n\n<li>\u00d6n nem jogosult eTA-ra.<\/li>\n<\/ul>\n<\/li>\n<\/ul>\n\n<p><\/p>\n\n<hr class=\"wp-block-separator has-alpha-channel-opacity\"\/>\n\n<h4 class=\"wp-block-heading\"><strong>3. Elektronikus utaz\u00e1si enged\u00e9ly (eTA)<\/strong><\/h4>\n\n<p>\u00d6nnek <strong>eTA-ra<\/strong> van sz\u00fcks\u00e9ge, ha:<\/p>\n\n<ul class=\"wp-block-list\">\n<li>\u00d6n egy <strong>eTA-k\u00f6teles orsz\u00e1gb\u00f3l<\/strong> sz\u00e1rmazik \u00e9s:\n<ul class=\"wp-block-list\">\n<li>Kanad\u00e1n val\u00f3 \u00e1tutaz\u00e1s l\u00e9gi \u00faton.<\/li>\n\n\n\n<li>Az \u00d6n \u00e1tsz\u00e1ll\u00e1sa egy nemzetk\u00f6zi csatlakoz\u00f3 j\u00e1rat r\u00e9sze.<\/li>\n<\/ul>\n<\/li>\n<\/ul>\n\n<p><strong>Kiv\u00e9telek<\/strong>:<\/p>\n\n<ul class=\"wp-block-list\">\n<li>Vonattal, busszal, haj\u00f3val vagy tengerj\u00e1r\u00f3 haj\u00f3val t\u00f6rt\u00e9n\u0151 utaz\u00e1s eset\u00e9n nincs sz\u00fcks\u00e9g eTA-ra, de \u00e9rv\u00e9nyes \u00fati okm\u00e1nyokkal kell rendelkeznie.<\/li>\n<\/ul>\n\n<p><\/p>\n\n<hr class=\"wp-block-separator has-alpha-channel-opacity\"\/>\n\n<h4 class=\"wp-block-heading\"><strong>4. Tranzit v\u00edzum n\u00e9lk\u00fcl<\/strong><\/h4>\n\n<ul class=\"wp-block-list\">\n<li><strong>Amerikai \u00e1llampolg\u00e1rok \u00e9s t\u00f6rv\u00e9nyes \u00e1lland\u00f3 lakosok<\/strong>:<br>Az amerikai \u00e1llampolg\u00e1rok \u00e9s az amerikai z\u00f6ldk\u00e1rty\u00e1val rendelkez\u0151k v\u00edzum n\u00e9lk\u00fcl utazhatnak \u00e1t Kanad\u00e1n rep\u00fcl\u0151vel, aut\u00f3val, busszal, vonattal vagy haj\u00f3val. Biztos\u00edtsa, hogy legyen n\u00e1la: \n<ul class=\"wp-block-list\">\n<li>\u00c9rv\u00e9nyes \u00fatlev\u00e9l vagy \u00fati okm\u00e1ny.<\/li>\n\n\n\n<li>\u00c9rv\u00e9nyes amerikai z\u00f6ldk\u00e1rtya (a t\u00f6rv\u00e9nyesen \u00e1lland\u00f3 lakosok sz\u00e1m\u00e1ra).<\/li>\n<\/ul>\n<\/li>\n\n\n\n<li><strong>Bizonyos orsz\u00e1gok \u00fatlev\u00e9llel rendelkez\u0151 \u00e1llampolg\u00e1rai<\/strong>:<br\/><strong>K\u00edna, Indon\u00e9zia, a F\u00fcl\u00f6p-szigetek, Thaif\u00f6ld<\/strong> vagy <strong>Tajvan<\/strong> \u00e1llampolg\u00e1rai (szem\u00e9lyi azonos\u00edt\u00f3 sz\u00e1m n\u00e9lk\u00fcl) v\u00edzum n\u00e9lk\u00fcl utazhatnak \u00e1t, ha megfelelnek bizonyos felt\u00e9teleknek.<\/li>\n<\/ul>\n\n<p><\/p>\n\n<hr class=\"wp-block-separator has-alpha-channel-opacity\"\/>\n\n<h3 class=\"wp-block-heading\"><strong>A k\u00f6telez\u0151en mag\u00e1val vinni k\u00edv\u00e1nt dokumentumok<\/strong><\/h3>\n\n<p>Kanad\u00e1n val\u00f3 \u00e1tutaz\u00e1skor mindig tartsa k\u00e9szenl\u00e9tben a k\u00f6vetkez\u0151 dokumentumokat:<\/p>\n\n<ul class=\"wp-block-list\">\n<li>A teljes \u00fatra \u00e9rv\u00e9nyes \u00fatlev\u00e9l vagy \u00fati okm\u00e1ny.<\/li>\n\n\n\n<li>\u00c9rv\u00e9nyes v\u00edzum, tranzitv\u00edzum vagy eTA (ha van ilyen).<\/li>\n\n\n\n<li>\u00c1lland\u00f3 amerikai lakosok sz\u00e1m\u00e1ra: \u00c9rv\u00e9nyes z\u00f6ld k\u00e1rtya vagy azzal egyen\u00e9rt\u00e9k\u0171 st\u00e1tuszigazol\u00e1s.<\/li>\n\n\n\n<li>A tov\u00e1bbutaz\u00e1s igazol\u00e1sa, p\u00e9ld\u00e1ul rep\u00fcl\u0151jegyek vagy \u00fatvonalterv.<\/li>\n<\/ul>\n\n<hr class=\"wp-block-separator has-alpha-channel-opacity\"\/>\n\n<h3 class=\"wp-block-heading\"><strong>F\u0151bb megjegyz\u00e9sek<\/strong><\/h3>\n\n<ul class=\"wp-block-list\">\n<li><strong>A tranzit id\u0151tartama<\/strong>: Ha az \u00e1tutaz\u00e1s id\u0151tartama meghaladja a 48 \u00f3r\u00e1t, l\u00e1togat\u00f3i v\u00edzumra lesz sz\u00fcks\u00e9ge.<\/li>\n\n\n\n<li><strong>Beutaz\u00e1si m\u00f3d<\/strong>: l\u00e9gi utaz\u00e1shoz eTA sz\u00fcks\u00e9ges, de sz\u00e1razf\u00f6ldi vagy tengeri utaz\u00e1shoz nem.<\/li>\n\n\n\n<li><strong>El\u0151zetes jelentkez\u00e9s<\/strong>: A k\u00e9sedelmek elker\u00fcl\u00e9se \u00e9rdek\u00e9ben j\u00f3val az utaz\u00e1s id\u0151pontja el\u0151tt ig\u00e9nyelje a sz\u00fcks\u00e9ges dokumentumot.<\/li>\n<\/ul>\n\n<p>A megfelel\u0151 okm\u00e1nyok biztos\u00edt\u00e1s\u00e1val z\u00f6kken\u0151mentesen \u00e1tsz\u00e1llhat Kanad\u00e1n, \u00e9s a v\u00e9gs\u0151 c\u00e9l\u00e1llom\u00e1s el\u00e9r\u00e9s\u00e9re \u00f6sszpontos\u00edthat.<\/p>\n","protected":false},"excerpt":{"rendered":"<p>Ha \u00d6n egy m\u00e1sik orsz\u00e1gba utazik, \u00e9s Kanad\u00e1n kereszt\u00fcl kell utaznia, az okm\u00e1nyokra vonatkoz\u00f3 k\u00f6vetelm\u00e9nyek sz\u00e1mos t\u00e9nyez\u0151t\u0151l f\u00fcggnek, t\u00f6bbek k\u00f6z\u00f6tt [&hellip;]<\/p>\n","protected":false},"author":1,"featured_media":0,"parent":0,"menu_order":0,"comment_status":"closed","ping_status":"closed","template":"","meta":{"_uag_custom_page_level_css":"","site-sidebar-layout":"default","site-content-layout":"","ast-site-content-layout":"","site-content-style":"default","site-sidebar-style":"default","ast-global-header-display":"","ast-banner-title-visibility":"","ast-main-header-display":"","ast-hfb-above-header-display":"","ast-hfb-below-header-display":"","ast-hfb-mobile-header-display":"","site-post-title":"","ast-breadcrumbs-content":"","ast-featured-img":"","footer-sml-layout":"","theme-transparent-header-meta":"","adv-header-id-meta":"","stick-header-meta":"","header-above-stick-meta":"","header-main-stick-meta":"","header-below-stick-meta":"","astra-migrate-meta-layouts":"default","ast-page-background-enabled":"default","ast-page-background-meta":{"desktop":{"background-color":"var(--ast-global-color-4)","background-image":"","background-repeat":"repeat","background-position":"center center","background-size":"auto","background-attachment":"scroll","background-type":"","background-media":"","overlay-type":"","overlay-color":"","overlay-opacity":"","overlay-gradient":""},"tablet":{"background-color":"","background-image":"","background-repeat":"repeat","background-position":"center center","background-size":"auto","background-attachment":"scroll","background-type":"","background-media":"","overlay-type":"","overlay-color":"","overlay-opacity":"","overlay-gradient":""},"mobile":{"background-color":"","background-image":"","background-repeat":"repeat","background-position":"center center","background-size":"auto","background-attachment":"scroll","background-type":"","background-media":"","overlay-type":"","overlay-color":"","overlay-opacity":"","overlay-gradient":""}},"ast-content-background-meta":{"desktop":{"background-color":"var(--ast-global-color-5)","background-image":"","background-repeat":"repeat","background-position":"center center","background-size":"auto","background-attachment":"scroll","background-type":"","background-media":"","overlay-type":"","overlay-color":"","overlay-opacity":"","overlay-gradient":""},"tablet":{"background-color":"var(--ast-global-color-5)","background-image":"","background-repeat":"repeat","background-position":"center center","background-size":"auto","background-attachment":"scroll","background-type":"","background-media":"","overlay-type":"","overlay-color":"","overlay-opacity":"","overlay-gradient":""},"mobile":{"background-color":"var(--ast-global-color-5)","background-image":"","background-repeat":"repeat","background-position":"center center","background-size":"auto","background-attachment":"scroll","background-type":"","background-media":"","overlay-type":"","overlay-color":"","overlay-opacity":"","overlay-gradient":""}},"footnotes":""},"categories":[],"tags":[],"class_list":["post-951","page","type-page","status-publish","hentry"],"uagb_featured_image_src":{"full":false,"thumbnail":false,"medium":false,"medium_large":false,"large":false,"1536x1536":false,"2048x2048":false},"uagb_author_info":{"display_name":"admin","author_link":"https:\/\/www.etafast.org\/hu\/author\/admin\/"},"uagb_comment_info":0,"uagb_excerpt":"Ha \u00d6n egy m\u00e1sik orsz\u00e1gba utazik, \u00e9s Kanad\u00e1n kereszt\u00fcl kell utaznia, az okm\u00e1nyokra vonatkoz\u00f3 k\u00f6vetelm\u00e9nyek sz\u00e1mos t\u00e9nyez\u0151t\u0151l f\u00fcggnek, t\u00f6bbek k\u00f6z\u00f6tt [&hellip;]","_links":{"self":[{"href":"https:\/\/www.etafast.org\/hu\/wp-json\/wp\/v2\/pages\/951","targetHints":{"allow":["GET"]}}],"collection":[{"href":"https:\/\/www.etafast.org\/hu\/wp-json\/wp\/v2\/pages"}],"about":[{"href":"https:\/\/www.etafast.org\/hu\/wp-json\/wp\/v2\/types\/page"}],"author":[{"embeddable":true,"href":"https:\/\/www.etafast.org\/hu\/wp-json\/wp\/v2\/users\/1"}],"replies":[{"embeddable":true,"href":"https:\/\/www.etafast.org\/hu\/wp-json\/wp\/v2\/comments?post=951"}],"version-history":[{"count":1,"href":"https:\/\/www.etafast.org\/hu\/wp-json\/wp\/v2\/pages\/951\/revisions"}],"predecessor-version":[{"id":952,"href":"https:\/\/www.etafast.org\/hu\/wp-json\/wp\/v2\/pages\/951\/revisions\/952"}],"wp:attachment":[{"href":"https:\/\/www.etafast.org\/hu\/wp-json\/wp\/v2\/media?parent=951"}],"wp:term":[{"taxonomy":"category","embeddable":true,"href":"https:\/\/www.etafast.org\/hu\/wp-json\/wp\/v2\/categories?post=951"},{"taxonomy":"post_tag","embeddable":true,"href":"https:\/\/www.etafast.org\/hu\/wp-json\/wp\/v2\/tags?post=951"}],"curies":[{"name":"wp","href":"https:\/\/api.w.org\/{rel}","templated":true}]}}