{"id":563,"date":"2024-12-02T16:08:07","date_gmt":"2024-12-02T15:08:07","guid":{"rendered":"https:\/\/www.etafast.org\/gyik\/"},"modified":"2024-12-11T09:04:03","modified_gmt":"2024-12-11T08:04:03","slug":"gyik","status":"publish","type":"page","link":"https:\/\/www.etafast.org\/hu\/gyik\/","title":{"rendered":"GYIK"},"content":{"rendered":"<style>\n.accordion-content {\n    display: none;\n    padding: 10px;\n    border: 1px solid #ccc;\n    border-top: none;\n}\n\n.accordion-header {\n    cursor: pointer;\n    padding: 10px;\n    border: 1px solid #ccc;\n    margin: 0;\nbackground-color:#fafafa;\nmargin-bottom:10px;\nborder-radius:3px;\npadding-right:50px;\nposition: relative;\nfont-size:110%;\n}\n.accordion-header .qs {\n\n}\n.arrow {\n    position: absolute;\n    right: 10px;\n    top: 10px;\n}\n\n.arrow-up {\n    transform: rotate(180deg);\n}\n<\/style>\n\n\n<script>\njQuery(document).ready(function(){\n    jQuery(\".accordion-header\").click(function() {\n        \/\/ Toggle the arrow direction of the clicked header\n        jQuery(this).children(\".arrow\").toggleClass(\"arrow-up\", !jQuery(this).next().is(\":visible\"));\n        \n        \/\/ Close previously opened content and reset their arrows\n        jQuery(\".accordion-content\").not(jQuery(this).next()).slideUp().prev().children(\".arrow\").removeClass(\"arrow-up\");\n        jQuery(\".accordion-content\").not(jQuery(this).next()).prev().find(\".arrow\").html(\"&#9660;\"); \/\/ Reset other arrows to down\n        \n        jQuery(this).next().slideToggle();\n        if(jQuery(this).next().is(\":visible\")) {\n            jQuery(this).find(\".arrow\").html(\"&#9660;\"); \/\/ Change to up arrow\n        } else {\n            jQuery(this).find(\".arrow\").html(\"&#9650;\"); \/\/ Change back to down arrow\n        }\n    });\n});\n<\/script>\n\n\n<div class=\"accordion\"><h4 class=\"accordion-header\"><span class=\"qs\">Mi az elektronikus utaz\u00e1si enged\u00e9ly (eTA)?<\/span><span class=\"arrow\">&#9660;<\/span><\/h4>\n            <div class=\"accordion-content\">\n            <p>Az elektronikus beutaz\u00e1si enged\u00e9ly (eTA) a Kanad\u00e1ba l\u00e9gi \u00faton utaz\u00f3, v\u00edzummentes k\u00fclf\u00f6ldi \u00e1llampolg\u00e1rok sz\u00e1m\u00e1ra bel\u00e9p\u00e9si k\u00f6vetelm\u00e9ny. Elektronikusan kapcsol\u00f3dik az utaz\u00f3 \u00fatlevel\u00e9hez, \u00e9s legfeljebb \u00f6t \u00e9vig vagy az \u00fatlev\u00e9l lej\u00e1rt\u00e1ig \u00e9rv\u00e9nyes. Az \u00e9rv\u00e9nyes eTA-val \u00d6n olyan gyakran utazhat Kanad\u00e1ba, amilyen gyakran csak akar, r\u00f6vid, \u00e1ltal\u00e1ban legfeljebb hat h\u00f3napos tart\u00f3zkod\u00e1sra. Az eTA azonban nem garant\u00e1lja a Kanad\u00e1ba val\u00f3 bel\u00e9p\u00e9st.<\/p>\n            <\/div><h4 class=\"accordion-header\"><span class=\"qs\">Kinek van sz\u00fcks\u00e9ge eTA-ra Kanad\u00e1ba utaz\u00e1shoz?<\/span><span class=\"arrow\">&#9660;<\/span><\/h4>\n            <div class=\"accordion-content\">\n            <p>A v\u00edzummentes k\u00fclf\u00f6ldi \u00e1llampolg\u00e1roknak eTA-ra van sz\u00fcks\u00e9g\u00fck ahhoz, hogy kanadai rep\u00fcl\u0151t\u00e9rre rep\u00fclhessenek, vagy \u00e1tutazhassanak egy kanadai rep\u00fcl\u0151t\u00e9ren. A v\u00edzumk\u00f6teles orsz\u00e1gok egyes \u00e1llampolg\u00e1rai is ig\u00e9nyelhetnek eTA-t, ha jogosultak r\u00e1. Az Egyes\u00fclt \u00c1llamok \u00e1llampolg\u00e1rai \u00e9s az Egyes\u00fclt \u00c1llamokban jogszer\u0171en \u00e9s \u00e1lland\u00f3 jelleggel tart\u00f3zkod\u00f3 szem\u00e9lyek mentes\u00fclnek az eTA-k\u00f6telezetts\u00e9g al\u00f3l, de megfelel\u0151 szem\u00e9lyazonos\u00edt\u00f3 okm\u00e1nyt, p\u00e9ld\u00e1ul \u00fatlevelet vagy azzal egyen\u00e9rt\u00e9k\u0171 dokumentumokat kell magukn\u00e1l tartaniuk.<\/p>\n            <\/div><h4 class=\"accordion-header\"><span class=\"qs\">Hogyan ig\u00e9nyelhetek eTA-t kanadai utaz\u00e1shoz?<\/span><span class=\"arrow\">&#9660;<\/span><\/h4>\n            <div class=\"accordion-content\">\n            <p>Az eTA-t online ig\u00e9nyelheti. A k\u00e9relem beny\u00fajt\u00e1sa egyszer\u0171, \u00e9s csak \u00fatlev\u00e9l, hitelk\u00e1rtya \u00e9s e-mail c\u00edm sz\u00fcks\u00e9ges hozz\u00e1. A legt\u00f6bb j\u00f3v\u00e1hagy\u00e1st e-mailben, perceken bel\u00fcl ki\u00e1ll\u00edtj\u00e1k, de egyes k\u00e9relmek eset\u00e9ben ez t\u00f6bb napot is ig\u00e9nybe vehet. Egy k\u00e9relem 7 CAD doll\u00e1rba ker\u00fcl. A probl\u00e9m\u00e1k elker\u00fcl\u00e9se \u00e9rdek\u00e9ben gy\u0151z\u0151dj\u00f6n meg arr\u00f3l, hogy \u00fatlev\u00e9lsz\u00e1m\u00e1t helyesen adta meg.<\/p>\n            <\/div><h4 class=\"accordion-header\"><span class=\"qs\">Mit kell magammal vinnem a rep\u00fcl\u0151t\u00e9rre, ha eTA-val utazom Kanad\u00e1ba?<\/span><span class=\"arrow\">&#9660;<\/span><\/h4>\n            <div class=\"accordion-content\">\n            <p>Mag\u00e1val kell hoznia a j\u00f3v\u00e1hagyott eTA-j\u00e1hoz kapcsol\u00f3d\u00f3 \u00fatlevelet. A bejelentkez\u00e9skor a l\u00e9git\u00e1rsas\u00e1g szem\u00e9lyzete beolvassa az \u00fatlevel\u00e9t, hogy meger\u0151s\u00edtse az eTA-t. Ha az \u00fatlev\u00e9l adatai nem egyeznek az eTA-j\u00e1val, nem engedik felsz\u00e1llni a j\u00e1ratra.<\/p>\n            <\/div><h4 class=\"accordion-header\"><span class=\"qs\">Mi t\u00f6rt\u00e9nik, ha rossz \u00fatlev\u00e9lsz\u00e1mot adok meg az eTA-\u0171rlapon?<\/span><span class=\"arrow\">&#9660;<\/span><\/h4>\n            <div class=\"accordion-content\">\n            <p>Ha az eTA-j\u00e1n szerepl\u0151 \u00fatlev\u00e9lsz\u00e1m nem egyezik a t\u00e9nyleges \u00fatlevel\u00e9vel, nem sz\u00e1llhat fel a j\u00e1ratra. Ellen\u0151rizze k\u00e9tszer is az eTA j\u00f3v\u00e1hagy\u00f3 e-mailt, \u00e9s gy\u0151z\u0151dj\u00f6n meg r\u00f3la, hogy a sz\u00e1mok egyeznek. Ha nem egyeznek, \u00faj eTA-t kell k\u00e9rnie.<\/p>\n            <\/div><h4 class=\"accordion-header\"><span class=\"qs\">Mennyibe ker\u00fcl az eTA k\u00e9relmez\u00e9se?<\/span><span class=\"arrow\">&#9660;<\/span><\/h4>\n            <div class=\"accordion-content\">\n            <p>Az eTA k\u00e9relmez\u00e9s\u00e9nek d\u00edja 7 CAD $. Minden egyes k\u00e9relmet k\u00fcl\u00f6n-k\u00fcl\u00f6n dolgoznak fel, \u00e9s a fizet\u00e9st a k\u00e9relmez\u00e9si folyamat sor\u00e1n kell teljes\u00edteni.<\/p>\n            <\/div><h4 class=\"accordion-header\"><span class=\"qs\">Meddig \u00e9rv\u00e9nyes az eTA?<\/span><span class=\"arrow\">&#9660;<\/span><\/h4>\n            <div class=\"accordion-content\">\n            <p>Az eTA legfeljebb \u00f6t \u00e9vig \u00e9rv\u00e9nyes, vagy addig, am\u00edg a k\u00e9relmez\u00e9s\u00e9hez haszn\u00e1lt \u00fatlev\u00e9l le nem j\u00e1r, att\u00f3l f\u00fcgg\u0151en, hogy melyik k\u00f6vetkezik be el\u0151bb. Ha \u00faj \u00fatlevelet kap, \u00faj eTA-t kell ig\u00e9nyelnie.<\/p>\n            <\/div><h4 class=\"accordion-header\"><span class=\"qs\">Utazhatok Kanad\u00e1n bel\u00fcl eTA-val?<\/span><span class=\"arrow\">&#9660;<\/span><\/h4>\n            <div class=\"accordion-content\">\n            <p>Kanad\u00e1n bel\u00fcli belf\u00f6ldi utaz\u00e1shoz nem sz\u00fcks\u00e9ges eTA. Csak a Kanad\u00e1ba l\u00e9gi \u00faton bel\u00e9p\u0151 v\u00edzummentes utaz\u00f3knak van r\u00e1 sz\u00fcks\u00e9g\u00fck.<\/p>\n            <\/div><h4 class=\"accordion-header\"><span class=\"qs\">Mi az \u00e1lland\u00f3 lakos (PR) Kanad\u00e1ban?<\/span><span class=\"arrow\">&#9660;<\/span><\/h4>\n            <div class=\"accordion-content\">\n            <p>Az \u00e1lland\u00f3 lakos olyan szem\u00e9ly, aki Kanad\u00e1ba val\u00f3 bev\u00e1ndorl\u00e1ssal \u00e1lland\u00f3 lakos st\u00e1tuszt kapott, de nem kanadai \u00e1llampolg\u00e1r. A PR-ek jellemz\u0151en m\u00e1s orsz\u00e1gok \u00e1llampolg\u00e1rai vagy hontalan szem\u00e9lyek. Joguk van Kanad\u00e1ban b\u00e1rhol \u00e9lni, dolgozni \u00e9s tanulni, \u00e9s a legt\u00f6bb olyan szoci\u00e1lis juttat\u00e1sban r\u00e9szes\u00fclnek, mint a kanadai \u00e1llampolg\u00e1rok.<\/p>\n            <\/div><h4 class=\"accordion-header\"><span class=\"qs\">Milyen k\u00f6telezetts\u00e9gei vannak egy \u00e1lland\u00f3 kanadai lakosnak?<\/span><span class=\"arrow\">&#9660;<\/span><\/h4>\n            <div class=\"accordion-content\">\n            <p>Az \u00e1lland\u00f3 lakosoknak \u00e9rv\u00e9nyes PR-k\u00e1rty\u00e1t vagy \u00e1lland\u00f3 lakosok \u00fati okm\u00e1ny\u00e1t (PRTD) kell magukn\u00e1l tartaniuk \u00e9s bemutatniuk, ha kereskedelmi l\u00e9git\u00e1rsas\u00e1gokkal utaznak Kanad\u00e1ba. A Kanad\u00e1ba val\u00f3 visszat\u00e9r\u00e9skor biztos\u00edtaniuk kell, hogy a PR-k\u00e1rty\u00e1juk \u00e9rv\u00e9nyes legyen, \u00e9s a jelenlegi k\u00e1rtya lej\u00e1rta el\u0151tt \u00faj k\u00e1rty\u00e1t kell ig\u00e9nyelni\u00fck. A huzamos tart\u00f3zkod\u00e1si enged\u00e9llyel rendelkez\u0151knek ad\u00f3t kell fizetni\u00fck, \u00e9s be kell tartaniuk minden kanadai t\u00f6rv\u00e9nyt sz\u00f6vets\u00e9gi, tartom\u00e1nyi \u00e9s \u00f6nkorm\u00e1nyzati szinten.<\/p>\n            <\/div><h4 class=\"accordion-header\"><span class=\"qs\">Milyen tart\u00f3zkod\u00e1si felt\u00e9telek sz\u00fcks\u00e9gesek az \u00e1lland\u00f3 kanadai tart\u00f3zkod\u00e1si enged\u00e9ly fenntart\u00e1s\u00e1hoz?<\/span><span class=\"arrow\">&#9660;<\/span><\/h4>\n            <div class=\"accordion-content\">\n            <p>A PR-st\u00e1tusz fenntart\u00e1s\u00e1hoz a szem\u00e9lynek az elm\u00falt \u00f6t \u00e9vben legal\u00e1bb 730 napot Kanad\u00e1ban kell tart\u00f3zkodnia. Ezeknek a napoknak nem kell egym\u00e1s ut\u00e1n k\u00f6vetkezni\u00fck. Bizonyos k\u00fclf\u00f6ld\u00f6n t\u00f6lt\u00f6tt id\u0151 bizonyos felt\u00e9telek mellett besz\u00e1m\u00edthat\u00f3 ebbe a k\u00f6vetelm\u00e9nybe, p\u00e9ld\u00e1ul ha kanadai \u00e1llampolg\u00e1r h\u00e1zast\u00e1rs\u00e1t k\u00eds\u00e9ri, vagy ha kanadai v\u00e1llalkoz\u00e1sn\u00e1l dolgozik.<\/p>\n            <\/div><h4 class=\"accordion-header\"><span class=\"qs\">Milyen jogokkal rendelkeznek az \u00e1lland\u00f3 lakosok Kanad\u00e1ban?<\/span><span class=\"arrow\">&#9660;<\/span><\/h4>\n            <div class=\"accordion-content\">\n            <p>Az \u00e1lland\u00f3 lakosok a kanadai \u00e1llampolg\u00e1rokkal azonos szoci\u00e1lis juttat\u00e1sok t\u00f6bbs\u00e9g\u00e9re jogosultak, bele\u00e9rtve az eg\u00e9szs\u00e9g\u00fcgyi ell\u00e1t\u00e1st, valamint azt, hogy Kanad\u00e1ban b\u00e1rhol dolgozhatnak \u00e9s tanulhatnak. A kanadai t\u00f6rv\u00e9nyek \u00e9s a Kanadai Jogok \u00e9s Szabads\u00e1gok Chart\u00e1ja v\u00e9delmet biztos\u00edt sz\u00e1mukra, \u00e9s bizonyos felt\u00e9telek teljes\u00edt\u00e9se ut\u00e1n k\u00e9relmezhetik a kanadai \u00e1llampolg\u00e1rs\u00e1got.<\/p>\n            <\/div><h4 class=\"accordion-header\"><span class=\"qs\">Milyen korl\u00e1toz\u00e1sokkal rendelkeznek az \u00e1lland\u00f3 lakosok Kanad\u00e1ban?<\/span><span class=\"arrow\">&#9660;<\/span><\/h4>\n            <div class=\"accordion-content\">\n            <p>Az \u00e1lland\u00f3 lakosok nem szavazhatnak \u00e9s nem indulhatnak politikai tiszts\u00e9g\u00e9rt, \u00e9s nem jogosultak olyan munkak\u00f6r\u00f6k bet\u00f6lt\u00e9s\u00e9re, amelyek magas szint\u0171 biztons\u00e1gi \u00e1tvil\u00e1g\u00edt\u00e1st ig\u00e9nyelnek.<\/p>\n            <\/div><h4 class=\"accordion-header\"><span class=\"qs\">Mit kell tennem, ha az \u00e1lland\u00f3 tart\u00f3zkod\u00e1si enged\u00e9lyem lej\u00e1r, mik\u00f6zben Kanad\u00e1n k\u00edv\u00fcl tart\u00f3zkodom?<\/span><span class=\"arrow\">&#9660;<\/span><\/h4>\n            <div class=\"accordion-content\">\n            <p>Ha a PR-k\u00e1rty\u00e1ja lej\u00e1r, mik\u00f6zben \u00d6n Kanad\u00e1n k\u00edv\u00fcl tart\u00f3zkodik, akkor \u00e1lland\u00f3 lakos utaz\u00e1si okm\u00e1nyt (PRTD) kell ig\u00e9nyelnie ahhoz, hogy kereskedelmi fuvaroz\u00f3val visszat\u00e9rhessen Kanad\u00e1ba. A bonyodalmak elker\u00fcl\u00e9se \u00e9rdek\u00e9ben c\u00e9lszer\u0171 meggy\u0151z\u0151dnie arr\u00f3l, hogy PR-k\u00e1rty\u00e1ja \u00e9rv\u00e9nyes, miel\u0151tt k\u00fclf\u00f6ldre utazik.<\/p>\n            <\/div><h4 class=\"accordion-header\"><span class=\"qs\">Hogyan ig\u00e9nyelhetek helyettes\u00edt\u0151 \u00e1lland\u00f3 tart\u00f3zkod\u00e1si enged\u00e9lyt, ha az elveszett, ellopt\u00e1k vagy megs\u00e9r\u00fclt?<\/span><span class=\"arrow\">&#9660;<\/span><\/h4>\n            <div class=\"accordion-content\">\n            <p>Az elveszett, ellopott vagy megrong\u00e1l\u00f3dott PR-k\u00e1rtya p\u00f3tl\u00e1s\u00e1hoz a kanadai bev\u00e1ndorl\u00e1si, menek\u00fclt\u00fcgyi \u00e9s \u00e1llampolg\u00e1rs\u00e1gi hivatalon (IRCC) kereszt\u00fcl kell k\u00e9rv\u00e9nyeznie a k\u00e1rty\u00e1t. A k\u00e9relemhez be kell ny\u00fajtani a sz\u00fcks\u00e9ges dokumentumokat \u00e9s be kell fizetni a vonatkoz\u00f3 d\u00edjakat. Fontos, hogy az elveszett vagy ellopott k\u00e1rty\u00e1t be kell jelenteni a vissza\u00e9l\u00e9sek megel\u0151z\u00e9se \u00e9rdek\u00e9ben.<\/p>\n            <\/div><h4 class=\"accordion-header\"><span class=\"qs\">A Kanad\u00e1n k\u00edv\u00fcl t\u00f6lt\u00f6tt id\u0151 besz\u00e1m\u00edthat\u00f3 az \u00e1lland\u00f3 lakosok tart\u00f3zkod\u00e1si k\u00f6vetelm\u00e9ny\u00e9be?<\/span><span class=\"arrow\">&#9660;<\/span><\/h4>\n            <div class=\"accordion-content\">\n            <p>Igen, bizonyos helyzetekben a Kanad\u00e1n k\u00edv\u00fcl t\u00f6lt\u00f6tt id\u0151 besz\u00e1m\u00edthat\u00f3 a 730 napos tart\u00f3zkod\u00e1si k\u00f6telezetts\u00e9gbe. Ide tartozik a kanadai \u00e1llampolg\u00e1rs\u00e1g\u00fa h\u00e1zast\u00e1rs vagy \u00e9lett\u00e1rs k\u00eds\u00e9rete, a kanadai v\u00e1llalkoz\u00e1sn\u00e1l teljes munkaid\u0151ben t\u00f6rt\u00e9n\u0151 foglalkoztat\u00e1s vagy a kanadai korm\u00e1nynak val\u00f3 k\u00fclf\u00f6ldi munkav\u00e9gz\u00e9s.<\/p>\n            <\/div><h4 class=\"accordion-header\"><span class=\"qs\">Hogyan mondhatok le \u00f6nk\u00e9ntesen az \u00e1lland\u00f3 tart\u00f3zkod\u00e1si enged\u00e9lyemr\u0151l?<\/span><span class=\"arrow\">&#9660;<\/span><\/h4>\n            <div class=\"accordion-content\">\n            <p>Ha \u00fagy d\u00f6nt, hogy lemond a PR-st\u00e1tusz\u00e1r\u00f3l, akkor k\u00e9relmet kell beny\u00fajtania a st\u00e1tusz\u00e1r\u00f3l val\u00f3 \u00f6nk\u00e9ntes lemond\u00e1sra. Ezt a d\u00f6nt\u00e9st gyakran akkor hozz\u00e1k meg, ha \u00d6n m\u00e1r nem k\u00edv\u00e1n Kanad\u00e1ban tart\u00f3zkodni, vagy nem k\u00edv\u00e1nja teljes\u00edteni az \u00e1lland\u00f3 lakosk\u00e9nt val\u00f3 tart\u00f3zkod\u00e1ssal j\u00e1r\u00f3 k\u00f6telezetts\u00e9geket.<\/p>\n            <\/div><h4 class=\"accordion-header\"><span class=\"qs\">Az \u00e1lland\u00f3 tart\u00f3zkod\u00e1si enged\u00e9lyem lej\u00e1rta azt jelenti, hogy elvesztettem a st\u00e1tuszomat?<\/span><span class=\"arrow\">&#9660;<\/span><\/h4>\n            <div class=\"accordion-content\">\n            <p>Nem, a PR-k\u00e1rtya lej\u00e1rta nem jelenti azt, hogy \u00d6n elvesz\u00edtette az \u00e1lland\u00f3 tart\u00f3zkod\u00e1si enged\u00e9ly\u00e9t. \u00c9rv\u00e9nyes PR-k\u00e1rtya vagy PRTD n\u00e9lk\u00fcl azonban kih\u00edv\u00e1st jelenthet a kereskedelmi \u00faton t\u00f6rt\u00e9n\u0151 visszat\u00e9r\u00e9s Kanad\u00e1ba. Fontos, hogy a PR-k\u00e1rty\u00e1j\u00e1t m\u00e9g a lej\u00e1rta el\u0151tt meg\u00faj\u00edtsa, hogy meg\u0151rizze st\u00e1tusz\u00e1nak igazol\u00e1s\u00e1t.<\/p>\n            <\/div><h4 class=\"accordion-header\"><span class=\"qs\">Mi az az \u00e1lland\u00f3 lakosok \u00fati okm\u00e1nya (PRTD)?<\/span><span class=\"arrow\">&#9660;<\/span><\/h4>\n            <div class=\"accordion-content\">\n            <p>Az \u00e1lland\u00f3 lakosok \u00fati okm\u00e1nya (PRTD) egy ideiglenes hivatalos okm\u00e1ny, amely lehet\u0151v\u00e9 teszi az \u00e9rv\u00e9nyes \u00e1lland\u00f3 lakc\u00edmk\u00e1rty\u00e1val (PR) nem rendelkez\u0151 kanadai \u00e1lland\u00f3 lakosok sz\u00e1m\u00e1ra, hogy visszat\u00e9rjenek Kanad\u00e1ba. Ez \u00e1ltal\u00e1ban egyszeri bel\u00e9p\u00e9sre \u00e9rv\u00e9nyes, \u00e9s akkor kell haszn\u00e1lni a Kanad\u00e1ba val\u00f3 \u00fajb\u00f3li bel\u00e9p\u00e9shez, ha a PR-k\u00e1rtya nem \u00e1ll rendelkez\u00e9sre. Kanad\u00e1ba visszat\u00e9rve c\u00e9lszer\u0171 halad\u00e9ktalanul \u00faj PR-k\u00e1rty\u00e1t ig\u00e9nyelni.<\/p>\n            <\/div><h4 class=\"accordion-header\"><span class=\"qs\">Kinek kell PRTD-t k\u00e9relmeznie?<\/span><span class=\"arrow\">&#9660;<\/span><\/h4>\n            <div class=\"accordion-content\">\n            <p>Azoknak a kanadai \u00e1lland\u00f3 lakosoknak, akik \u00e9rv\u00e9nyes PR-k\u00e1rtya n\u00e9lk\u00fcl tart\u00f3zkodnak az orsz\u00e1gon k\u00edv\u00fcl, \u00e9s kereskedelmi sz\u00e1ll\u00edt\u00f3eszk\u00f6zzel - p\u00e9ld\u00e1ul rep\u00fcl\u0151vel, haj\u00f3val, vonattal vagy busszal - terveznek visszat\u00e9rni Kanad\u00e1ba, PRTD-t kell ig\u00e9nyelni\u00fck. Ez a dokumentum elengedhetetlen a Kanad\u00e1ba val\u00f3 \u00fajb\u00f3li bel\u00e9p\u00e9shez ilyen k\u00f6r\u00fclm\u00e9nyek k\u00f6z\u00f6tt.<\/p>\n            <\/div><h4 class=\"accordion-header\"><span class=\"qs\">Hogyan ig\u00e9nyelhetek PRTD-t?<\/span><span class=\"arrow\">&#9660;<\/span><\/h4>\n            <div class=\"accordion-content\">\n            <p>A PRTD ig\u00e9nyl\u00e9s\u00e9hez Kanad\u00e1n k\u00edv\u00fcl kell tart\u00f3zkodnia. A k\u00e9relem beny\u00fajt\u00e1s\u00e1hoz ki kell t\u00f6lteni a sz\u00fcks\u00e9ges \u0171rlapokat, be kell ny\u00fajtani a sz\u00fcks\u00e9ges dokumentumokat, \u00e9s be kell fizetni a vonatkoz\u00f3 d\u00edjat. R\u00e9szletes utas\u00edt\u00e1sok \u00e9s \u0171rlapok a kanadai korm\u00e1ny hivatalos honlapj\u00e1n tal\u00e1lhat\u00f3k. A k\u00e9sedelmek elker\u00fcl\u00e9se \u00e9rdek\u00e9ben fontos, hogy minden inform\u00e1ci\u00f3 pontos legyen.<\/p>\n            <\/div><h4 class=\"accordion-header\"><span class=\"qs\">Mennyi a PRTD \u00e9rv\u00e9nyess\u00e9gi ideje?<\/span><span class=\"arrow\">&#9660;<\/span><\/h4>\n            <div class=\"accordion-content\">\n            <p>A PRTD \u00e1ltal\u00e1ban egyszeri bel\u00e9p\u00e9sre \u00e9rv\u00e9nyes Kanad\u00e1ba. Miut\u00e1n \u00fajra beutaz\u00e1sra haszn\u00e1lta, \u00faj PR-k\u00e1rty\u00e1t kell ig\u00e9nyelnie, hogy megk\u00f6nny\u00edtse a j\u00f6v\u0151beni utaz\u00e1st.<\/p>\n            <\/div><h4 class=\"accordion-header\"><span class=\"qs\">Mit tegyek, ha a PR-k\u00e1rty\u00e1m lej\u00e1r, mik\u00f6zben Kanad\u00e1n k\u00edv\u00fcl tart\u00f3zkodom?<\/span><span class=\"arrow\">&#9660;<\/span><\/h4>\n            <div class=\"accordion-content\">\n            <p>Ha PR-k\u00e1rty\u00e1ja k\u00fclf\u00f6ld\u00f6n tart\u00f3zkod\u00e1sa alatt lej\u00e1r, akkor PRTD-t kell k\u00e9rnie ahhoz, hogy kereskedelmi fuvaroz\u00f3val t\u00e9rhessen vissza Kanad\u00e1ba. Kanad\u00e1ba visszat\u00e9rve halad\u00e9ktalanul ig\u00e9nyeljen \u00faj PR-k\u00e1rty\u00e1t, hogy elker\u00fclje a j\u00f6v\u0151beni utaz\u00e1si kellemetlens\u00e9geket.<\/p>\n            <\/div><h4 class=\"accordion-header\"><span class=\"qs\">K\u00e9rv\u00e9nyezhetek PRTD-t Kanad\u00e1n bel\u00fclr\u0151l?<\/span><span class=\"arrow\">&#9660;<\/span><\/h4>\n            <div class=\"accordion-content\">\n            <p>Nem, csak Kanad\u00e1n k\u00edv\u00fclr\u0151l lehet PRTD-t ig\u00e9nyelni. Ha Kanad\u00e1ban tart\u00f3zkodik, \u00e9s PR-k\u00e1rty\u00e1ja lej\u00e1rt vagy hamarosan lej\u00e1r, akkor k\u00f6zvetlen\u00fcl \u00faj PR-k\u00e1rty\u00e1t kell ig\u00e9nyelnie.<\/p>\n            <\/div><h4 class=\"accordion-header\"><span class=\"qs\">Milyen d\u00edjakat kell fizetni a PRTD ig\u00e9nyl\u00e9s\u00e9\u00e9rt?<\/span><span class=\"arrow\">&#9660;<\/span><\/h4>\n            <div class=\"accordion-content\">\n            <p>A PRTD k\u00e9relmez\u00e9s\u00e9nek d\u00edja 50 CAD doll\u00e1r. Ez a d\u00edj a feldolgoz\u00e1s megkezd\u00e9s\u00e9t k\u00f6vet\u0151en nem t\u00e9r\u00edthet\u0151 vissza, ez\u00e9rt a k\u00e9relem beny\u00fajt\u00e1sa el\u0151tt gy\u0151z\u0151dj\u00f6n meg arr\u00f3l, hogy a k\u00e9relem teljes \u00e9s pontos.<\/p>\n            <\/div><h4 class=\"accordion-header\"><span class=\"qs\">Mennyi ideig tart egy PRTD-k\u00e9relem feldolgoz\u00e1sa?<\/span><span class=\"arrow\">&#9660;<\/span><\/h4>\n            <div class=\"accordion-content\">\n            <p>A PRTD-k\u00e9relmek feldolgoz\u00e1si ideje olyan t\u00e9nyez\u0151k f\u00fcggv\u00e9nye, mint a k\u00e9relmek mennyis\u00e9ge \u00e9s az adatok ellen\u0151rz\u00e9s\u00e9nek egyszer\u0171s\u00e9ge. Javasoljuk, hogy az esetleges k\u00e9s\u00e9sek miatt j\u00f3val a tervezett utaz\u00e1si id\u0151pont el\u0151tt ny\u00fajtsa be a k\u00e9relmet.<\/p>\n            <\/div><h4 class=\"accordion-header\"><span class=\"qs\">Mi t\u00f6rt\u00e9nik, ha \u00e9rv\u00e9nyes PR-k\u00e1rtya vagy PRTD n\u00e9lk\u00fcl pr\u00f3b\u00e1lok visszat\u00e9rni Kanad\u00e1ba?<\/span><span class=\"arrow\">&#9660;<\/span><\/h4>\n            <div class=\"accordion-content\">\n            <p>\u00c9rv\u00e9nyes PR-k\u00e1rtya vagy PRTD n\u00e9lk\u00fcl a kereskedelmi l\u00e9git\u00e1rsas\u00e1gok megtagadhatj\u00e1k a besz\u00e1ll\u00e1st, \u00e9s nem t\u00e9rhet vissza Kanad\u00e1ba. A z\u00f6kken\u0151mentes \u00fajb\u00f3li bel\u00e9p\u00e9s \u00e9rdek\u00e9ben elengedhetetlen, hogy a vissza\u00fat sor\u00e1n rendelkezzen valamelyik dokumentummal.<\/p>\n            <\/div><h4 class=\"accordion-header\"><span class=\"qs\">Lemondhatok-e \u00f6nk\u00e9nt az \u00e1lland\u00f3 tart\u00f3zkod\u00e1si enged\u00e9lyemr\u0151l?<\/span><span class=\"arrow\">&#9660;<\/span><\/h4>\n            <div class=\"accordion-content\">\n            <p>Igen, ha \u00d6n fel k\u00edv\u00e1nja adni \u00e1lland\u00f3 lakos st\u00e1tusz\u00e1t, \u00e9s l\u00e1togat\u00f3k\u00e9nt k\u00edv\u00e1n Kanad\u00e1ba bel\u00e9pni, nem kell PRTD-t k\u00e9relmeznie. Ehelyett a megfelel\u0151 csatorn\u00e1kon kereszt\u00fcl kell k\u00e9relmeznie, hogy \u00f6nk\u00e9nt lemondjon az \u00e1lland\u00f3 lakos st\u00e1tusz\u00e1r\u00f3l.<\/p>\n            <\/div><h4 class=\"accordion-header\"><span class=\"qs\">Mi a c\u00e9lja a \"Come to Canada\" eszk\u00f6znek?<\/span><span class=\"arrow\">&#9660;<\/span><\/h4>\n            <div class=\"accordion-content\">\n            <p>A \"Gyere Kanad\u00e1ba\" eszk\u00f6z egy online k\u00e9rd\u0151\u00edv, amelynek c\u00e9lja, hogy seg\u00edtsen az egy\u00e9neknek meghat\u00e1rozni a k\u00fcl\u00f6nb\u00f6z\u0151 kanadai bev\u00e1ndorl\u00e1si programokra val\u00f3 jogosults\u00e1gukat, bele\u00e9rtve a Kanad\u00e1ban val\u00f3 munkav\u00e1llal\u00e1s, tanul\u00e1s, l\u00e1togat\u00e1s, \u00e1tutaz\u00e1s vagy \u00e1lland\u00f3 kanadai tart\u00f3zkod\u00e1s lehet\u0151s\u00e9geit. A szem\u00e9lyes k\u00f6r\u00fclm\u00e9nyekre vonatkoz\u00f3 k\u00e9rd\u00e9sek megv\u00e1laszol\u00e1s\u00e1val a felhaszn\u00e1l\u00f3k t\u00e1j\u00e9koztat\u00e1st kapnak a programokra val\u00f3 jogosults\u00e1gukr\u00f3l \u00e9s \u00fatmutat\u00e1st a k\u00f6vetkez\u0151 l\u00e9p\u00e9sekhez.<\/p>\n            <\/div><h4 class=\"accordion-header\"><span class=\"qs\">Milyen inform\u00e1ci\u00f3kra van sz\u00fcks\u00e9g a \"Come to Canada\" eszk\u00f6z haszn\u00e1lat\u00e1hoz?<\/span><span class=\"arrow\">&#9660;<\/span><\/h4>\n            <div class=\"accordion-content\">\n            <p>Az eszk\u00f6z hat\u00e9kony haszn\u00e1lat\u00e1hoz fel kell k\u00e9sz\u00fclnie arra, hogy megadjon r\u00e9szleteket az \u00e1llampolg\u00e1rs\u00e1g\u00e1r\u00f3l, \u00e9letkor\u00e1r\u00f3l, nyelvtud\u00e1s\u00e1r\u00f3l, csal\u00e1dtagjair\u00f3l, iskolai v\u00e9gzetts\u00e9g\u00e9r\u0151l, munkatapasztalat\u00e1r\u00f3l, j\u00f6vedelm\u00e9r\u0151l \u00e9s nett\u00f3 vagyon\u00e1r\u00f3l, valamint az \u00e1ll\u00e1saj\u00e1nlatokr\u00f3l. A pontos inform\u00e1ci\u00f3k megad\u00e1sa biztos\u00edtja, hogy az eszk\u00f6z pontosan fel tudja m\u00e9rni az \u00d6n jogosults\u00e1g\u00e1t a k\u00fcl\u00f6nb\u00f6z\u0151 bev\u00e1ndorl\u00e1si programokra.<\/p>\n            <\/div><h4 class=\"accordion-header\"><span class=\"qs\">Mennyi ideig tart a \"Gyere Kanad\u00e1ba\" k\u00e9rd\u0151\u00edv kit\u00f6lt\u00e9se?<\/span><span class=\"arrow\">&#9660;<\/span><\/h4>\n            <div class=\"accordion-content\">\n            <p>A k\u00e9rd\u0151\u00edv kit\u00f6lt\u00e9se \u00e1ltal\u00e1ban 10-15 percet vesz ig\u00e9nybe. Fontos, hogy minden k\u00e9rd\u00e9sre pontosan v\u00e1laszoljon, hogy a legrelev\u00e1nsabb inform\u00e1ci\u00f3kat kapja a kanadai bev\u00e1ndorl\u00e1si programokra val\u00f3 jogosults\u00e1g\u00e1r\u00f3l.<\/p>\n            <\/div><h4 class=\"accordion-header\"><span class=\"qs\">Mit tegyek, ha az eszk\u00f6z szerint jogosult vagyok a kanadai bev\u00e1ndorl\u00e1si programra?<\/span><span class=\"arrow\">&#9660;<\/span><\/h4>\n            <div class=\"accordion-content\">\n            <p>Ha az eszk\u00f6z azt jelzi, hogy \u00d6n jogosult egy adott programra, akkor r\u00e9szletes utas\u00edt\u00e1sokat ad a k\u00f6vetkez\u0151 l\u00e9p\u00e9sekr\u0151l, t\u00f6bbek k\u00f6z\u00f6tt arr\u00f3l, hogy hogyan kell jelentkezni, \u00e9s milyen dokumentumokra van sz\u00fcks\u00e9g. Ha gondosan k\u00f6veti ezeket az utas\u00edt\u00e1sokat, az seg\u00edt a z\u00f6kken\u0151mentes jelentkez\u00e9si folyamat biztos\u00edt\u00e1s\u00e1ban.<\/p>\n            <\/div><h4 class=\"accordion-header\"><span class=\"qs\">Jelentkezhetek kanadai bev\u00e1ndorl\u00e1si programokra k\u00f6zvetlen\u00fcl a \"Gyere Kanad\u00e1ba\" eszk\u00f6z\u00f6n kereszt\u00fcl?<\/span><span class=\"arrow\">&#9660;<\/span><\/h4>\n            <div class=\"accordion-content\">\n            <p>Nem, maga az eszk\u00f6z nem seg\u00edti a k\u00f6zvetlen alkalmaz\u00e1sokat. Ehelyett a jogosults\u00e1ga alapj\u00e1n a megfelel\u0151 p\u00e1ly\u00e1zati folyamatokhoz ir\u00e1ny\u00edtja \u00d6nt. A k\u00e9rd\u0151\u00edv kit\u00f6lt\u00e9se ut\u00e1n t\u00e1j\u00e9koztat\u00e1st kap arr\u00f3l, hogy hogyan kell a megfelel\u0151 csatorn\u00e1kon kereszt\u00fcl folytatnia a k\u00e9relm\u00e9t.<\/p>\n            <\/div><h4 class=\"accordion-header\"><span class=\"qs\">A \"Come to Canada\" eszk\u00f6z t\u00f6bb nyelven is el\u00e9rhet\u0151?<\/span><span class=\"arrow\">&#9660;<\/span><\/h4>\n            <div class=\"accordion-content\">\n            <p>Igen, az eszk\u00f6z Kanada hivatalos nyelvein, angolul \u00e9s franci\u00e1ul is el\u00e9rhet\u0151. A k\u00e9rd\u0151\u00edv elej\u00e9n kiv\u00e1laszthatja a k\u00edv\u00e1nt nyelvet.<\/p>\n            <\/div><h4 class=\"accordion-header\"><span class=\"qs\">A \"Gyere Kanad\u00e1ba\" eszk\u00f6z haszn\u00e1lata garant\u00e1lja a kanadai bev\u00e1ndorl\u00e1si programba val\u00f3 felv\u00e9telt?<\/span><span class=\"arrow\">&#9660;<\/span><\/h4>\n            <div class=\"accordion-content\">\n            <p>Nem, az eszk\u00f6z haszn\u00e1lata nem garant\u00e1lja az elfogad\u00e1st. Az eszk\u00f6z \u00fatmutat\u00e1st ny\u00fajt a lehets\u00e9ges jogosults\u00e1gr\u00f3l, de minden k\u00e9relmet a bev\u00e1ndorl\u00e1si tisztvisel\u0151knek a kanadai bev\u00e1ndorl\u00e1si t\u00f6rv\u00e9nyekkel \u00e9s ir\u00e1nyelvekkel \u00f6sszhangban kell megvizsg\u00e1lniuk.<\/p>\n            <\/div><h4 class=\"accordion-header\"><span class=\"qs\">Mit tegyek, ha a \"Come to Canada\" eszk\u00f6z haszn\u00e1lata sor\u00e1n technikai probl\u00e9m\u00e1k mer\u00fclnek fel?<\/span><span class=\"arrow\">&#9660;<\/span><\/h4>\n            <div class=\"accordion-content\">\n            <p>Ha technikai neh\u00e9zs\u00e9geket tapasztal, gy\u0151z\u0151dj\u00f6n meg arr\u00f3l, hogy az internetkapcsolata stabil, \u00e9s kompatibilis b\u00f6ng\u00e9sz\u0151t haszn\u00e1l. Ha a probl\u00e9m\u00e1k tov\u00e1bbra is fenn\u00e1llnak, forduljon a Bev\u00e1ndorl\u00e1si, Menek\u00fclt\u00fcgyi \u00e9s \u00c1llampolg\u00e1rs\u00e1gi Kanadai (IRCC) Seg\u00edts\u00e9gny\u00fajt\u00e1si K\u00f6zponthoz.<\/p>\n            <\/div><h4 class=\"accordion-header\"><span class=\"qs\">A \"Gyere Kanad\u00e1ba\" eszk\u00f6zben megadott inform\u00e1ci\u00f3kat bizalmasan kezelik?<\/span><span class=\"arrow\">&#9660;<\/span><\/h4>\n            <div class=\"accordion-content\">\n            <p>Igen, az \u00d6n \u00e1ltal megadott inform\u00e1ci\u00f3kat kiz\u00e1r\u00f3lag a kanadai bev\u00e1ndorl\u00e1si programokra val\u00f3 jogosults\u00e1g\u00e1nak \u00e9rt\u00e9kel\u00e9s\u00e9re haszn\u00e1ljuk fel, \u00e9s a kanadai adatv\u00e9delmi t\u00f6rv\u00e9nyek v\u00e9delmet biztos\u00edtanak. Fontos, hogy pontos inform\u00e1ci\u00f3kat adjon meg, hogy a legjobb \u00fatmutat\u00e1st kaphassa.<\/p>\n            <\/div><h4 class=\"accordion-header\"><span class=\"qs\">Haszn\u00e1lhatom a \"Gyere Kanad\u00e1ba\" eszk\u00f6zt a kanadai tart\u00f3zkod\u00e1som meghosszabb\u00edt\u00e1s\u00e1ra?<\/span><span class=\"arrow\">&#9660;<\/span><\/h4>\n            <div class=\"accordion-content\">\n            <p>Igen, az eszk\u00f6z seg\u00edthet meghat\u00e1rozni, hogy jogosult-e meghosszabb\u00edtani kanadai tart\u00f3zkod\u00e1s\u00e1t, ak\u00e1r dolgozni, tanulni vagy l\u00e1togat\u00f3ba utazni szeretne. A k\u00e9rd\u0151\u00edv megv\u00e1laszol\u00e1s\u00e1val t\u00e1j\u00e9koztat\u00e1st kaphat a tart\u00f3zkod\u00e1s\u00e1nak meghosszabb\u00edt\u00e1s\u00e1hoz sz\u00fcks\u00e9ges megfelel\u0151 l\u00e9p\u00e9sekr\u0151l.<\/p>\n            <\/div><\/div><script type=\"application\/ld+json\">\n    {\n      \"@context\": \"https:\/\/schema.org\",\n      \"@type\": \"FAQPage\",\n      \"mainEntity\": [{\n        \"@type\": \"Question\",\n        \"name\": \"Mi az elektronikus utaz\u00e1si enged\u00e9ly (eTA)?\",\n        \"acceptedAnswer\": {\n          \"@type\": \"Answer\",\n          \"text\": \"Az elektronikus beutaz\u00e1si enged\u00e9ly (eTA) a Kanad\u00e1ba l\u00e9gi \u00faton utaz\u00f3, v\u00edzummentes k\u00fclf\u00f6ldi \u00e1llampolg\u00e1rok sz\u00e1m\u00e1ra bel\u00e9p\u00e9si k\u00f6vetelm\u00e9ny. Elektronikusan kapcsol\u00f3dik az utaz\u00f3 \u00fatlevel\u00e9hez, \u00e9s legfeljebb \u00f6t \u00e9vig vagy az \u00fatlev\u00e9l lej\u00e1rt\u00e1ig \u00e9rv\u00e9nyes. Az \u00e9rv\u00e9nyes eTA-val \u00d6n olyan gyakran utazhat Kanad\u00e1ba, amilyen gyakran csak akar, r\u00f6vid, \u00e1ltal\u00e1ban legfeljebb hat h\u00f3napos tart\u00f3zkod\u00e1sra. Az eTA azonban nem garant\u00e1lja a Kanad\u00e1ba val\u00f3 bel\u00e9p\u00e9st.\"\n        }\n      },{\n        \"@type\": \"Question\",\n        \"name\": \"Kinek van sz\u00fcks\u00e9ge eTA-ra Kanad\u00e1ba utaz\u00e1shoz?\",\n        \"acceptedAnswer\": {\n          \"@type\": \"Answer\",\n          \"text\": \"A v\u00edzummentes k\u00fclf\u00f6ldi \u00e1llampolg\u00e1roknak eTA-ra van sz\u00fcks\u00e9g\u00fck ahhoz, hogy kanadai rep\u00fcl\u0151t\u00e9rre rep\u00fclhessenek, vagy \u00e1tutazhassanak egy kanadai rep\u00fcl\u0151t\u00e9ren. A v\u00edzumk\u00f6teles orsz\u00e1gok egyes \u00e1llampolg\u00e1rai is ig\u00e9nyelhetnek eTA-t, ha jogosultak r\u00e1. Az Egyes\u00fclt \u00c1llamok \u00e1llampolg\u00e1rai \u00e9s az Egyes\u00fclt \u00c1llamokban jogszer\u0171en \u00e9s \u00e1lland\u00f3 jelleggel tart\u00f3zkod\u00f3 szem\u00e9lyek mentes\u00fclnek az eTA-k\u00f6telezetts\u00e9g al\u00f3l, de megfelel\u0151 szem\u00e9lyazonos\u00edt\u00f3 okm\u00e1nyt, p\u00e9ld\u00e1ul \u00fatlevelet vagy azzal egyen\u00e9rt\u00e9k\u0171 dokumentumokat kell magukn\u00e1l tartaniuk.\"\n        }\n      },{\n        \"@type\": \"Question\",\n        \"name\": \"Hogyan ig\u00e9nyelhetek eTA-t kanadai utaz\u00e1shoz?\",\n        \"acceptedAnswer\": {\n          \"@type\": \"Answer\",\n          \"text\": \"Az eTA-t online ig\u00e9nyelheti. A k\u00e9relem beny\u00fajt\u00e1sa egyszer\u0171, \u00e9s csak \u00fatlev\u00e9l, hitelk\u00e1rtya \u00e9s e-mail c\u00edm sz\u00fcks\u00e9ges hozz\u00e1. A legt\u00f6bb j\u00f3v\u00e1hagy\u00e1st e-mailben, perceken bel\u00fcl ki\u00e1ll\u00edtj\u00e1k, de egyes k\u00e9relmek eset\u00e9ben ez t\u00f6bb napot is ig\u00e9nybe vehet. Egy k\u00e9relem 7 CAD doll\u00e1rba ker\u00fcl. A probl\u00e9m\u00e1k elker\u00fcl\u00e9se \u00e9rdek\u00e9ben gy\u0151z\u0151dj\u00f6n meg arr\u00f3l, hogy \u00fatlev\u00e9lsz\u00e1m\u00e1t helyesen adta meg.\"\n        }\n      },{\n        \"@type\": \"Question\",\n        \"name\": \"Mit kell magammal vinnem a rep\u00fcl\u0151t\u00e9rre, ha eTA-val utazom Kanad\u00e1ba?\",\n        \"acceptedAnswer\": {\n          \"@type\": \"Answer\",\n          \"text\": \"Mag\u00e1val kell hoznia a j\u00f3v\u00e1hagyott eTA-j\u00e1hoz kapcsol\u00f3d\u00f3 \u00fatlevelet. A bejelentkez\u00e9skor a l\u00e9git\u00e1rsas\u00e1g szem\u00e9lyzete beolvassa az \u00fatlevel\u00e9t, hogy meger\u0151s\u00edtse az eTA-t. Ha az \u00fatlev\u00e9l adatai nem egyeznek az eTA-j\u00e1val, nem engedik felsz\u00e1llni a j\u00e1ratra.\"\n        }\n      },{\n        \"@type\": \"Question\",\n        \"name\": \"Mi t\u00f6rt\u00e9nik, ha rossz \u00fatlev\u00e9lsz\u00e1mot adok meg az eTA-\u0171rlapon?\",\n        \"acceptedAnswer\": {\n          \"@type\": \"Answer\",\n          \"text\": \"Ha az eTA-j\u00e1n szerepl\u0151 \u00fatlev\u00e9lsz\u00e1m nem egyezik a t\u00e9nyleges \u00fatlevel\u00e9vel, nem sz\u00e1llhat fel a j\u00e1ratra. Ellen\u0151rizze k\u00e9tszer is az eTA j\u00f3v\u00e1hagy\u00f3 e-mailt, \u00e9s gy\u0151z\u0151dj\u00f6n meg r\u00f3la, hogy a sz\u00e1mok egyeznek. Ha nem egyeznek, \u00faj eTA-t kell k\u00e9rnie.\"\n        }\n      },{\n        \"@type\": \"Question\",\n        \"name\": \"Mennyibe ker\u00fcl az eTA k\u00e9relmez\u00e9se?\",\n        \"acceptedAnswer\": {\n          \"@type\": \"Answer\",\n          \"text\": \"Az eTA k\u00e9relmez\u00e9s\u00e9nek d\u00edja 7 CAD $. Minden egyes k\u00e9relmet k\u00fcl\u00f6n-k\u00fcl\u00f6n dolgoznak fel, \u00e9s a fizet\u00e9st a k\u00e9relmez\u00e9si folyamat sor\u00e1n kell teljes\u00edteni.\"\n        }\n      },{\n        \"@type\": \"Question\",\n        \"name\": \"Meddig \u00e9rv\u00e9nyes az eTA?\",\n        \"acceptedAnswer\": {\n          \"@type\": \"Answer\",\n          \"text\": \"Az eTA legfeljebb \u00f6t \u00e9vig \u00e9rv\u00e9nyes, vagy addig, am\u00edg a k\u00e9relmez\u00e9s\u00e9hez haszn\u00e1lt \u00fatlev\u00e9l le nem j\u00e1r, att\u00f3l f\u00fcgg\u0151en, hogy melyik k\u00f6vetkezik be el\u0151bb. Ha \u00faj \u00fatlevelet kap, \u00faj eTA-t kell ig\u00e9nyelnie.\"\n        }\n      },{\n        \"@type\": \"Question\",\n        \"name\": \"Utazhatok Kanad\u00e1n bel\u00fcl eTA-val?\",\n        \"acceptedAnswer\": {\n          \"@type\": \"Answer\",\n          \"text\": \"Kanad\u00e1n bel\u00fcli belf\u00f6ldi utaz\u00e1shoz nem sz\u00fcks\u00e9ges eTA. Csak a Kanad\u00e1ba l\u00e9gi \u00faton bel\u00e9p\u0151 v\u00edzummentes utaz\u00f3knak van r\u00e1 sz\u00fcks\u00e9g\u00fck.\"\n        }\n      },{\n        \"@type\": \"Question\",\n        \"name\": \"Mi az \u00e1lland\u00f3 lakos (PR) Kanad\u00e1ban?\",\n        \"acceptedAnswer\": {\n          \"@type\": \"Answer\",\n          \"text\": \"Az \u00e1lland\u00f3 lakos olyan szem\u00e9ly, aki Kanad\u00e1ba val\u00f3 bev\u00e1ndorl\u00e1ssal \u00e1lland\u00f3 lakos st\u00e1tuszt kapott, de nem kanadai \u00e1llampolg\u00e1r. A PR-ek jellemz\u0151en m\u00e1s orsz\u00e1gok \u00e1llampolg\u00e1rai vagy hontalan szem\u00e9lyek. Joguk van Kanad\u00e1ban b\u00e1rhol \u00e9lni, dolgozni \u00e9s tanulni, \u00e9s a legt\u00f6bb olyan szoci\u00e1lis juttat\u00e1sban r\u00e9szes\u00fclnek, mint a kanadai \u00e1llampolg\u00e1rok.\"\n        }\n      },{\n        \"@type\": \"Question\",\n        \"name\": \"Milyen k\u00f6telezetts\u00e9gei vannak egy \u00e1lland\u00f3 kanadai lakosnak?\",\n        \"acceptedAnswer\": {\n          \"@type\": \"Answer\",\n          \"text\": \"Az \u00e1lland\u00f3 lakosoknak \u00e9rv\u00e9nyes PR-k\u00e1rty\u00e1t vagy \u00e1lland\u00f3 lakosok \u00fati okm\u00e1ny\u00e1t (PRTD) kell magukn\u00e1l tartaniuk \u00e9s bemutatniuk, ha kereskedelmi l\u00e9git\u00e1rsas\u00e1gokkal utaznak Kanad\u00e1ba. A Kanad\u00e1ba val\u00f3 visszat\u00e9r\u00e9skor biztos\u00edtaniuk kell, hogy a PR-k\u00e1rty\u00e1juk \u00e9rv\u00e9nyes legyen, \u00e9s a jelenlegi k\u00e1rtya lej\u00e1rta el\u0151tt \u00faj k\u00e1rty\u00e1t kell ig\u00e9nyelni\u00fck. A huzamos tart\u00f3zkod\u00e1si enged\u00e9llyel rendelkez\u0151knek ad\u00f3t kell fizetni\u00fck, \u00e9s be kell tartaniuk minden kanadai t\u00f6rv\u00e9nyt sz\u00f6vets\u00e9gi, tartom\u00e1nyi \u00e9s \u00f6nkorm\u00e1nyzati szinten.\"\n        }\n      },{\n        \"@type\": \"Question\",\n        \"name\": \"Milyen tart\u00f3zkod\u00e1si felt\u00e9telek sz\u00fcks\u00e9gesek az \u00e1lland\u00f3 kanadai tart\u00f3zkod\u00e1si enged\u00e9ly fenntart\u00e1s\u00e1hoz?\",\n        \"acceptedAnswer\": {\n          \"@type\": \"Answer\",\n          \"text\": \"A PR-st\u00e1tusz fenntart\u00e1s\u00e1hoz a szem\u00e9lynek az elm\u00falt \u00f6t \u00e9vben legal\u00e1bb 730 napot Kanad\u00e1ban kell tart\u00f3zkodnia. Ezeknek a napoknak nem kell egym\u00e1s ut\u00e1n k\u00f6vetkezni\u00fck. Bizonyos k\u00fclf\u00f6ld\u00f6n t\u00f6lt\u00f6tt id\u0151 bizonyos felt\u00e9telek mellett besz\u00e1m\u00edthat\u00f3 ebbe a k\u00f6vetelm\u00e9nybe, p\u00e9ld\u00e1ul ha kanadai \u00e1llampolg\u00e1r h\u00e1zast\u00e1rs\u00e1t k\u00eds\u00e9ri, vagy ha kanadai v\u00e1llalkoz\u00e1sn\u00e1l dolgozik.\"\n        }\n      },{\n        \"@type\": \"Question\",\n        \"name\": \"Milyen jogokkal rendelkeznek az \u00e1lland\u00f3 lakosok Kanad\u00e1ban?\",\n        \"acceptedAnswer\": {\n          \"@type\": \"Answer\",\n          \"text\": \"Az \u00e1lland\u00f3 lakosok a kanadai \u00e1llampolg\u00e1rokkal azonos szoci\u00e1lis juttat\u00e1sok t\u00f6bbs\u00e9g\u00e9re jogosultak, bele\u00e9rtve az eg\u00e9szs\u00e9g\u00fcgyi ell\u00e1t\u00e1st, valamint azt, hogy Kanad\u00e1ban b\u00e1rhol dolgozhatnak \u00e9s tanulhatnak. A kanadai t\u00f6rv\u00e9nyek \u00e9s a Kanadai Jogok \u00e9s Szabads\u00e1gok Chart\u00e1ja v\u00e9delmet biztos\u00edt sz\u00e1mukra, \u00e9s bizonyos felt\u00e9telek teljes\u00edt\u00e9se ut\u00e1n k\u00e9relmezhetik a kanadai \u00e1llampolg\u00e1rs\u00e1got.\"\n        }\n      },{\n        \"@type\": \"Question\",\n        \"name\": \"Milyen korl\u00e1toz\u00e1sokkal rendelkeznek az \u00e1lland\u00f3 lakosok Kanad\u00e1ban?\",\n        \"acceptedAnswer\": {\n          \"@type\": \"Answer\",\n          \"text\": \"Az \u00e1lland\u00f3 lakosok nem szavazhatnak \u00e9s nem indulhatnak politikai tiszts\u00e9g\u00e9rt, \u00e9s nem jogosultak olyan munkak\u00f6r\u00f6k bet\u00f6lt\u00e9s\u00e9re, amelyek magas szint\u0171 biztons\u00e1gi \u00e1tvil\u00e1g\u00edt\u00e1st ig\u00e9nyelnek.\"\n        }\n      },{\n        \"@type\": \"Question\",\n        \"name\": \"Mit kell tennem, ha az \u00e1lland\u00f3 tart\u00f3zkod\u00e1si enged\u00e9lyem lej\u00e1r, mik\u00f6zben Kanad\u00e1n k\u00edv\u00fcl tart\u00f3zkodom?\",\n        \"acceptedAnswer\": {\n          \"@type\": \"Answer\",\n          \"text\": \"Ha a PR-k\u00e1rty\u00e1ja lej\u00e1r, mik\u00f6zben \u00d6n Kanad\u00e1n k\u00edv\u00fcl tart\u00f3zkodik, akkor \u00e1lland\u00f3 lakos utaz\u00e1si okm\u00e1nyt (PRTD) kell ig\u00e9nyelnie ahhoz, hogy kereskedelmi fuvaroz\u00f3val visszat\u00e9rhessen Kanad\u00e1ba. A bonyodalmak elker\u00fcl\u00e9se \u00e9rdek\u00e9ben c\u00e9lszer\u0171 meggy\u0151z\u0151dnie arr\u00f3l, hogy PR-k\u00e1rty\u00e1ja \u00e9rv\u00e9nyes, miel\u0151tt k\u00fclf\u00f6ldre utazik.\"\n        }\n      },{\n        \"@type\": \"Question\",\n        \"name\": \"Hogyan ig\u00e9nyelhetek helyettes\u00edt\u0151 \u00e1lland\u00f3 tart\u00f3zkod\u00e1si enged\u00e9lyt, ha az elveszett, ellopt\u00e1k vagy megs\u00e9r\u00fclt?\",\n        \"acceptedAnswer\": {\n          \"@type\": \"Answer\",\n          \"text\": \"Az elveszett, ellopott vagy megrong\u00e1l\u00f3dott PR-k\u00e1rtya p\u00f3tl\u00e1s\u00e1hoz a kanadai bev\u00e1ndorl\u00e1si, menek\u00fclt\u00fcgyi \u00e9s \u00e1llampolg\u00e1rs\u00e1gi hivatalon (IRCC) kereszt\u00fcl kell k\u00e9rv\u00e9nyeznie a k\u00e1rty\u00e1t. A k\u00e9relemhez be kell ny\u00fajtani a sz\u00fcks\u00e9ges dokumentumokat \u00e9s be kell fizetni a vonatkoz\u00f3 d\u00edjakat. Fontos, hogy az elveszett vagy ellopott k\u00e1rty\u00e1t be kell jelenteni a vissza\u00e9l\u00e9sek megel\u0151z\u00e9se \u00e9rdek\u00e9ben.\"\n        }\n      },{\n        \"@type\": \"Question\",\n        \"name\": \"A Kanad\u00e1n k\u00edv\u00fcl t\u00f6lt\u00f6tt id\u0151 besz\u00e1m\u00edthat\u00f3 az \u00e1lland\u00f3 lakosok tart\u00f3zkod\u00e1si k\u00f6vetelm\u00e9ny\u00e9be?\",\n        \"acceptedAnswer\": {\n          \"@type\": \"Answer\",\n          \"text\": \"Igen, bizonyos helyzetekben a Kanad\u00e1n k\u00edv\u00fcl t\u00f6lt\u00f6tt id\u0151 besz\u00e1m\u00edthat\u00f3 a 730 napos tart\u00f3zkod\u00e1si k\u00f6telezetts\u00e9gbe. Ide tartozik a kanadai \u00e1llampolg\u00e1rs\u00e1g\u00fa h\u00e1zast\u00e1rs vagy \u00e9lett\u00e1rs k\u00eds\u00e9rete, a kanadai v\u00e1llalkoz\u00e1sn\u00e1l teljes munkaid\u0151ben t\u00f6rt\u00e9n\u0151 foglalkoztat\u00e1s vagy a kanadai korm\u00e1nynak val\u00f3 k\u00fclf\u00f6ldi munkav\u00e9gz\u00e9s.\"\n        }\n      },{\n        \"@type\": \"Question\",\n        \"name\": \"Hogyan mondhatok le \u00f6nk\u00e9ntesen az \u00e1lland\u00f3 tart\u00f3zkod\u00e1si enged\u00e9lyemr\u0151l?\",\n        \"acceptedAnswer\": {\n          \"@type\": \"Answer\",\n          \"text\": \"Ha \u00fagy d\u00f6nt, hogy lemond a PR-st\u00e1tusz\u00e1r\u00f3l, akkor k\u00e9relmet kell beny\u00fajtania a st\u00e1tusz\u00e1r\u00f3l val\u00f3 \u00f6nk\u00e9ntes lemond\u00e1sra. Ezt a d\u00f6nt\u00e9st gyakran akkor hozz\u00e1k meg, ha \u00d6n m\u00e1r nem k\u00edv\u00e1n Kanad\u00e1ban tart\u00f3zkodni, vagy nem k\u00edv\u00e1nja teljes\u00edteni az \u00e1lland\u00f3 lakosk\u00e9nt val\u00f3 tart\u00f3zkod\u00e1ssal j\u00e1r\u00f3 k\u00f6telezetts\u00e9geket.\"\n        }\n      },{\n        \"@type\": \"Question\",\n        \"name\": \"Az \u00e1lland\u00f3 tart\u00f3zkod\u00e1si enged\u00e9lyem lej\u00e1rta azt jelenti, hogy elvesztettem a st\u00e1tuszomat?\",\n        \"acceptedAnswer\": {\n          \"@type\": \"Answer\",\n          \"text\": \"Nem, a PR-k\u00e1rtya lej\u00e1rta nem jelenti azt, hogy \u00d6n elvesz\u00edtette az \u00e1lland\u00f3 tart\u00f3zkod\u00e1si enged\u00e9ly\u00e9t. \u00c9rv\u00e9nyes PR-k\u00e1rtya vagy PRTD n\u00e9lk\u00fcl azonban kih\u00edv\u00e1st jelenthet a kereskedelmi \u00faton t\u00f6rt\u00e9n\u0151 visszat\u00e9r\u00e9s Kanad\u00e1ba. Fontos, hogy a PR-k\u00e1rty\u00e1j\u00e1t m\u00e9g a lej\u00e1rta el\u0151tt meg\u00faj\u00edtsa, hogy meg\u0151rizze st\u00e1tusz\u00e1nak igazol\u00e1s\u00e1t.\"\n        }\n      },{\n        \"@type\": \"Question\",\n        \"name\": \"Mi az az \u00e1lland\u00f3 lakosok \u00fati okm\u00e1nya (PRTD)?\",\n        \"acceptedAnswer\": {\n          \"@type\": \"Answer\",\n          \"text\": \"Az \u00e1lland\u00f3 lakosok \u00fati okm\u00e1nya (PRTD) egy ideiglenes hivatalos okm\u00e1ny, amely lehet\u0151v\u00e9 teszi az \u00e9rv\u00e9nyes \u00e1lland\u00f3 lakc\u00edmk\u00e1rty\u00e1val (PR) nem rendelkez\u0151 kanadai \u00e1lland\u00f3 lakosok sz\u00e1m\u00e1ra, hogy visszat\u00e9rjenek Kanad\u00e1ba. Ez \u00e1ltal\u00e1ban egyszeri bel\u00e9p\u00e9sre \u00e9rv\u00e9nyes, \u00e9s akkor kell haszn\u00e1lni a Kanad\u00e1ba val\u00f3 \u00fajb\u00f3li bel\u00e9p\u00e9shez, ha a PR-k\u00e1rtya nem \u00e1ll rendelkez\u00e9sre. Kanad\u00e1ba visszat\u00e9rve c\u00e9lszer\u0171 halad\u00e9ktalanul \u00faj PR-k\u00e1rty\u00e1t ig\u00e9nyelni.\"\n        }\n      },{\n        \"@type\": \"Question\",\n        \"name\": \"Kinek kell PRTD-t k\u00e9relmeznie?\",\n        \"acceptedAnswer\": {\n          \"@type\": \"Answer\",\n          \"text\": \"Azoknak a kanadai \u00e1lland\u00f3 lakosoknak, akik \u00e9rv\u00e9nyes PR-k\u00e1rtya n\u00e9lk\u00fcl tart\u00f3zkodnak az orsz\u00e1gon k\u00edv\u00fcl, \u00e9s kereskedelmi sz\u00e1ll\u00edt\u00f3eszk\u00f6zzel - p\u00e9ld\u00e1ul rep\u00fcl\u0151vel, haj\u00f3val, vonattal vagy busszal - terveznek visszat\u00e9rni Kanad\u00e1ba, PRTD-t kell ig\u00e9nyelni\u00fck. Ez a dokumentum elengedhetetlen a Kanad\u00e1ba val\u00f3 \u00fajb\u00f3li bel\u00e9p\u00e9shez ilyen k\u00f6r\u00fclm\u00e9nyek k\u00f6z\u00f6tt.\"\n        }\n      },{\n        \"@type\": \"Question\",\n        \"name\": \"Hogyan ig\u00e9nyelhetek PRTD-t?\",\n        \"acceptedAnswer\": {\n          \"@type\": \"Answer\",\n          \"text\": \"A PRTD ig\u00e9nyl\u00e9s\u00e9hez Kanad\u00e1n k\u00edv\u00fcl kell tart\u00f3zkodnia. A k\u00e9relem beny\u00fajt\u00e1s\u00e1hoz ki kell t\u00f6lteni a sz\u00fcks\u00e9ges \u0171rlapokat, be kell ny\u00fajtani a sz\u00fcks\u00e9ges dokumentumokat, \u00e9s be kell fizetni a vonatkoz\u00f3 d\u00edjat. R\u00e9szletes utas\u00edt\u00e1sok \u00e9s \u0171rlapok a kanadai korm\u00e1ny hivatalos honlapj\u00e1n tal\u00e1lhat\u00f3k. A k\u00e9sedelmek elker\u00fcl\u00e9se \u00e9rdek\u00e9ben fontos, hogy minden inform\u00e1ci\u00f3 pontos legyen.\"\n        }\n      },{\n        \"@type\": \"Question\",\n        \"name\": \"Mennyi a PRTD \u00e9rv\u00e9nyess\u00e9gi ideje?\",\n        \"acceptedAnswer\": {\n          \"@type\": \"Answer\",\n          \"text\": \"A PRTD \u00e1ltal\u00e1ban egyszeri bel\u00e9p\u00e9sre \u00e9rv\u00e9nyes Kanad\u00e1ba. Miut\u00e1n \u00fajra beutaz\u00e1sra haszn\u00e1lta, \u00faj PR-k\u00e1rty\u00e1t kell ig\u00e9nyelnie, hogy megk\u00f6nny\u00edtse a j\u00f6v\u0151beni utaz\u00e1st.\"\n        }\n      },{\n        \"@type\": \"Question\",\n        \"name\": \"Mit tegyek, ha a PR-k\u00e1rty\u00e1m lej\u00e1r, mik\u00f6zben Kanad\u00e1n k\u00edv\u00fcl tart\u00f3zkodom?\",\n        \"acceptedAnswer\": {\n          \"@type\": \"Answer\",\n          \"text\": \"Ha PR-k\u00e1rty\u00e1ja k\u00fclf\u00f6ld\u00f6n tart\u00f3zkod\u00e1sa alatt lej\u00e1r, akkor PRTD-t kell k\u00e9rnie ahhoz, hogy kereskedelmi fuvaroz\u00f3val t\u00e9rhessen vissza Kanad\u00e1ba. Kanad\u00e1ba visszat\u00e9rve halad\u00e9ktalanul ig\u00e9nyeljen \u00faj PR-k\u00e1rty\u00e1t, hogy elker\u00fclje a j\u00f6v\u0151beni utaz\u00e1si kellemetlens\u00e9geket.\"\n        }\n      },{\n        \"@type\": \"Question\",\n        \"name\": \"K\u00e9rv\u00e9nyezhetek PRTD-t Kanad\u00e1n bel\u00fclr\u0151l?\",\n        \"acceptedAnswer\": {\n          \"@type\": \"Answer\",\n          \"text\": \"Nem, csak Kanad\u00e1n k\u00edv\u00fclr\u0151l lehet PRTD-t ig\u00e9nyelni. Ha Kanad\u00e1ban tart\u00f3zkodik, \u00e9s PR-k\u00e1rty\u00e1ja lej\u00e1rt vagy hamarosan lej\u00e1r, akkor k\u00f6zvetlen\u00fcl \u00faj PR-k\u00e1rty\u00e1t kell ig\u00e9nyelnie.\"\n        }\n      },{\n        \"@type\": \"Question\",\n        \"name\": \"Milyen d\u00edjakat kell fizetni a PRTD ig\u00e9nyl\u00e9s\u00e9\u00e9rt?\",\n        \"acceptedAnswer\": {\n          \"@type\": \"Answer\",\n          \"text\": \"A PRTD k\u00e9relmez\u00e9s\u00e9nek d\u00edja 50 CAD doll\u00e1r. Ez a d\u00edj a feldolgoz\u00e1s megkezd\u00e9s\u00e9t k\u00f6vet\u0151en nem t\u00e9r\u00edthet\u0151 vissza, ez\u00e9rt a k\u00e9relem beny\u00fajt\u00e1sa el\u0151tt gy\u0151z\u0151dj\u00f6n meg arr\u00f3l, hogy a k\u00e9relem teljes \u00e9s pontos.\"\n        }\n      },{\n        \"@type\": \"Question\",\n        \"name\": \"Mennyi ideig tart egy PRTD-k\u00e9relem feldolgoz\u00e1sa?\",\n        \"acceptedAnswer\": {\n          \"@type\": \"Answer\",\n          \"text\": \"A PRTD-k\u00e9relmek feldolgoz\u00e1si ideje olyan t\u00e9nyez\u0151k f\u00fcggv\u00e9nye, mint a k\u00e9relmek mennyis\u00e9ge \u00e9s az adatok ellen\u0151rz\u00e9s\u00e9nek egyszer\u0171s\u00e9ge. Javasoljuk, hogy az esetleges k\u00e9s\u00e9sek miatt j\u00f3val a tervezett utaz\u00e1si id\u0151pont el\u0151tt ny\u00fajtsa be a k\u00e9relmet.\"\n        }\n      },{\n        \"@type\": \"Question\",\n        \"name\": \"Mi t\u00f6rt\u00e9nik, ha \u00e9rv\u00e9nyes PR-k\u00e1rtya vagy PRTD n\u00e9lk\u00fcl pr\u00f3b\u00e1lok visszat\u00e9rni Kanad\u00e1ba?\",\n        \"acceptedAnswer\": {\n          \"@type\": \"Answer\",\n          \"text\": \"\u00c9rv\u00e9nyes PR-k\u00e1rtya vagy PRTD n\u00e9lk\u00fcl a kereskedelmi l\u00e9git\u00e1rsas\u00e1gok megtagadhatj\u00e1k a besz\u00e1ll\u00e1st, \u00e9s nem t\u00e9rhet vissza Kanad\u00e1ba. A z\u00f6kken\u0151mentes \u00fajb\u00f3li bel\u00e9p\u00e9s \u00e9rdek\u00e9ben elengedhetetlen, hogy a vissza\u00fat sor\u00e1n rendelkezzen valamelyik dokumentummal.\"\n        }\n      },{\n        \"@type\": \"Question\",\n        \"name\": \"Lemondhatok-e \u00f6nk\u00e9nt az \u00e1lland\u00f3 tart\u00f3zkod\u00e1si enged\u00e9lyemr\u0151l?\",\n        \"acceptedAnswer\": {\n          \"@type\": \"Answer\",\n          \"text\": \"Igen, ha \u00d6n fel k\u00edv\u00e1nja adni \u00e1lland\u00f3 lakos st\u00e1tusz\u00e1t, \u00e9s l\u00e1togat\u00f3k\u00e9nt k\u00edv\u00e1n Kanad\u00e1ba bel\u00e9pni, nem kell PRTD-t k\u00e9relmeznie. Ehelyett a megfelel\u0151 csatorn\u00e1kon kereszt\u00fcl kell k\u00e9relmeznie, hogy \u00f6nk\u00e9nt lemondjon az \u00e1lland\u00f3 lakos st\u00e1tusz\u00e1r\u00f3l.\"\n        }\n      },{\n        \"@type\": \"Question\",\n        \"name\": \"Mi a c\u00e9lja a \\\"Come to Canada\\\" eszk\u00f6znek?\",\n        \"acceptedAnswer\": {\n          \"@type\": \"Answer\",\n          \"text\": \"A \\\"Gyere Kanad\u00e1ba\\\" eszk\u00f6z egy online k\u00e9rd\u0151\u00edv, amelynek c\u00e9lja, hogy seg\u00edtsen az egy\u00e9neknek meghat\u00e1rozni a k\u00fcl\u00f6nb\u00f6z\u0151 kanadai bev\u00e1ndorl\u00e1si programokra val\u00f3 jogosults\u00e1gukat, bele\u00e9rtve a Kanad\u00e1ban val\u00f3 munkav\u00e1llal\u00e1s, tanul\u00e1s, l\u00e1togat\u00e1s, \u00e1tutaz\u00e1s vagy \u00e1lland\u00f3 kanadai tart\u00f3zkod\u00e1s lehet\u0151s\u00e9geit. A szem\u00e9lyes k\u00f6r\u00fclm\u00e9nyekre vonatkoz\u00f3 k\u00e9rd\u00e9sek megv\u00e1laszol\u00e1s\u00e1val a felhaszn\u00e1l\u00f3k t\u00e1j\u00e9koztat\u00e1st kapnak a programokra val\u00f3 jogosults\u00e1gukr\u00f3l \u00e9s \u00fatmutat\u00e1st a k\u00f6vetkez\u0151 l\u00e9p\u00e9sekhez.\"\n        }\n      },{\n        \"@type\": \"Question\",\n        \"name\": \"Milyen inform\u00e1ci\u00f3kra van sz\u00fcks\u00e9g a \\\"Come to Canada\\\" eszk\u00f6z haszn\u00e1lat\u00e1hoz?\",\n        \"acceptedAnswer\": {\n          \"@type\": \"Answer\",\n          \"text\": \"Az eszk\u00f6z hat\u00e9kony haszn\u00e1lat\u00e1hoz fel kell k\u00e9sz\u00fclnie arra, hogy megadjon r\u00e9szleteket az \u00e1llampolg\u00e1rs\u00e1g\u00e1r\u00f3l, \u00e9letkor\u00e1r\u00f3l, nyelvtud\u00e1s\u00e1r\u00f3l, csal\u00e1dtagjair\u00f3l, iskolai v\u00e9gzetts\u00e9g\u00e9r\u0151l, munkatapasztalat\u00e1r\u00f3l, j\u00f6vedelm\u00e9r\u0151l \u00e9s nett\u00f3 vagyon\u00e1r\u00f3l, valamint az \u00e1ll\u00e1saj\u00e1nlatokr\u00f3l. A pontos inform\u00e1ci\u00f3k megad\u00e1sa biztos\u00edtja, hogy az eszk\u00f6z pontosan fel tudja m\u00e9rni az \u00d6n jogosults\u00e1g\u00e1t a k\u00fcl\u00f6nb\u00f6z\u0151 bev\u00e1ndorl\u00e1si programokra.\"\n        }\n      },{\n        \"@type\": \"Question\",\n        \"name\": \"Mennyi ideig tart a \\\"Gyere Kanad\u00e1ba\\\" k\u00e9rd\u0151\u00edv kit\u00f6lt\u00e9se?\",\n        \"acceptedAnswer\": {\n          \"@type\": \"Answer\",\n          \"text\": \"A k\u00e9rd\u0151\u00edv kit\u00f6lt\u00e9se \u00e1ltal\u00e1ban 10-15 percet vesz ig\u00e9nybe. Fontos, hogy minden k\u00e9rd\u00e9sre pontosan v\u00e1laszoljon, hogy a legrelev\u00e1nsabb inform\u00e1ci\u00f3kat kapja a kanadai bev\u00e1ndorl\u00e1si programokra val\u00f3 jogosults\u00e1g\u00e1r\u00f3l.\"\n        }\n      },{\n        \"@type\": \"Question\",\n        \"name\": \"Mit tegyek, ha az eszk\u00f6z szerint jogosult vagyok a kanadai bev\u00e1ndorl\u00e1si programra?\",\n        \"acceptedAnswer\": {\n          \"@type\": \"Answer\",\n          \"text\": \"Ha az eszk\u00f6z azt jelzi, hogy \u00d6n jogosult egy adott programra, akkor r\u00e9szletes utas\u00edt\u00e1sokat ad a k\u00f6vetkez\u0151 l\u00e9p\u00e9sekr\u0151l, t\u00f6bbek k\u00f6z\u00f6tt arr\u00f3l, hogy hogyan kell jelentkezni, \u00e9s milyen dokumentumokra van sz\u00fcks\u00e9g. Ha gondosan k\u00f6veti ezeket az utas\u00edt\u00e1sokat, az seg\u00edt a z\u00f6kken\u0151mentes jelentkez\u00e9si folyamat biztos\u00edt\u00e1s\u00e1ban.\"\n        }\n      },{\n        \"@type\": \"Question\",\n        \"name\": \"Jelentkezhetek kanadai bev\u00e1ndorl\u00e1si programokra k\u00f6zvetlen\u00fcl a \\\"Gyere Kanad\u00e1ba\\\" eszk\u00f6z\u00f6n kereszt\u00fcl?\",\n        \"acceptedAnswer\": {\n          \"@type\": \"Answer\",\n          \"text\": \"Nem, maga az eszk\u00f6z nem seg\u00edti a k\u00f6zvetlen alkalmaz\u00e1sokat. Ehelyett a jogosults\u00e1ga alapj\u00e1n a megfelel\u0151 p\u00e1ly\u00e1zati folyamatokhoz ir\u00e1ny\u00edtja \u00d6nt. A k\u00e9rd\u0151\u00edv kit\u00f6lt\u00e9se ut\u00e1n t\u00e1j\u00e9koztat\u00e1st kap arr\u00f3l, hogy hogyan kell a megfelel\u0151 csatorn\u00e1kon kereszt\u00fcl folytatnia a k\u00e9relm\u00e9t.\"\n        }\n      },{\n        \"@type\": \"Question\",\n        \"name\": \"A \\\"Come to Canada\\\" eszk\u00f6z t\u00f6bb nyelven is el\u00e9rhet\u0151?\",\n        \"acceptedAnswer\": {\n          \"@type\": \"Answer\",\n          \"text\": \"Igen, az eszk\u00f6z Kanada hivatalos nyelvein, angolul \u00e9s franci\u00e1ul is el\u00e9rhet\u0151. A k\u00e9rd\u0151\u00edv elej\u00e9n kiv\u00e1laszthatja a k\u00edv\u00e1nt nyelvet.\"\n        }\n      },{\n        \"@type\": \"Question\",\n        \"name\": \"A \\\"Gyere Kanad\u00e1ba\\\" eszk\u00f6z haszn\u00e1lata garant\u00e1lja a kanadai bev\u00e1ndorl\u00e1si programba val\u00f3 felv\u00e9telt?\",\n        \"acceptedAnswer\": {\n          \"@type\": \"Answer\",\n          \"text\": \"Nem, az eszk\u00f6z haszn\u00e1lata nem garant\u00e1lja az elfogad\u00e1st. Az eszk\u00f6z \u00fatmutat\u00e1st ny\u00fajt a lehets\u00e9ges jogosults\u00e1gr\u00f3l, de minden k\u00e9relmet a bev\u00e1ndorl\u00e1si tisztvisel\u0151knek a kanadai bev\u00e1ndorl\u00e1si t\u00f6rv\u00e9nyekkel \u00e9s ir\u00e1nyelvekkel \u00f6sszhangban kell megvizsg\u00e1lniuk.\"\n        }\n      },{\n        \"@type\": \"Question\",\n        \"name\": \"Mit tegyek, ha a \\\"Come to Canada\\\" eszk\u00f6z haszn\u00e1lata sor\u00e1n technikai probl\u00e9m\u00e1k mer\u00fclnek fel?\",\n        \"acceptedAnswer\": {\n          \"@type\": \"Answer\",\n          \"text\": \"Ha technikai neh\u00e9zs\u00e9geket tapasztal, gy\u0151z\u0151dj\u00f6n meg arr\u00f3l, hogy az internetkapcsolata stabil, \u00e9s kompatibilis b\u00f6ng\u00e9sz\u0151t haszn\u00e1l. Ha a probl\u00e9m\u00e1k tov\u00e1bbra is fenn\u00e1llnak, forduljon a Bev\u00e1ndorl\u00e1si, Menek\u00fclt\u00fcgyi \u00e9s \u00c1llampolg\u00e1rs\u00e1gi Kanadai (IRCC) Seg\u00edts\u00e9gny\u00fajt\u00e1si K\u00f6zponthoz.\"\n        }\n      },{\n        \"@type\": \"Question\",\n        \"name\": \"A \\\"Gyere Kanad\u00e1ba\\\" eszk\u00f6zben megadott inform\u00e1ci\u00f3kat bizalmasan kezelik?\",\n        \"acceptedAnswer\": {\n          \"@type\": \"Answer\",\n          \"text\": \"Igen, az \u00d6n \u00e1ltal megadott inform\u00e1ci\u00f3kat kiz\u00e1r\u00f3lag a kanadai bev\u00e1ndorl\u00e1si programokra val\u00f3 jogosults\u00e1g\u00e1nak \u00e9rt\u00e9kel\u00e9s\u00e9re haszn\u00e1ljuk fel, \u00e9s a kanadai adatv\u00e9delmi t\u00f6rv\u00e9nyek v\u00e9delmet biztos\u00edtanak. Fontos, hogy pontos inform\u00e1ci\u00f3kat adjon meg, hogy a legjobb \u00fatmutat\u00e1st kaphassa.\"\n        }\n      },{\n        \"@type\": \"Question\",\n        \"name\": \"Haszn\u00e1lhatom a \\\"Gyere Kanad\u00e1ba\\\" eszk\u00f6zt a kanadai tart\u00f3zkod\u00e1som meghosszabb\u00edt\u00e1s\u00e1ra?\",\n        \"acceptedAnswer\": {\n          \"@type\": \"Answer\",\n          \"text\": \"Igen, az eszk\u00f6z seg\u00edthet meghat\u00e1rozni, hogy jogosult-e meghosszabb\u00edtani kanadai tart\u00f3zkod\u00e1s\u00e1t, ak\u00e1r dolgozni, tanulni vagy l\u00e1togat\u00f3ba utazni szeretne. A k\u00e9rd\u0151\u00edv megv\u00e1laszol\u00e1s\u00e1val t\u00e1j\u00e9koztat\u00e1st kaphat a tart\u00f3zkod\u00e1s\u00e1nak meghosszabb\u00edt\u00e1s\u00e1hoz sz\u00fcks\u00e9ges megfelel\u0151 l\u00e9p\u00e9sekr\u0151l.\"\n        }\n      }\n      ]\n    }\n    <\/script>\n","protected":false},"excerpt":{"rendered":"","protected":false},"author":1,"featured_media":0,"parent":0,"menu_order":0,"comment_status":"closed","ping_status":"closed","template":"","meta":{"_uag_custom_page_level_css":"","site-sidebar-layout":"default","site-content-layout":"","ast-site-content-layout":"","site-content-style":"default","site-sidebar-style":"default","ast-global-header-display":"","ast-banner-title-visibility":"","ast-main-header-display":"","ast-hfb-above-header-display":"","ast-hfb-below-header-display":"","ast-hfb-mobile-header-display":"","site-post-title":"","ast-breadcrumbs-content":"","ast-featured-img":"","footer-sml-layout":"","theme-transparent-header-meta":"","adv-header-id-meta":"","stick-header-meta":"","header-above-stick-meta":"","header-main-stick-meta":"","header-below-stick-meta":"","astra-migrate-meta-layouts":"default","ast-page-background-enabled":"default","ast-page-background-meta":{"desktop":{"background-color":"var(--ast-global-color-4)","background-image":"","background-repeat":"repeat","background-position":"center center","background-size":"auto","background-attachment":"scroll","background-type":"","background-media":"","overlay-type":"","overlay-color":"","overlay-opacity":"","overlay-gradient":""},"tablet":{"background-color":"","background-image":"","background-repeat":"repeat","background-position":"center center","background-size":"auto","background-attachment":"scroll","background-type":"","background-media":"","overlay-type":"","overlay-color":"","overlay-opacity":"","overlay-gradient":""},"mobile":{"background-color":"","background-image":"","background-repeat":"repeat","background-position":"center center","background-size":"auto","background-attachment":"scroll","background-type":"","background-media":"","overlay-type":"","overlay-color":"","overlay-opacity":"","overlay-gradient":""}},"ast-content-background-meta":{"desktop":{"background-color":"var(--ast-global-color-5)","background-image":"","background-repeat":"repeat","background-position":"center center","background-size":"auto","background-attachment":"scroll","background-type":"","background-media":"","overlay-type":"","overlay-color":"","overlay-opacity":"","overlay-gradient":""},"tablet":{"background-color":"var(--ast-global-color-5)","background-image":"","background-repeat":"repeat","background-position":"center center","background-size":"auto","background-attachment":"scroll","background-type":"","background-media":"","overlay-type":"","overlay-color":"","overlay-opacity":"","overlay-gradient":""},"mobile":{"background-color":"var(--ast-global-color-5)","background-image":"","background-repeat":"repeat","background-position":"center center","background-size":"auto","background-attachment":"scroll","background-type":"","background-media":"","overlay-type":"","overlay-color":"","overlay-opacity":"","overlay-gradient":""}},"footnotes":""},"categories":[],"tags":[],"class_list":["post-563","page","type-page","status-publish","hentry"],"uagb_featured_image_src":{"full":false,"thumbnail":false,"medium":false,"medium_large":false,"large":false,"1536x1536":false,"2048x2048":false},"uagb_author_info":{"display_name":"admin","author_link":"https:\/\/www.etafast.org\/hu\/author\/admin\/"},"uagb_comment_info":0,"uagb_excerpt":null,"_links":{"self":[{"href":"https:\/\/www.etafast.org\/hu\/wp-json\/wp\/v2\/pages\/563","targetHints":{"allow":["GET"]}}],"collection":[{"href":"https:\/\/www.etafast.org\/hu\/wp-json\/wp\/v2\/pages"}],"about":[{"href":"https:\/\/www.etafast.org\/hu\/wp-json\/wp\/v2\/types\/page"}],"author":[{"embeddable":true,"href":"https:\/\/www.etafast.org\/hu\/wp-json\/wp\/v2\/users\/1"}],"replies":[{"embeddable":true,"href":"https:\/\/www.etafast.org\/hu\/wp-json\/wp\/v2\/comments?post=563"}],"version-history":[{"count":1,"href":"https:\/\/www.etafast.org\/hu\/wp-json\/wp\/v2\/pages\/563\/revisions"}],"predecessor-version":[{"id":564,"href":"https:\/\/www.etafast.org\/hu\/wp-json\/wp\/v2\/pages\/563\/revisions\/564"}],"wp:attachment":[{"href":"https:\/\/www.etafast.org\/hu\/wp-json\/wp\/v2\/media?parent=563"}],"wp:term":[{"taxonomy":"category","embeddable":true,"href":"https:\/\/www.etafast.org\/hu\/wp-json\/wp\/v2\/categories?post=563"},{"taxonomy":"post_tag","embeddable":true,"href":"https:\/\/www.etafast.org\/hu\/wp-json\/wp\/v2\/tags?post=563"}],"curies":[{"name":"wp","href":"https:\/\/api.w.org\/{rel}","templated":true}]}}