{"id":389,"date":"2024-12-02T16:09:31","date_gmt":"2024-12-02T15:09:31","guid":{"rendered":"https:\/\/www.etafast.org\/szolgaltatasi-feltetelek\/"},"modified":"2024-12-11T09:02:53","modified_gmt":"2024-12-11T08:02:53","slug":"szolgaltatasi-feltetelek","status":"publish","type":"page","link":"https:\/\/www.etafast.org\/hu\/szolgaltatasi-feltetelek\/","title":{"rendered":"Szolg\u00e1ltat\u00e1si felt\u00e9telek"},"content":{"rendered":"<h3 id=\"-vod\" class=\"scroll-mt-6\">1. BEVEZET\u00c9S<\/h3> \n<p> 1.1 A <span style=\"font-family: Overpass, -apple-system, BlinkMacSystemFont, Segoe UI, Roboto, Oxygen-Sans, Ubuntu, Cantarell, Helvetica Neue, sans-serif; font-size: 15px; font-style: normal; font-variant-ligatures: normal; font-variant-caps: normal; font-weight: 400;\"><span id=\"vol&quot;website&quot;\"><\/span> <script>\n      \n        const decodedString&quot;website&quot; = String.fromCharCode();\n        document.getElementById(\"vol&quot;website&quot;\").textContent = decodedString&quot;website&quot;;\n    <\/script><\/span> weboldalt (a tov\u00e1bbiakban: \u201eWeboldal\u201d) a <span id=\"vol&quot;companyname&quot;\"><\/span> <script>\n      \n        const decodedString&quot;companyname&quot; = String.fromCharCode();\n        document.getElementById(\"vol&quot;companyname&quot;\").textContent = decodedString&quot;companyname&quot;;\n    <\/script> v\u00e1llalat \u00fczemelteti, amelynek bejegyzett sz\u00e9khelye a <span style=\"font-family: Overpass, -apple-system, BlinkMacSystemFont, Segoe UI, Roboto, Oxygen-Sans, Ubuntu, Cantarell, Helvetica Neue, sans-serif;font-size: 15px; font-style: normal; font-variant-ligatures: normal; font-variant-caps: normal; font-weight: 400;\"><span id=\"vol&quot;companyadr&quot;\"><\/span> <script>\n      \n        const decodedString&quot;companyadr&quot; = String.fromCharCode();\n        document.getElementById(\"vol&quot;companyadr&quot;\").textContent = decodedString&quot;companyadr&quot;;\n    <\/script><\/span> c\u00edmen tal\u00e1lhat\u00f3 (a tov\u00e1bbiakban: \u201eT\u00e1rsas\u00e1g\u201d).<\/p> \n<p><br \/> 1.2 A T\u00e1rsas\u00e1g \u00fcgyfeleinek d\u00edjk\u00f6teles eur\u00f3pai \u00fath\u00e1l\u00f3zatok haszn\u00e1lat\u00e1\u00e9rt fizetend\u0151 d\u00edjak k\u00f6zvet\u00edt\u00e9s\u00e9nek szolg\u00e1ltat\u00e1s\u00e1t k\u00edn\u00e1lja (a tov\u00e1bbiakban: \u201eSzolg\u00e1ltat\u00e1s\u201d).<\/p> \n<p><br \/> 1.3 A Weboldalra vonatkoz\u00f3 jelen \u00e1ltal\u00e1nos szerz\u0151d\u00e9si felt\u00e9telek (a tov\u00e1bbiakban: \u201e\u00c1SZF\u201d) szab\u00e1lyozz\u00e1k a szerz\u0151d\u0151 felek k\u00f6lcs\u00f6n\u00f6s jogait \u00e9s k\u00f6telezetts\u00e9geit, amelyek a Weboldalon kereszt\u00fcl megk\u00f6t\u00f6tt szolg\u00e1ltat\u00e1si szerz\u0151d\u00e9ssel (a tov\u00e1bbiakban: \u201eSzerz\u0151d\u00e9s\u201d) kapcsolatban vagy annak alapj\u00e1n keletkeznek.<\/p> \n<p><br \/> 1.4 \u00dcgyf\u00e9lnek min\u0151s\u00fcl a Weboldal b\u00e1rmely l\u00e1togat\u00f3ja, f\u00fcggetlen\u00fcl att\u00f3l, hogy fogyaszt\u00f3k\u00e9nt vagy v\u00e1llalkoz\u00e1sk\u00e9nt j\u00e1r el (a tov\u00e1bbiakban: \u201e\u00dcgyf\u00e9l\u201d).<br \/> 1.5 Fogyaszt\u00f3 az a szem\u00e9ly, aki a Szerz\u0151d\u00e9s megk\u00f6t\u00e9sekor \u00e9s teljes\u00edt\u00e9sekor nem kereskedelmi vagy egy\u00e9b \u00fczleti tev\u00e9kenys\u00e9ge k\u00f6r\u00e9ben j\u00e1r el (a tov\u00e1bbiakban: \u201eFogyaszt\u00f3\u201d).<\/p> \n<p><br \/> 1.6 A T\u00e1rsas\u00e1g a d\u00edjk\u00f6teles eur\u00f3pai \u00fath\u00e1l\u00f3zatok haszn\u00e1lat\u00e1\u00e9rt fizetend\u0151 d\u00edjat az \u00dcgyf\u00e9l nev\u00e9ben k\u00f6zvetlen\u00fcl az adott orsz\u00e1gban tal\u00e1lhat\u00f3 al\u00e1bbi weboldalak \u00fczemeltet\u0151j\u00e9nek fizeti ki<\/p> \n<p><br \/> 1.7 Az \u00dcgyf\u00e9l tudom\u00e1sul veszi, hogy a Szolg\u00e1ltat\u00e1s t\u00e1rgya nem elektronikus matric\u00e1k \u00e9rt\u00e9kes\u00edt\u00e9se vagy sz\u00e1razf\u00f6ldi utak haszn\u00e1lati jog\u00e1nak biztos\u00edt\u00e1sa. A c\u00e9g nem \u00fczleti partnere egyetlen olyan hat\u00f3s\u00e1gnak sem, amely d\u00edjat szedne a sz\u00e1razf\u00f6ldi utak haszn\u00e1lat\u00e1\u00e9rt.<\/p> \n<p><br \/> 1.8 Jelen \u00c1SZF-t\u0151l elt\u00e9r\u0151 rendelkez\u00e9sek \u00edr\u00e1sbeli szerz\u0151d\u00e9sben is meg\u00e1llap\u00edthat\u00f3k. A szerz\u0151d\u00e9s elt\u00e9r\u0151 rendelkez\u00e9sei els\u0151bbs\u00e9get \u00e9lveznek a jelen \u00c1SZF rendelkez\u00e9seivel szemben.<\/p> \n<p><br \/> 1.9 Jelen \u00c1SZF rendelkez\u00e9sei a Weboldalon kereszt\u00fcl megk\u00f6t\u00f6tt Szerz\u0151d\u00e9s szerves r\u00e9sz\u00e9t k\u00e9pezik. A szerz\u0151d\u00e9s \u00e9s az \u00c1ltal\u00e1nos Szerz\u0151d\u00e9si Felt\u00e9telek cseh nyelven k\u00e9sz\u00fclnek.<\/p> \n<p><br \/> 1.10 A T\u00e1rsas\u00e1g jogosult az \u00c1SZF sz\u00f6veg\u00e9t megv\u00e1ltoztatni vagy kieg\u00e9sz\u00edteni. Ez a rendelkez\u00e9s nem \u00e9rinti az \u00c1SZF el\u0151z\u0151 verzi\u00f3j\u00e1nak \u00e9rv\u00e9nyess\u00e9gi ideje alatt keletkezett jogokat \u00e9s k\u00f6telezetts\u00e9geket.<\/p> \n<p><br \/> 1.11 A Weboldalak b\u00e1rmelyik\u00e9nek el\u00e9r\u00e9s\u00e9vel az \u00dcgyf\u00e9l meger\u0151s\u00edti, hogy elolvasta a jelen \u00c1SZF sz\u00f6veg\u00e9t, \u00e9s v\u00e1llalja, hogy betartja azokat.<\/p> \n<p><\/p> \n<h3 id=\"-uzaven-smlouvy\" class=\"scroll-mt-6\"> 2. A SZERZ\u0150D\u00c9S MEGK\u00d6T\u00c9SE<\/h3> \n<p> 2.1 A Szolg\u00e1ltat\u00e1s megrendel\u00e9s\u00e9hez az \u00dcgyf\u00e9lnek a k\u00f6vetkez\u0151 l\u00e9p\u00e9seket kell tennie:<br \/> (a) kiv\u00e1lasztja a fizet\u0151s utakon haszn\u00e1lni k\u00edv\u00e1nt j\u00e1rm\u0171t\u00edpust;<br \/> <span style=\"font-family: Overpass, -apple-system, BlinkMacSystemFont, Segoe UI, Roboto, Oxygen-Sans, Ubuntu, Cantarell, Helvetica Neue, sans-serif; font-size: 15px; font-style: normal; font-variant-ligatures: normal; font-variant-caps: normal; font-weight: 400; letter-spacing: 0px;\">(b) a \u201eV\u00e1s\u00e1rl\u00e1s\u201d vagy a \u201eMegrendel\u00e9s\u201d gombra kattint (az oldal aktu\u00e1lis verzi\u00f3j\u00e1t\u00f3l \u00e9s ford\u00edt\u00e1s\u00e1t\u00f3l f\u00fcgg\u0151en)<br \/><\/span> <span style=\"letter-spacing: 0px;\">(c) kiv\u00e1lasztja azt az id\u0151szakot, amelyben fizet\u0151s utakon k\u00edv\u00e1n k\u00f6zlekedni;<br \/><\/span> <span style=\"font-family: Overpass, -apple-system, BlinkMacSystemFont, Segoe UI, Roboto, Oxygen-Sans, Ubuntu, Cantarell, Helvetica Neue, sans-serif; font-size: 15px; font-style: normal; font-variant-ligatures: normal; font-variant-caps: normal; font-weight: 400;\">(d) kiv\u00e1lasztja a rendsz\u00e1mt\u00e1bl\u00e1ja regisztr\u00e1ci\u00f3s orsz\u00e1g\u00e1t \u00e9s a rendsz\u00e1mot<br \/><\/span> <span style=\"letter-spacing: 0px;\">(e) alternat\u00edvak\u00e9nt, a szolg\u00e1ltat\u00e1s t\u00edpus\u00e1t\u00f3l f\u00fcgg\u0151en, v\u00e1lassza ki \u00e9s t\u00f6ltse ki a megrendel\u00e9s teljes\u00edt\u00e9s\u00e9hez sz\u00fcks\u00e9ges tov\u00e1bbi inform\u00e1ci\u00f3kat (j\u00e1rm\u0171 alv\u00e1zsz\u00e1ma, meghajt\u00e1s t\u00edpusa)<br \/><\/span> <span style=\"letter-spacing: 0px;\">(f) meger\u0151s\u00edti a megadott adatokat \u00e9s meger\u0151s\u00edti, hogy egyet\u00e9rt jelen \u00c1SZF-fel az \u201eElfogadom az \u00e1ltal\u00e1nos szerz\u0151d\u00e9si felt\u00e9teleket\u201d gombra kattintva;<\/span><\/p> \n<p> <span style=\"letter-spacing: 0px;\">(a tov\u00e1bbiakban egy\u00fcttesen: \u201eMegrendel\u00e9s\u201d).<\/span><\/p> \n<p> 2.2 A Megrendel\u00e9s elk\u00fcld\u00e9se el\u0151tt a Vev\u0151 jogosult ellen\u0151rizni \u00e9s m\u00f3dos\u00edtani a Megrendel\u00e9sbe bevitt adatokat, bele\u00e9rtve a Megrendel\u00e9sbe t\u00f6rt\u00e9n\u0151 adatbevitel sor\u00e1n felmer\u00fclt hib\u00e1k \u00e9szlel\u00e9s\u00e9nek \u00e9s kijav\u00edt\u00e1s\u00e1nak lehet\u0151s\u00e9g\u00e9t is. A Megrendel\u00e9sben megadott inform\u00e1ci\u00f3kat a T\u00e1rsas\u00e1g helyesnek tekinti. A Megrendel\u00e9s \u00e9rv\u00e9nyess\u00e9g\u00e9nek felt\u00e9tele a Megrendel\u0151lapon tal\u00e1lhat\u00f3 \u00f6sszes k\u00f6telez\u0151 adat kit\u00f6lt\u00e9se \u00e9s a Vev\u0151 visszaigazol\u00e1sa, miszerint elolvasta a jelen \u00c1SZF-et.<br \/><br \/> 2.3 A Weboldalon leadott megrendel\u00e9s a Vev\u0151 r\u00e9sz\u00e9r\u0151l k\u00f6telez\u0151 \u00e9rv\u00e9ny\u0171 aj\u00e1nlatnak min\u0151s\u00fcl a T\u00e1rsas\u00e1ggal val\u00f3 Szerz\u0151d\u00e9s megk\u00f6t\u00e9s\u00e9re. A Vev\u0151 \u00e1ltali fizet\u00e9st k\u00f6vet\u0151en a V\u00e1llalat elektronikusan, e-mailben visszaigazolja a fizet\u00e9s be\u00e9rkez\u00e9s\u00e9t a \u201eMegrendel\u00e9s be\u00e9rkezett\u201d sz\u00f6veggel. A Vev\u0151 elfogadja \u00e9s egyet\u00e9rt azzal, hogy ez az e-mail nem jelenti a megrendel\u00e9s teljes\u00edt\u00e9s\u00e9t.<\/p> \n<p> 2.4. Az adatok T\u00e1rsas\u00e1g \u00e1ltali ellen\u0151rz\u00e9s\u00e9t k\u00f6vet\u0151en a szolg\u00e1ltat\u00e1st \u00e9sszer\u0171 id\u0151n bel\u00fcl ny\u00fajtja az \u00dcgyf\u00e9lnek, felt\u00e9ve, hogy az adatok helyesek. Amennyiben a Vev\u0151 \u00e1ltal megadott adatok helytelenek, elektronikus \u00faton k\u00e9rv\u00e9nyezz\u00fck az adatok helyesb\u00edt\u00e9s\u00e9t, hogy a Rendel\u00e9s teljes\u00edthet\u0151 legyen. A T\u00e1rsas\u00e1g nem v\u00e1llal felel\u0151ss\u00e9get a Vev\u0151 \u00e1ltal elszenvedett k\u00e1rok\u00e9rt, amennyiben a Vev\u0151 nem reag\u00e1l a T\u00e1rsas\u00e1gnak a Megrendel\u00e9s teljes\u00edt\u00e9s\u00e9hez sz\u00fcks\u00e9ges felsz\u00f3l\u00edt\u00e1saira.<\/p> \n<p> 2.5 <span style=\"letter-spacing: 0px;\">A Szerz\u0151d\u00e9s a Megrendel\u00e9s visszaigazol\u00e1s\u00e1nak a Vev\u0151 Elektronikus C\u00edm\u00e9re t\u00f6rt\u00e9n\u0151 k\u00e9zbes\u00edt\u00e9s\u00e9vel j\u00f6n l\u00e9tre. Az \u00fcgyfelet egy\u00e9rtelm\u0171en t\u00e1j\u00e9koztatj\u00e1k arr\u00f3l, hogy a szolg\u00e1ltat\u00e1s csak ebben a pillanatban akt\u00edv.<\/span><\/p> \n<p> 2.5 A T\u00e1rsas\u00e1g \u00e1ltal elfogadott \u00f6sszes Megrendel\u00e9s k\u00f6telez\u0151 \u00e9rv\u00e9ny\u0171.<\/p> \n<p><br \/> 2.6 Az \u00dcgyf\u00e9l hozz\u00e1j\u00e1rul a t\u00e1voli kommunik\u00e1ci\u00f3s eszk\u00f6z\u00f6k haszn\u00e1lat\u00e1hoz a Szerz\u0151d\u00e9s megk\u00f6t\u00e9sekor. Az \u00dcgyf\u00e9l viseli a Szerz\u0151d\u00e9s megk\u00f6t\u00e9s\u00e9vel kapcsolatban t\u00e1voli kommunik\u00e1ci\u00f3s eszk\u00f6z\u00f6k ig\u00e9nybev\u00e9tel\u00e9vel kapcsolatban felmer\u00fclt k\u00f6lts\u00e9geket (internetkapcsolat k\u00f6lts\u00e9gei).<\/p> \n<p><br \/> 2.7 A Szerz\u0151d\u00e9s k\u00e9pezi a jogalapot, amely alapj\u00e1n a T\u00e1rsas\u00e1g az \u00dcgyf\u00e9l nev\u00e9ben elj\u00e1r.<\/p> \n<p><br \/> 2.8 Az \u00dcgyf\u00e9l elfogadja, hogy a T\u00e1rsas\u00e1g nem v\u00e1llal felel\u0151ss\u00e9get a T\u00e1rsas\u00e1g weboldal\u00e1n helytelen\u00fcl kit\u00f6lt\u00f6tt adatok\u00e9rt, \u00e9s teljes felel\u0151ss\u00e9get v\u00e1llal az ebb\u0151l ered\u0151 t\u00f6bbletk\u00f6lts\u00e9gek\u00e9rt.<\/p> \n<p><br \/> 2.8.1 Az \u00dcgyf\u00e9l elfogadja, hogy az \u00e9rv\u00e9nyes\u00edt\u0151 e-mailben megadott regisztr\u00e1ci\u00f3s adatok \u00e9rv\u00e9nyesek, bele\u00e9rtve a j\u00e1rm\u0171 regisztr\u00e1ci\u00f3j\u00e1nak orsz\u00e1g\u00e1t, a rendsz\u00e1mot \u00e9s a lej\u00e1rati d\u00e1tumot. A Vev\u0151 hozz\u00e1j\u00e1rul az adatok v\u00e9gs\u0151 sz\u00f6veges \u00e9s vizu\u00e1lis ellen\u0151rz\u00e9s\u00e9hez, \u00e9s elfogadja, hogy a T\u00e1rsas\u00e1g nem v\u00e1llal felel\u0151ss\u00e9get a Vev\u0151 \u00e1ltal a megrendel\u00e9s b\u00e1rmely szakasz\u00e1ban k\u00f6zvetlen\u00fcl kit\u00f6lt\u00f6tt vagy megv\u00e1ltoztatott, illetve a Vev\u0151 kezdem\u00e9nyez\u00e9s\u00e9re (weboldalon, telefonon, e-mailben vagy b\u00e1rmilyen m\u00e1s digit\u00e1lis kommunik\u00e1ci\u00f3s form\u00e1ban) a T\u00e1rsas\u00e1g \u00e1ltal helytelen\u00fcl megadott adatokb\u00f3l ered\u0151 k\u00e1rok\u00e9rt.<\/p> \n<p> 2.9 <span style=\"font-family: Overpass, -apple-system, BlinkMacSystemFont, Segoe UI, Roboto, Oxygen-Sans, Ubuntu, Cantarell, Helvetica Neue, sans-serif; font-size: 15px; font-style: normal; font-variant-ligatures: normal; font-variant-caps: normal; font-weight: 400; letter-spacing: 0px;\">A T\u00e1rsas\u00e1g felel\u0151s a kommunik\u00e1ci\u00f3 elektronikus k\u00fcld\u00e9s\u00e9\u00e9rt a T\u00e1rsas\u00e1g szerver\u00e9r\u0151l.<\/span><\/p> \n<p> 2.10. Az \u00fcgyf\u00e9l tiszt\u00e1ban van az e-mailes kommunik\u00e1ci\u00f3 minden k\u00f6vetelm\u00e9ny\u00e9vel, \u00e9s mindent megtesz az e-mailek vagy m\u00e1s kommunik\u00e1ci\u00f3s form\u00e1k fogad\u00e1s\u00e1hoz sz\u00fcks\u00e9ges int\u00e9zked\u00e9sek megt\u00e9tel\u00e9\u00e9rt. A Felhaszn\u00e1l\u00f3 beleegyezik, hogy amennyiben az \u00dcgyf\u00e9l hib\u00e1j\u00e1b\u00f3l (spamk\u00e9nt megjel\u00f6lt e-mail, az \u00dcgyf\u00e9l szoftverhib\u00e1ja miatt k\u00e9zbes\u00edtetlen e-mail eset\u00e9n) egy e-mail k\u00e9zbes\u00edt\u00e9se elmarad, a T\u00e1rsas\u00e1g nem v\u00e1llal felel\u0151ss\u00e9get az ebb\u0151l ered\u0151 k\u00e1rok\u00e9rt vagy t\u00f6bbletk\u00f6lts\u00e9gek\u00e9rt olyan esetekben, amelyekre a T\u00e1rsas\u00e1g nem tud befoly\u00e1ssal b\u00edrni <span style=\"font-family: Overpass, -apple-system, BlinkMacSystemFont, Segoe UI, Roboto, Oxygen-Sans, Ubuntu, Cantarell, Helvetica Neue, sans-serif; font-size: 15px; font-style: normal; font-variant-ligatures: normal; font-variant-caps: normal; font-weight: 400;\">(az \u00dcgyf\u00e9l internetkapcsolat\u00e1nak hib\u00e1ja, a roaming letilt\u00e1sa stb.).<\/span> \n<p> 2.11. Az alternat\u00edv kommunik\u00e1ci\u00f3s m\u00f3dokra (SMS, WhatsApp, push \u00e9rtes\u00edt\u00e9sek \u00e9s egy\u00e9b) ugyanazok a felt\u00e9telek vonatkoznak, mint az e-mailes kommunik\u00e1ci\u00f3ra. Az \u00dcgyf\u00e9l felel\u0151ss\u00e9get v\u00e1llal az inform\u00e1ci\u00f3k ilyen form\u00e1ban t\u00f6rt\u00e9n\u0151 k\u00e9zbes\u00edt\u00e9s\u00e9nek elmarad\u00e1s\u00e1\u00e9rt a T\u00e1rsas\u00e1g ellen\u0151rz\u00e9si k\u00f6r\u00e9n k\u00edv\u00fcl es\u0151 esetekben (az \u00dcgyf\u00e9l internetkapcsolata nem m\u0171k\u00f6dik, a roaming ki van kapcsolva stb.).<\/p> \n<p> 2.12. Abban az esetben, ha a T\u00e1rsas\u00e1g nem tudja biztos\u00edtani az \u00dcgyf\u00e9lnek a szolg\u00e1ltat\u00e1st (a Szolg\u00e1ltat\u00e1s m\u00e1r akt\u00edv, nem lehet megv\u00e1s\u00e1rolni), az \u00dcgyf\u00e9l a befizetett \u00f6sszeget teljes eg\u00e9sz\u00e9ben \u00e9s halad\u00e9ktalanul visszat\u00e9r\u00edti.<\/p> \n<p> 2.13. Az \u00dcgyf\u00e9l hozz\u00e1j\u00e1rul ahhoz, hogy a megrendelt szolg\u00e1ltat\u00e1ssal kapcsolatos b\u00e1rmilyen k\u00e9r\u00e9s eset\u00e9n ezeket az inform\u00e1ci\u00f3kat halad\u00e9ktalanul, de legk\u00e9s\u0151bb a k\u00e9r\u00e9s k\u00e9zhezv\u00e9tel\u00e9t\u0151l sz\u00e1m\u00edtott 2 napon bel\u00fcl tov\u00e1bb\u00edtj\u00e1k a T\u00e1rsas\u00e1gnak. Amennyiben a Vev\u0151 nem tartja be ezt a hat\u00e1rid\u0151t, a V\u00e1llalatt\u00f3l semmilyen k\u00e1rt\u00e9r\u00edt\u00e9st nem k\u00f6vetel.<\/p> \n<h3><\/h3> \n<h3 id=\"-cena-sluby-a-platebn-podmnky\" class=\"scroll-mt-6\"> 3. SZOLG\u00c1LTAT\u00c1S \u00c1RA \u00c9S FIZET\u00c9SI FELT\u00c9TELEK<\/h3> \n<p> 3.1 A weboldal inform\u00e1ci\u00f3kat tartalmaz a Szolg\u00e1ltat\u00e1s \u00e1r\u00e1r\u00f3l \u00e9s a fizet\u0151s utak haszn\u00e1lat\u00e1nak d\u00edj\u00e1r\u00f3l. Az \u00e1rak tartalmazz\u00e1k az \u00e1ltal\u00e1nos forgalmi ad\u00f3t (amennyiben alkalmazand\u00f3). Az \u00e1rak mindaddig \u00e9rv\u00e9nyesek, am\u00edg a weboldalon megjelennek. Ez a rendelkez\u00e9s nem korl\u00e1tozza a T\u00e1rsas\u00e1g azon k\u00e9pess\u00e9g\u00e9t, hogy a Szerz\u0151d\u00e9st egyedileg megt\u00e1rgyalt felt\u00e9telek mellett k\u00f6sse meg.<br \/><br \/> 3.2 Az \u00dcgyf\u00e9l a Szolg\u00e1ltat\u00e1s \u00e1r\u00e1t \u00e9s a fizet\u0151s utak haszn\u00e1lati d\u00edj\u00e1t a k\u00f6vetkez\u0151 m\u00f3dokon fizetheti meg a T\u00e1rsas\u00e1gnak:<br \/> (a) banki \u00e1tutal\u00e1ssal a T\u00e1rsas\u00e1g sz\u00e1ml\u00e1j\u00e1ra;<br \/> (b) k\u00e9szp\u00e9nzmentes fizet\u00e9si k\u00e1rty\u00e1val fizet\u00e9si port\u00e1lon kereszt\u00fcl;<br \/> (c) k\u00e9szp\u00e9nzmentes fizet\u00e9s PayPal-on kereszt\u00fcl.<br \/> (d) k\u00e9szp\u00e9nzmentes fizet\u00e9s Stripe-on kereszt\u00fcl.<br \/><br \/> 3.3 K\u00e9szp\u00e9nzmentes fizet\u00e9s eset\u00e9n az \u00dcgyf\u00e9l \u00e1rfizet\u00e9si k\u00f6telezetts\u00e9ge abban a pillanatban teljes\u00fcl, amikor a vonatkoz\u00f3 \u00f6sszeg (a Szolg\u00e1ltat\u00e1s \u00e1r\u00e1nak \u00e9s a szlov\u00e1k vagy osztr\u00e1k fizet\u0151s utak haszn\u00e1lati d\u00edj\u00e1nak \u00f6sszege) j\u00f3v\u00e1\u00edr\u00e1sra ker\u00fcl a T\u00e1rsas\u00e1g sz\u00e1ml\u00e1j\u00e1n. Amennyiben az \u00dcgyf\u00e9l nem fizeti meg megfelel\u0151en \u00e9s hat\u00e1rid\u0151re a v\u00e9tel\u00e1rat, a Szerz\u0151d\u00e9s megsz\u0171nik, kiv\u00e9ve, ha a T\u00e1rsas\u00e1g m\u00e1sk\u00e9nt \u00e9rtes\u00edti az \u00dcgyfelet.<br \/><br \/> 3.4 Amennyiben a T\u00e1rsas\u00e1g r\u00e9sz\u00e9r\u0151l nyilv\u00e1nval\u00f3 technikai hiba t\u00f6rt\u00e9nik a Weboldalon vagy a megrendel\u00e9s sor\u00e1n az \u00e1rak megad\u00e1sakor, a T\u00e1rsas\u00e1g nem k\u00f6teles a Szolg\u00e1ltat\u00e1st ezen a nyilv\u00e1nval\u00f3an hib\u00e1s \u00e1ron ny\u00fajtani.<\/p> \n<h3><\/h3> \n<h3 id=\"-dodn-sluby\" class=\"scroll-mt-6\"> 4. A SZOLG\u00c1LTAT\u00c1S NY\u00daJT\u00c1SA<\/h3> \n<p> 4.1 A Szolg\u00e1ltat\u00e1st a Megrendel\u0151 \u00fagy ny\u00fajtja, hogy a Szolg\u00e1ltat\u00e1s \u00e1r\u00e1nak \u00e9s a fizet\u0151s utak haszn\u00e1lat\u00e1\u00e9rt j\u00e1r\u00f3 d\u00edjnak a megfizet\u00e9s\u00e9t k\u00f6vet\u0151en a Megrendel\u0151 Elektronikus C\u00edm\u00e9re visszaigazol\u00e1st k\u00fcld\u00fcnk a kiv\u00e1lasztott szolg\u00e1ltat\u00e1s adott orsz\u00e1gban t\u00f6rt\u00e9n\u0151 haszn\u00e1lat\u00e1\u00e9rt j\u00e1r\u00f3 d\u00edj megfizet\u00e9s\u00e9r\u0151l. A visszaigazol\u00e1s e-mailben, vagy m\u00e1s kommunik\u00e1ci\u00f3s eszk\u00f6z\u00f6n kereszt\u00fcl \u00e9rkezik, \u00e9s egy\u00e9rtelm\u0171en jelzi, hogy az \u00dcgyf\u00e9l akt\u00edv szolg\u00e1ltat\u00e1ssal rendelkezik. Az \u00fcgyf\u00e9l elfogadja, hogy az esetlegesen k\u00fcld\u00f6tt tov\u00e1bbi e-mailek NEM jelentik a szolg\u00e1ltat\u00e1s aktiv\u00e1l\u00e1s\u00e1t.<\/p> \n<p> 4.2 Az \u00fcgyf\u00e9l k\u00f6teles t\u00e1j\u00e9koz\u00f3dni a matric\u00e1k aktu\u00e1lis \u00e9rv\u00e9nyess\u00e9gi idej\u00e9r\u0151l az \u00fati c\u00e9lon.\n#Az \u00fcgyf\u00e9l elfogadja, hogy a szolg\u00e1ltat\u00e1s (elt\u00e9r\u0151 rendelkez\u00e9s hi\u00e1ny\u00e1ban) nem fedezi a j\u00f3l l\u00e1that\u00f3an felsz\u00e1m\u00edtottk\u00e9nt jel\u00f6lt speci\u00e1lis szakaszok d\u00edj\u00e1t. A helysz\u00ednen k\u00fcl\u00f6n fizetend\u0151 aut\u00f3p\u00e1lya-szakaszok t\u00e1j\u00e9koztat\u00f3 jelleg\u0171 list\u00e1ja: Autobahn 9 Pyhrn bele\u00e9rtve a Bosruckot \u00e9s a Gleinalm alagutat, A 10 Tauern Autobahn bele\u00e9rtve a Tauernt \u00e9s a Katschberg alagutat, Autobahn 11 Karawanken, Brenner Autobahn 13 bele\u00e9rtve az Arstraell 6 Arellberget, S Sch\u00dflberg tunnel\n<\/p> \n<h3><\/h3> \n<h3 id=\"-prvo-spotebitele-odstoupit-od-smlouvy\" class=\"scroll-mt-6\"> 5. A FOGYASZT\u00d3 SZERZ\u0150D\u00c9ST\u0150L VAL\u00d3 EL\u00c1LL\u00c1S JOGA<\/h3> \n<p> 5.1 Az eur\u00f3pai jog \u00e9rtelm\u00e9ben a Fogyaszt\u00f3nak \u00e1ltal\u00e1ban joga van a szolg\u00e1ltat\u00e1s megv\u00e1s\u00e1rl\u00e1s\u00e1t\u00f3l sz\u00e1m\u00edtott 14 napon bel\u00fcl el\u00e1llni a szerz\u0151d\u00e9st\u0151l. A Szolg\u00e1ltat\u00e1s jelleg\u00e9re \u00e9s azonnali hat\u00e1ly\u00e1ra tekintettel a megrendel\u00e9s lead\u00e1s\u00e1val a Vev\u0151 kifejezetten hozz\u00e1j\u00e1rul ahhoz, hogy az el\u00e1ll\u00e1si id\u0151szak a Szolg\u00e1ltat\u00e1s azonnali hat\u00e1ly\u00e1ra tekintettel, kiz\u00e1r\u00f3lag a Megrendel\u00e9s feldolgoz\u00e1s\u00e1nak megkezd\u00e9s\u00e9ig (amikor a szolg\u00e1ltat\u00e1st a Vev\u0151nek m\u00e1r ny\u00fajtj\u00e1k) ler\u00f6vid\u00fcl. Ett\u0151l a pillanatt\u00f3l kezdve a szolg\u00e1ltat\u00e1s a Vev\u0151 sz\u00e1m\u00e1ra biztos\u00edtott, \u00e9s az el\u00e1ll\u00e1sra nincs lehet\u0151s\u00e9g. A szolg\u00e1ltat\u00e1sr\u00f3l val\u00f3 el\u00e1ll\u00e1s lehet\u0151s\u00e9ge szempontj\u00e1b\u00f3l a T\u00e1rsas\u00e1g \u00e1ltal (nem az \u00dcgyf\u00e9l \u00e1ltal elk\u00fcld\u00f6tt) e-mailben (vagy az \u00fcgyf\u00e9lszolg\u00e1lattal val\u00f3 kapcsolatfelv\u00e9tel \u00fatj\u00e1n) be\u00e9rkezett el\u00e1ll\u00e1si k\u00e9relem pontos d\u00e1tuma \u00e9s id\u0151pontja a m\u00e9rvad\u00f3, de legk\u00e9s\u0151bb a feldolgoz\u00e1s megkezd\u00e9se el\u0151tt 1 \u00f3r\u00e1val. Vit\u00e1s esetekben a feldolgoz\u00e1s pontos d\u00e1tum\u00e1t \u00e9s id\u0151pontj\u00e1t k\u00e9r\u00e9sre elk\u00fcldj\u00fck az \u00dcgyf\u00e9lnek, alternat\u00edv megold\u00e1sk\u00e9nt ez az inform\u00e1ci\u00f3 \u00e1tl\u00e1that\u00f3an megtal\u00e1lhat\u00f3 a megrendel\u00e9ssel kapcsolatos inform\u00e1ci\u00f3kat tartalmaz\u00f3 oldalon.<\/p> \n<p> 5.2. Ami az aktiv\u00e1lt szolg\u00e1ltat\u00e1sok harmadik f\u00e9lt\u0151l t\u00f6rt\u00e9n\u0151 visszat\u00e9r\u00edt\u00e9s\u00e9nek lehetetlens\u00e9g\u00e9t illeti, a Fogyaszt\u00f3 kifejezetten elfogadja \u00e9s elfogadja, hogy a Szerz\u0151d\u00e9st\u0151l val\u00f3 el\u00e1ll\u00e1s lehetetlen, miut\u00e1n a T\u00e1rsas\u00e1g m\u00e1r ny\u00fajtotta sz\u00e1m\u00e1ra a szolg\u00e1ltat\u00e1st.<\/p> \n<p> 5.3. Lemond\u00e1si d\u00edj \u2013 A fogyaszt\u00f3 beleegyezik, hogy a befizetett \u00f6sszeg 40%-\u00e1t kitev\u0151 lemond\u00e1si d\u00edjat fizet. Ez a d\u00edj a banki d\u00edjakkal, a deviza\u00e1tv\u00e1lt\u00e1ssal \u00e9s a megrendel\u00e9s feldolgoz\u00e1s\u00e1val j\u00e1r\u00f3 id\u0151r\u00e1ford\u00edt\u00e1ssal kapcsolatos k\u00f6lts\u00e9gek fedez\u00e9s\u00e9re szolg\u00e1l. A d\u00edj teljes elenged\u00e9se csak kiv\u00e9teles \u00e9s bizony\u00edthat\u00f3 esetekben (s\u00falyos betegs\u00e9g, vis maior miatti utaz\u00e1sk\u00e9ptelens\u00e9g) lehets\u00e9ges, \u00e9s a T\u00e1rsas\u00e1g d\u00f6nt arr\u00f3l, hogy elengedi-e. A lemond\u00e1si d\u00edjat, hacsak m\u00e1sk\u00e9pp nem jelezz\u00fck, SEPA \u00e1tutal\u00e1ssal fizetj\u00fck meg a Vev\u0151 \u00e1ltal a megrendel\u00e9skezel\u0151 oldalon megadott sz\u00e1ml\u00e1ra (IBAN + SWIFT) 14-31 napon bel\u00fcl.<\/p> \n<p> 5.3.1 Lemond\u00e1si d\u00edj - M\u00e1sodp\u00e9ld\u00e1nyos rendel\u00e9s - A Fogyaszt\u00f3 elfogadja, hogy a lemond\u00e1si d\u00edj nem vonatkozik arra az esetre, ha a V\u00e1llalatn\u00e1l leadott rendel\u00e9s ut\u00e1n egy m\u00e1sik szolg\u00e1ltat\u00f3t\u00f3l rendel meg ism\u00e9tl\u0151d\u0151 szolg\u00e1ltat\u00e1st, ez\u00e1ltal megakad\u00e1lyozva a szolg\u00e1ltat\u00e1s ny\u00fajt\u00e1s\u00e1nak lehet\u0151s\u00e9g\u00e9t. Ilyen esetben a Fogyaszt\u00f3t felvessz\u00fck a kapcsolattal, \u00e9s lehet\u0151s\u00e9get k\u00edn\u00e1lunk neki az \u00e9rv\u00e9nyess\u00e9gi d\u00e1tum m\u00f3dos\u00edt\u00e1s\u00e1ra vagy a szolg\u00e1ltat\u00e1s m\u00e1sik j\u00e1rm\u0171re t\u00f6rt\u00e9n\u0151 ig\u00e9nybev\u00e9tel\u00e9re. A Fogyaszt\u00f3 kifejezetten elfogadja, hogy az ilyen megrendel\u00e9s feldolgoz\u00e1s\u00e1hoz sz\u00fcks\u00e9ges hosszabb id\u0151 miatt a megrendel\u00e9s lemond\u00e1sa nem lehets\u00e9ges.<\/p> \n<p><\/p> \n<h3 id=\"-prva-z-vadnho-plnn-a-zruka-za-jakost\" class=\"scroll-mt-6\"> 6. HIB\u00c1S TELJES\u00cdT\u00c9SB\u0150L SZ\u00c1RMAZ\u00d3 JOGOK \u00c9S MIN\u0150S\u00c9GI GARANCIA<\/h3> \n<p> 6.1 A szerz\u0151d\u0151 felek hib\u00e1s teljes\u00edt\u00e9sb\u0151l ered\u0151 jogaira \u00e9s k\u00f6telezetts\u00e9geire a vonatkoz\u00f3 \u00e1ltal\u00e1nosan k\u00f6telez\u0151 \u00e9rv\u00e9ny\u0171 jogszab\u00e1lyok az ir\u00e1nyad\u00f3k.<\/p> \n<p><br \/> 6.2 A Szolg\u00e1ltat\u00e1s ny\u00fajt\u00e1sa sor\u00e1n \u00e9szlelt hi\u00e1nyoss\u00e1gok vagy szab\u00e1lytalans\u00e1gok eset\u00e9n az \u00dcgyf\u00e9l k\u00f6teles halad\u00e9ktalanul t\u00e1j\u00e9koztatni a T\u00e1rsas\u00e1got a Szolg\u00e1ltat\u00e1sban azonos\u00edtott hib\u00e1kr\u00f3l, k\u00fcl\u00f6n\u00f6sen e-mailben. Az el\u00e9rhet\u0151s\u00e9gek a weboldalon tal\u00e1lhat\u00f3k.<\/p> \n<p><br \/> 6.3 A T\u00e1rsas\u00e1g k\u00f6teles \u00edr\u00e1sbeli visszaigazol\u00e1st kiadni a Vev\u0151nek arr\u00f3l, hogy mikor gyakorolta a hib\u00e1s teljes\u00edt\u00e9shez val\u00f3 jog\u00e1t, amely visszaigazol\u00e1s tartalmazza a panasz tartalm\u00e1t; valamint a panasz kezel\u00e9s\u00e9nek d\u00e1tum\u00e1nak \u00e9s m\u00f3dj\u00e1nak meger\u0151s\u00edt\u00e9s\u00e9t.<\/p> \n<p><br \/> 6.4 A T\u00e1rsas\u00e1g k\u00f6teles t\u00e1j\u00e9koztatni az \u00dcgyfelet a panasz megold\u00e1s\u00e1r\u00f3l \u00e9s annak m\u00f3dj\u00e1r\u00f3l az \u00dcgyf\u00e9l elektronikus c\u00edm\u00e9re.<\/p> \n<p><br \/> 6.5 Ha a hiba elh\u00e1r\u00edthat\u00f3, a Vev\u0151 k\u00f6vetelheti a hi\u00e1nyz\u00f3 r\u00e9sz jav\u00edt\u00e1s\u00e1t vagy p\u00f3tl\u00e1s\u00e1t, illetve \u00e9sszer\u0171 \u00e1rengedm\u00e9nyt. Ha a hiba nem jav\u00edthat\u00f3 ki, a Vev\u0151 el\u00e1llhat a Szerz\u0151d\u00e9st\u0151l, vagy \u00e9sszer\u0171 \u00e1rengedm\u00e9nyt k\u00e9rhet.<\/p> \n<p><br \/> 6.6 A fogyaszt\u00f3 panasz\u00e1t, bele\u00e9rtve a hiba elt\u00e1vol\u00edt\u00e1s\u00e1t is, indokolatlan k\u00e9sedelem n\u00e9lk\u00fcl, legk\u00e9s\u0151bb a panasz k\u00e9zhezv\u00e9tel\u00e9t\u0151l sz\u00e1m\u00edtott 30 napon bel\u00fcl kezelj\u00fck. Ezen id\u0151szak lej\u00e1rta ut\u00e1n a fogyaszt\u00f3t ugyanazok a jogok illetik meg, mintha a Szerz\u0151d\u00e9s l\u00e9nyeges megszeg\u00e9se t\u00f6rt\u00e9nt volna.<\/p> \n<p><br \/> 6.7 A T\u00e1rsas\u00e1g nem v\u00e1llal felel\u0151ss\u00e9get semmilyen k\u00f6zvetlen vagy k\u00f6zvetett vesztes\u00e9g\u00e9rt, s\u00e9r\u00fcl\u00e9s\u00e9rt vagy anyagi k\u00e1r\u00e9rt, amelyet a Szolg\u00e1ltat\u00e1s hib\u00e1ja okoz, kiv\u00e9ve, ha az ilyen vesztes\u00e9get, s\u00e9r\u00fcl\u00e9st vagy anyagi k\u00e1rt a T\u00e1rsas\u00e1g gondatlans\u00e1ga, mulaszt\u00e1sa vagy sz\u00e1nd\u00e9ka okozta.<\/p> \n<h3><\/h3> \n<h3 id=\"-dal-prva-a-povinnosti-smluvnch-stran\" class=\"scroll-mt-6\"> 7. A SZERZ\u0150D\u0150 FELEK EGY\u00c9B JOGAI \u00c9S K\u00d6TELEZETTS\u00c9GEI<\/h3> \n<p> 7.1 A T\u00e1rsas\u00e1g jogosult a Szerz\u0151d\u00e9st\u0151l el\u00e1llni, amennyiben nem tudja megfizetni az eur\u00f3pai fizet\u0151s utak haszn\u00e1lat\u00e1\u00e9rt j\u00e1r\u00f3 d\u00edjat. A T\u00e1rsas\u00e1g err\u0151l halad\u00e9ktalanul t\u00e1j\u00e9koztatja az \u00dcgyfelet az Elektronikus C\u00edm\u00e9n, \u00e9s a Szerz\u0151d\u00e9s alapj\u00e1n t\u0151le kapott \u00f6sszes p\u00e9nzeszk\u00f6zt visszat\u00e9r\u00edti a Szerz\u0151d\u00e9st\u0151l val\u00f3 el\u00e1ll\u00e1sr\u00f3l sz\u00f3l\u00f3 \u00e9rtes\u00edt\u00e9st\u0151l sz\u00e1m\u00edtott 14 napon bel\u00fcl, mindk\u00e9t f\u00e9l sz\u00e1m\u00e1ra kiel\u00e9g\u00edt\u0151 m\u00f3don (el\u0151zetes meg\u00e1llapod\u00e1s alapj\u00e1n), vagy az \u00dcgyf\u00e9l \u00e1ltal meghat\u00e1rozott m\u00f3don.<\/p> \n<p><br \/> 7.2 A T\u00e1rsas\u00e1g az \u00dcgyf\u00e9lpanaszokat a <!-- No shortcodes are defined --> elektronikus c\u00edmen kereszt\u00fcl kezeli. A T\u00e1rsas\u00e1g a Vev\u0151 panasz\u00e1nak kezel\u00e9s\u00e9r\u0151l sz\u00f3l\u00f3 t\u00e1j\u00e9koztat\u00e1st a Vev\u0151 elektronikus c\u00edm\u00e9re k\u00fcldi.<\/p> \n<p><br \/> 7.3 Amennyiben az \u00dcgyf\u00e9l fogyaszt\u00f3, a Szerz\u0151d\u00e9sb\u0151l ered\u0151 fogyaszt\u00f3i vit\u00e1k b\u00edr\u00f3s\u00e1gon k\u00edv\u00fcli rendez\u00e9se a Cseh Kereskedelmi Fel\u00fcgyeleti Hat\u00f3s\u00e1g (azonos\u00edt\u00f3 sz\u00e1ma: 00020869, sz\u00e9khelye: \u0160t\u011bp\u00e1nsk\u00e1 567\/15, 120 00 Pr\u00e1ga 2 \u2013 Nov\u00e9 M\u011bsto, internetc\u00edm: <a href=\"https:\/\/adr.coi.cz\/cs\">https:\/\/adr.coi.cz\/cs<\/a> ) illet\u00e9kes. Tov\u00e1bb\u00e1 a fogyaszt\u00f3 jogosult az online vitarendez\u00e9si platformot is ig\u00e9nybe venni a <a href=\"http:\/\/ec.europa.eu\/consumers\/odr.%EF%BF%BC7.4\">http:\/\/ec.europa.eu\/consumers\/odr internetc\u00edmen.<\/a><\/p> \n<p><br \/> <a>7.4<\/a> Fogyaszt\u00f3i kapcsolattart\u00f3 pont az Eur\u00f3pai Parlament \u00e9s a Tan\u00e1cs (EU) 2014\/111 rendelete \u00e9rtelm\u00e9ben. A fogyaszt\u00f3k online vitarendez\u00e9s\u00e9r\u0151l, valamint a 2006\/2004\/EK rendelet \u00e9s a 2009\/22\/EK ir\u00e1nyelv (a fogyaszt\u00f3i jogvit\u00e1k online rendez\u00e9s\u00e9r\u0151l sz\u00f3l\u00f3 rendelet) m\u00f3dos\u00edt\u00e1s\u00e1r\u00f3l sz\u00f3l\u00f3, 2013. m\u00e1jus 21-i 524\/2013. sz\u00e1m\u00fa rendelet hat\u00e1lya al\u00e1 tartozik a Cseh K\u00f6zt\u00e1rsas\u00e1g Eur\u00f3pai Fogyaszt\u00f3i K\u00f6zpontja, amelynek sz\u00e9khelye a \u0160t\u011bp\u00e1nsk\u00e1 567\/15, 120 00 Pr\u00e1ga 2 \u2013 Nov\u00e9 M\u011bsto, internetc\u00edm: <a href=\"http:\/\/www.evropskyspotrebitel.cz\/\">http:\/\/www.evropskyspotrebitel.cz<\/a> .<\/p> \n<h3><\/h3> \n<h3 id=\"-doruovn\" class=\"scroll-mt-6\"> 8. SZ\u00c1LL\u00cdT\u00c1S<\/h3> \n<p> 8.1 Elt\u00e9r\u0151 rendelkez\u00e9s hi\u00e1ny\u00e1ban az \u00dcgyf\u00e9lnek c\u00edmzett \u00f6sszes \u00e9rtes\u00edt\u00e9st elektronikus \u00fczenet form\u00e1j\u00e1ban kell megtenni, az \u00dcgyf\u00e9l elektronikus c\u00edm\u00e9re c\u00edmezve.<\/p> \n<h3 id=\"-zvren-ustanoven\" class=\"scroll-mt-6\"> 9. Z\u00c1R\u00d3 RENDELKEZ\u00c9SEK<\/h3> \n<p> 9.1 Amennyiben a Szerz\u0151d\u00e9s \u00e1ltal l\u00e9trehozott kapcsolat nemzetk\u00f6zi (k\u00fclf\u00f6ldi) elemet tartalmaz, a szerz\u0151d\u0151 felek meg\u00e1llapodnak abban, hogy a kapcsolatra a cseh jog az ir\u00e1nyad\u00f3. Ez nem \u00e9rinti a Fogyaszt\u00f3 \u00e1ltal\u00e1nosan k\u00f6telez\u0151 \u00e9rv\u00e9ny\u0171 jogszab\u00e1lyokb\u00f3l ered\u0151 jogait.<\/p> \n<p><br \/> 9.2 Ha az \u00c1SZF b\u00e1rmely rendelkez\u00e9se \u00e9rv\u00e9nytelen vagy hat\u00e1lytalan, vagy azz\u00e1 v\u00e1lik, az \u00e9rv\u00e9nytelen rendelkez\u00e9st olyan rendelkez\u00e9ssel kell helyettes\u00edteni, amelynek jelent\u00e9se a lehet\u0151 legk\u00f6zelebb \u00e1ll az \u00e9rv\u00e9nytelen rendelkez\u00e9shez. Egyik rendelkez\u00e9s \u00e9rv\u00e9nytelens\u00e9ge vagy hat\u00e1lytalans\u00e1ga nem \u00e9rinti a t\u00f6bbi rendelkez\u00e9s \u00e9rv\u00e9nyess\u00e9g\u00e9t.<\/p> \n<p><br \/> 9.3 A V\u00e1s\u00e1rl\u00e1si Szerz\u0151d\u00e9st a T\u00e1rsas\u00e1g elektronikus form\u00e1ban archiv\u00e1lja, \u00e9s harmadik felek sz\u00e1m\u00e1ra nem f\u00e9rhet hozz\u00e1.<\/p> \n<p><br \/> 9.4 A jelen \u00c1SZF f\u00fcggel\u00e9k\u00e9ben tal\u00e1lhat\u00f3 a fogyaszt\u00f3 \u00e1ltali el\u00e1ll\u00e1shoz sz\u00fcks\u00e9ges minta\u0171rlap.<\/p> \n<p><br \/> 9.5 Jelen \u00c1SZF 2023. november 9-\u00e9n l\u00e9p hat\u00e1lyba.<\/p> \n\n","protected":false},"excerpt":{"rendered":"","protected":false},"author":1,"featured_media":0,"parent":0,"menu_order":0,"comment_status":"closed","ping_status":"closed","template":"","meta":{"_uag_custom_page_level_css":"","site-sidebar-layout":"default","site-content-layout":"","ast-site-content-layout":"","site-content-style":"default","site-sidebar-style":"default","ast-global-header-display":"","ast-banner-title-visibility":"","ast-main-header-display":"","ast-hfb-above-header-display":"","ast-hfb-below-header-display":"","ast-hfb-mobile-header-display":"","site-post-title":"","ast-breadcrumbs-content":"","ast-featured-img":"","footer-sml-layout":"","theme-transparent-header-meta":"","adv-header-id-meta":"","stick-header-meta":"","header-above-stick-meta":"","header-main-stick-meta":"","header-below-stick-meta":"","astra-migrate-meta-layouts":"default","ast-page-background-enabled":"default","ast-page-background-meta":{"desktop":{"background-color":"var(--ast-global-color-4)","background-image":"","background-repeat":"repeat","background-position":"center center","background-size":"auto","background-attachment":"scroll","background-type":"","background-media":"","overlay-type":"","overlay-color":"","overlay-opacity":"","overlay-gradient":""},"tablet":{"background-color":"","background-image":"","background-repeat":"repeat","background-position":"center center","background-size":"auto","background-attachment":"scroll","background-type":"","background-media":"","overlay-type":"","overlay-color":"","overlay-opacity":"","overlay-gradient":""},"mobile":{"background-color":"","background-image":"","background-repeat":"repeat","background-position":"center center","background-size":"auto","background-attachment":"scroll","background-type":"","background-media":"","overlay-type":"","overlay-color":"","overlay-opacity":"","overlay-gradient":""}},"ast-content-background-meta":{"desktop":{"background-color":"var(--ast-global-color-5)","background-image":"","background-repeat":"repeat","background-position":"center center","background-size":"auto","background-attachment":"scroll","background-type":"","background-media":"","overlay-type":"","overlay-color":"","overlay-opacity":"","overlay-gradient":""},"tablet":{"background-color":"var(--ast-global-color-5)","background-image":"","background-repeat":"repeat","background-position":"center center","background-size":"auto","background-attachment":"scroll","background-type":"","background-media":"","overlay-type":"","overlay-color":"","overlay-opacity":"","overlay-gradient":""},"mobile":{"background-color":"var(--ast-global-color-5)","background-image":"","background-repeat":"repeat","background-position":"center center","background-size":"auto","background-attachment":"scroll","background-type":"","background-media":"","overlay-type":"","overlay-color":"","overlay-opacity":"","overlay-gradient":""}},"footnotes":""},"categories":[],"tags":[],"class_list":["post-389","page","type-page","status-publish","hentry"],"uagb_featured_image_src":{"full":false,"thumbnail":false,"medium":false,"medium_large":false,"large":false,"1536x1536":false,"2048x2048":false},"uagb_author_info":{"display_name":"admin","author_link":"https:\/\/www.etafast.org\/hu\/author\/admin\/"},"uagb_comment_info":0,"uagb_excerpt":null,"_links":{"self":[{"href":"https:\/\/www.etafast.org\/hu\/wp-json\/wp\/v2\/pages\/389","targetHints":{"allow":["GET"]}}],"collection":[{"href":"https:\/\/www.etafast.org\/hu\/wp-json\/wp\/v2\/pages"}],"about":[{"href":"https:\/\/www.etafast.org\/hu\/wp-json\/wp\/v2\/types\/page"}],"author":[{"embeddable":true,"href":"https:\/\/www.etafast.org\/hu\/wp-json\/wp\/v2\/users\/1"}],"replies":[{"embeddable":true,"href":"https:\/\/www.etafast.org\/hu\/wp-json\/wp\/v2\/comments?post=389"}],"version-history":[{"count":1,"href":"https:\/\/www.etafast.org\/hu\/wp-json\/wp\/v2\/pages\/389\/revisions"}],"predecessor-version":[{"id":390,"href":"https:\/\/www.etafast.org\/hu\/wp-json\/wp\/v2\/pages\/389\/revisions\/390"}],"wp:attachment":[{"href":"https:\/\/www.etafast.org\/hu\/wp-json\/wp\/v2\/media?parent=389"}],"wp:term":[{"taxonomy":"category","embeddable":true,"href":"https:\/\/www.etafast.org\/hu\/wp-json\/wp\/v2\/categories?post=389"},{"taxonomy":"post_tag","embeddable":true,"href":"https:\/\/www.etafast.org\/hu\/wp-json\/wp\/v2\/tags?post=389"}],"curies":[{"name":"wp","href":"https:\/\/api.w.org\/{rel}","templated":true}]}}