{"id":1529,"date":"2024-12-11T08:24:51","date_gmt":"2024-12-11T07:24:51","guid":{"rendered":"https:\/\/www.etafast.org\/ki-palyazhat\/"},"modified":"2024-12-11T09:16:00","modified_gmt":"2024-12-11T08:16:00","slug":"ki-palyazhat","status":"publish","type":"page","link":"https:\/\/www.etafast.org\/hu\/ki-palyazhat\/","title":{"rendered":"Ki p\u00e1ly\u00e1zhat"},"content":{"rendered":"\n<h3 class=\"wp-block-heading\">Ki ig\u00e9nyelhet elektronikus utaz\u00e1si enged\u00e9lyt (eTA)?<\/h3>\n\n<p>Az elektronikus utaz\u00e1si enged\u00e9ly (eTA) bizonyos Kanad\u00e1ba rep\u00fcl\u0151vel utaz\u00f3 vagy Kanad\u00e1n \u00e1tutaz\u00f3 szem\u00e9lyek sz\u00e1m\u00e1ra k\u00f6telez\u0151. Az al\u00e1bbiakban r\u00e9szletesen ismertetj\u00fck, hogy kik jogosultak az ig\u00e9nyl\u00e9sre: <\/p>\n\n<h4 class=\"wp-block-heading\"><strong>Az eTA jogosults\u00e1gi felt\u00e9telei<\/strong><\/h4>\n\n<p>Akkor ig\u00e9nyelhet eTA-t, ha az <strong>al\u00e1bbi h\u00e1rom k\u00f6vetelm\u00e9ny mindegyik\u00e9nek<\/strong> megfelel:<\/p>\n\n<ol class=\"wp-block-list\">\n<li><strong>Kor\u00e1bbi utaz\u00e1si el\u0151zm\u00e9nyek<\/strong>:<ul><li>\u00d6n az elm\u00falt 10 \u00e9vben kanadai l\u00e1togat\u00f3i v\u00edzummal (ideiglenes tart\u00f3zkod\u00e1si v\u00edzummal) rendelkezett, VAGY<\/li><li>\u00d6n jelenleg \u00e9rv\u00e9nyes, az Egyes\u00fclt \u00c1llamokba (USA) sz\u00f3l\u00f3 nem bev\u00e1ndorl\u00f3 v\u00edzummal rendelkezik.<\/li><\/ul><em>(Az \u00d6n amerikai nem bev\u00e1ndorl\u00f3 v\u00edzum\u00e1nak \u00e9rv\u00e9nyesnek kell lennie az eTA k\u00e9relmez\u00e9s\u00e9nek napj\u00e1n, de nem kell, hogy \u00e9rv\u00e9nyes maradjon a Kanad\u00e1ba t\u00f6rt\u00e9n\u0151 utaz\u00e1s alatt.)<\/em><\/li>\n\n\n\n<li><strong>Az utaz\u00e1s c\u00e9lja<\/strong>:\n<ul class=\"wp-block-list\">\n<li>\u00d6n <strong>\u00e1tmeneti<\/strong>, \u00e1ltal\u00e1ban legfeljebb hat h\u00f3napos <strong>tart\u00f3zkod\u00e1sra<\/strong> \u00e9rkezik Kanad\u00e1ba.<\/li>\n<\/ul>\n<\/li>\n\n\n\n<li><strong>Utaz\u00e1si m\u00f3d<\/strong>:\n<ul class=\"wp-block-list\">\n<li>\u00d6n a kanadai rep\u00fcl\u0151t\u00e9rre rep\u00fcl, vagy egy kanadai rep\u00fcl\u0151t\u00e9ren utazik \u00e1t, \u00e9s a <strong>v\u00edzumk\u00f6teles orsz\u00e1gok<\/strong> valamelyik\u00e9b\u0151l sz\u00e1rmaz\u00f3 \u00e9rv\u00e9nyes \u00fatlev\u00e9llel rendelkezik.<\/li>\n<\/ul>\n<\/li>\n<\/ol>\n\n<h4 class=\"wp-block-heading\"><strong>Jogosult v\u00edzumk\u00f6teles orsz\u00e1gok<\/strong><\/h4>\n\n<p>Az al\u00e1bbi orsz\u00e1gok \u00e1llampolg\u00e1rai akkor ig\u00e9nyelhetnek eTA-t, ha megfelelnek a fenti felt\u00e9teleknek:<\/p>\n\n<ul class=\"wp-block-list\">\n<li>Antigua \u00e9s Barbuda<\/li>\n\n\n\n<li>Argent\u00edna<\/li>\n\n\n\n<li>Braz\u00edlia<\/li>\n\n\n\n<li>Costa Rica<\/li>\n\n\n\n<li>Mexik\u00f3<\/li>\n\n\n\n<li>Marokk\u00f3<\/li>\n\n\n\n<li>Panama<\/li>\n\n\n\n<li>F\u00fcl\u00f6p-szigetek<\/li>\n\n\n\n<li>St. Kitts \u00e9s Nevis<\/li>\n\n\n\n<li>Szent Lucia<\/li>\n\n\n\n<li>Szent Vincent \u00e9s a Grenadine-szigetek<\/li>\n\n\n\n<li>Seychelle-szigetek<\/li>\n\n\n\n<li>Thaif\u00f6ld<\/li>\n\n\n\n<li>Trinidad \u00e9s Tobago<\/li>\n\n\n\n<li>Uruguay<\/li>\n<\/ul>\n\n<p>Ha nem felel meg ezeknek a k\u00f6vetelm\u00e9nyeknek, akkor l\u00e1togat\u00f3i v\u00edzumot (ideiglenes tart\u00f3zkod\u00e1si v\u00edzumot) kell k\u00e9relmeznie.<\/p>\n\n<hr class=\"wp-block-separator has-alpha-channel-opacity\"\/>\n\n<h3 class=\"wp-block-heading\"><strong>Kinek NEM kell eTA?<\/strong><\/h3>\n\n<ul class=\"wp-block-list\">\n<li><strong>Amerikai \u00e1llampolg\u00e1rok<\/strong>:<br\/>Az amerikai \u00e1llampolg\u00e1rok mentes\u00fclnek az eTA-k\u00f6telezetts\u00e9g al\u00f3l. Nekik csak \u00e9rv\u00e9nyes amerikai \u00fatlevelet kell felmutatniuk. <\/li>\n\n\n\n<li><strong>Kanadai \u00e1llampolg\u00e1rok (bele\u00e9rtve a kett\u0151s \u00e1llampolg\u00e1rokat is)<\/strong>:<br\/>Kanadai \u00e1llampolg\u00e1rok nem ig\u00e9nyelhetnek eTA-t. \u00c9rv\u00e9nyes kanadai \u00fatlev\u00e9llel kell utazniuk. A kett\u0151s \u00e1llampolg\u00e1roknak a kanadai \u00fatlevel\u00fcket is haszn\u00e1lniuk kell, amikor Kanad\u00e1ba rep\u00fclnek.  <\/li>\n\n\n\n<li><strong>Kanadai \u00e1lland\u00f3 lakosok<\/strong>:<br>Kanadai \u00e1lland\u00f3 lakosok nem ig\u00e9nyelhetnek eTA-t. Ehelyett a k\u00f6vetkez\u0151kkel kell utazniuk: \n<ul class=\"wp-block-list\">\n<li>\u00c9rv\u00e9nyes \u00e1lland\u00f3 lakc\u00edmk\u00e1rtya, VAGY<\/li>\n\n\n\n<li>\u00c1lland\u00f3 lakhellyel rendelkez\u0151 \u00fati okm\u00e1ny.<\/li>\n<\/ul>\n<\/li>\n\n\n\n<li><strong>Az Egyes\u00fclt \u00c1llamok t\u00f6rv\u00e9nyes \u00e1lland\u00f3 lakosai<\/strong>:<br>2022. \u00e1prilis 26-t\u00f3l az Egyes\u00fclt \u00c1llamok t\u00f6rv\u00e9nyes \u00e1lland\u00f3 lakosai mentes\u00fclnek az eTA-k\u00f6telezetts\u00e9g al\u00f3l. Nekik magukkal kell vinni\u00fck: \n<ul class=\"wp-block-list\">\n<li>az \u00e1llampolg\u00e1rs\u00e1ga szerinti orsz\u00e1g \u00e9rv\u00e9nyes \u00fatlevele, \u00e9s<\/li>\n\n\n\n<li>\u00c9rv\u00e9nyes amerikai z\u00f6ld k\u00e1rtya vagy azzal egyen\u00e9rt\u00e9k\u0171 st\u00e1tuszigazol\u00e1s.<\/li>\n<\/ul>\n<\/li>\n<\/ul>\n\n<hr class=\"wp-block-separator has-alpha-channel-opacity\"\/>\n\n<h3 class=\"wp-block-heading\"><strong>Utaz\u00e1si forgat\u00f3k\u00f6nyvek \u00e9s dokumentumk\u00f6vetelm\u00e9nyek<\/strong><\/h3>\n\n<figure class=\"wp-block-table\"><table class=\"has-fixed-layout\"><thead><tr><th><strong>Hogyan utazik Kanad\u00e1ba<\/strong><\/th><th><strong>Sz\u00fcks\u00e9ges dokumentum(ok)<\/strong><\/th><\/tr><\/thead><tbody><tr><td>Kanadai rep\u00fcl\u0151t\u00e9rre rep\u00fcl, vagy \u00e1tutazik egy kanadai rep\u00fcl\u0151t\u00e9ren, \u00e9s jogosult eTA-ra.<\/td><td>eTA vagy l\u00e1togat\u00f3i v\u00edzum<\/td><\/tr><tr><td>Kanadai rep\u00fcl\u0151t\u00e9rre rep\u00fcl, vagy \u00e1tutazik egy kanadai rep\u00fcl\u0151t\u00e9ren, \u00e9s NEM jogosult eTA-ra.<\/td><td>L\u00e1togat\u00f3i v\u00edzum<\/td><\/tr><tr><td>\u00c9rkez\u00e9s aut\u00f3val, busszal, vonattal vagy haj\u00f3val (bele\u00e9rtve a tengerj\u00e1r\u00f3 haj\u00f3kat is)<\/td><td>L\u00e1togat\u00f3i v\u00edzum<\/td><\/tr><tr><td>\u00c9rv\u00e9nyes kanadai v\u00edzummal utazik Kanad\u00e1ba<\/td><td>Nincs sz\u00fcks\u00e9g eTA-ra &#8211; haszn\u00e1lja a v\u00edzumot<\/td><\/tr><tr><td>Visszarep\u00fcl\u00e9s Kanad\u00e1ba a munkav\u00e1llal\u00e1si vagy tanulm\u00e1nyi enged\u00e9ly meg\u00faj\u00edt\u00e1sa ut\u00e1n<\/td><td>Az enged\u00e9ly meg\u00faj\u00edt\u00e1s\u00e1val egy\u00fctt ny\u00fajtott eTA<\/td><\/tr><tr><td>6 h\u00f3napn\u00e1l hosszabb id\u0151re utazik Kanad\u00e1ba dolgozni vagy tanulni<\/td><td>Munkav\u00e1llal\u00e1si vagy tanulm\u00e1nyi enged\u00e9ly (v\u00edzumot is tartalmaz)<\/td><\/tr><\/tbody><\/table><\/figure>\n\n<hr class=\"wp-block-separator has-alpha-channel-opacity\"\/>\n\n<h3 class=\"wp-block-heading\"><strong>Fontos megfontol\u00e1sok<\/strong><\/h3>\n\n<ul class=\"wp-block-list\">\n<li><strong>Alapvet\u0151 k\u00f6vetelm\u00e9nyek<\/strong>: A Kanad\u00e1ba val\u00f3 beutaz\u00e1shoz meg kell felelnie az \u00e1ltal\u00e1nos beutaz\u00e1si felt\u00e9teleknek, bele\u00e9rtve az \u00e9rv\u00e9nyes \u00fati okm\u00e1nyokat, a j\u00f3 eg\u00e9szs\u00e9gi \u00e1llapotot, az anyagi t\u00e1mogat\u00e1st \u00e9s a haz\u00e1j\u00e1hoz val\u00f3 er\u0151s k\u00f6t\u0151d\u00e9st.<\/li>\n\n\n\n<li><strong>Elfogadhatatlans\u00e1g<\/strong>: A b\u0171ncselekm\u00e9nyekben, biztons\u00e1gi fenyeget\u00e9sekben, illetve bizonyos eg\u00e9szs\u00e9g\u00fcgyi \u00e9s p\u00e9nz\u00fcgyi probl\u00e9m\u00e1kban \u00e9rintett szem\u00e9lyek m\u00e9g \u00e9rv\u00e9nyes eTA-val is elfogadhatatlannak min\u0151s\u00fclhetnek Kanad\u00e1ban.<\/li>\n<\/ul>\n\n<p>Az eTA c\u00e9lja, hogy a jogosultak sz\u00e1m\u00e1ra egyszer\u0171s\u00edtse a Kanad\u00e1ba t\u00f6rt\u00e9n\u0151 l\u00e9gi utaz\u00e1st. Felt\u00e9tlen\u00fcl olvassa el figyelmesen a k\u00f6vetelm\u00e9nyeket, \u00e9s j\u00f3val a tervezett utaz\u00e1s el\u0151tt ny\u00fajtsa be a k\u00e9relmet. <\/p>\n","protected":false},"excerpt":{"rendered":"<p>Ki ig\u00e9nyelhet elektronikus utaz\u00e1si enged\u00e9lyt (eTA)? Az elektronikus utaz\u00e1si enged\u00e9ly (eTA) bizonyos Kanad\u00e1ba rep\u00fcl\u0151vel utaz\u00f3 vagy Kanad\u00e1n \u00e1tutaz\u00f3 szem\u00e9lyek sz\u00e1m\u00e1ra [&hellip;]<\/p>\n","protected":false},"author":1,"featured_media":0,"parent":0,"menu_order":0,"comment_status":"closed","ping_status":"closed","template":"","meta":{"_uag_custom_page_level_css":"","site-sidebar-layout":"default","site-content-layout":"","ast-site-content-layout":"","site-content-style":"default","site-sidebar-style":"default","ast-global-header-display":"","ast-banner-title-visibility":"","ast-main-header-display":"","ast-hfb-above-header-display":"","ast-hfb-below-header-display":"","ast-hfb-mobile-header-display":"","site-post-title":"","ast-breadcrumbs-content":"","ast-featured-img":"","footer-sml-layout":"","theme-transparent-header-meta":"","adv-header-id-meta":"","stick-header-meta":"","header-above-stick-meta":"","header-main-stick-meta":"","header-below-stick-meta":"","astra-migrate-meta-layouts":"default","ast-page-background-enabled":"default","ast-page-background-meta":{"desktop":{"background-color":"var(--ast-global-color-4)","background-image":"","background-repeat":"repeat","background-position":"center center","background-size":"auto","background-attachment":"scroll","background-type":"","background-media":"","overlay-type":"","overlay-color":"","overlay-opacity":"","overlay-gradient":""},"tablet":{"background-color":"","background-image":"","background-repeat":"repeat","background-position":"center center","background-size":"auto","background-attachment":"scroll","background-type":"","background-media":"","overlay-type":"","overlay-color":"","overlay-opacity":"","overlay-gradient":""},"mobile":{"background-color":"","background-image":"","background-repeat":"repeat","background-position":"center center","background-size":"auto","background-attachment":"scroll","background-type":"","background-media":"","overlay-type":"","overlay-color":"","overlay-opacity":"","overlay-gradient":""}},"ast-content-background-meta":{"desktop":{"background-color":"var(--ast-global-color-5)","background-image":"","background-repeat":"repeat","background-position":"center center","background-size":"auto","background-attachment":"scroll","background-type":"","background-media":"","overlay-type":"","overlay-color":"","overlay-opacity":"","overlay-gradient":""},"tablet":{"background-color":"var(--ast-global-color-5)","background-image":"","background-repeat":"repeat","background-position":"center center","background-size":"auto","background-attachment":"scroll","background-type":"","background-media":"","overlay-type":"","overlay-color":"","overlay-opacity":"","overlay-gradient":""},"mobile":{"background-color":"var(--ast-global-color-5)","background-image":"","background-repeat":"repeat","background-position":"center center","background-size":"auto","background-attachment":"scroll","background-type":"","background-media":"","overlay-type":"","overlay-color":"","overlay-opacity":"","overlay-gradient":""}},"footnotes":""},"categories":[],"tags":[],"class_list":["post-1529","page","type-page","status-publish","hentry"],"uagb_featured_image_src":{"full":false,"thumbnail":false,"medium":false,"medium_large":false,"large":false,"1536x1536":false,"2048x2048":false},"uagb_author_info":{"display_name":"admin","author_link":"https:\/\/www.etafast.org\/hu\/author\/admin\/"},"uagb_comment_info":0,"uagb_excerpt":"Ki ig\u00e9nyelhet elektronikus utaz\u00e1si enged\u00e9lyt (eTA)? Az elektronikus utaz\u00e1si enged\u00e9ly (eTA) bizonyos Kanad\u00e1ba rep\u00fcl\u0151vel utaz\u00f3 vagy Kanad\u00e1n \u00e1tutaz\u00f3 szem\u00e9lyek sz\u00e1m\u00e1ra [&hellip;]","_links":{"self":[{"href":"https:\/\/www.etafast.org\/hu\/wp-json\/wp\/v2\/pages\/1529","targetHints":{"allow":["GET"]}}],"collection":[{"href":"https:\/\/www.etafast.org\/hu\/wp-json\/wp\/v2\/pages"}],"about":[{"href":"https:\/\/www.etafast.org\/hu\/wp-json\/wp\/v2\/types\/page"}],"author":[{"embeddable":true,"href":"https:\/\/www.etafast.org\/hu\/wp-json\/wp\/v2\/users\/1"}],"replies":[{"embeddable":true,"href":"https:\/\/www.etafast.org\/hu\/wp-json\/wp\/v2\/comments?post=1529"}],"version-history":[{"count":1,"href":"https:\/\/www.etafast.org\/hu\/wp-json\/wp\/v2\/pages\/1529\/revisions"}],"predecessor-version":[{"id":1530,"href":"https:\/\/www.etafast.org\/hu\/wp-json\/wp\/v2\/pages\/1529\/revisions\/1530"}],"wp:attachment":[{"href":"https:\/\/www.etafast.org\/hu\/wp-json\/wp\/v2\/media?parent=1529"}],"wp:term":[{"taxonomy":"category","embeddable":true,"href":"https:\/\/www.etafast.org\/hu\/wp-json\/wp\/v2\/categories?post=1529"},{"taxonomy":"post_tag","embeddable":true,"href":"https:\/\/www.etafast.org\/hu\/wp-json\/wp\/v2\/tags?post=1529"}],"curies":[{"name":"wp","href":"https:\/\/api.w.org\/{rel}","templated":true}]}}