{"id":1355,"date":"2024-12-11T08:26:43","date_gmt":"2024-12-11T07:26:43","guid":{"rendered":"https:\/\/www.etafast.org\/hosszabbitsa-meg-kanadai-tartozkodasat\/"},"modified":"2024-12-11T09:13:37","modified_gmt":"2024-12-11T08:13:37","slug":"hosszabbitsa-meg-kanadai-tartozkodasat","status":"publish","type":"page","link":"https:\/\/www.etafast.org\/hu\/hosszabbitsa-meg-kanadai-tartozkodasat\/","title":{"rendered":"Hosszabb\u00edtsa meg kanadai tart\u00f3zkod\u00e1s\u00e1t"},"content":{"rendered":"\n<h3 class=\"wp-block-heading\">Hosszabb\u00edtsa meg kanadai tart\u00f3zkod\u00e1s\u00e1t: L\u00e1togat\u00f3i nyilv\u00e1ntart\u00e1s<\/h3>\n\n<p>Ha az eredetileg enged\u00e9lyezett l\u00e1togat\u00e1si id\u0151szakn\u00e1l hosszabb ideig szeretne Kanad\u00e1ban maradni, <strong>l\u00e1togat\u00f3i nyilv\u00e1ntart\u00e1st<\/strong> kell k\u00e9rnie. A l\u00e1togat\u00f3i nyilv\u00e1ntart\u00e1s egy olyan fontos dokumentum, amely lehet\u0151v\u00e9 teszi, hogy a bev\u00e1ndorl\u00e1si szab\u00e1lyok megs\u00e9rt\u00e9se n\u00e9lk\u00fcl meghosszabb\u00edtsa tart\u00f3zkod\u00e1s\u00e1t. <\/p>\n\n<hr class=\"wp-block-separator has-alpha-channel-opacity\"\/>\n\n<h3 class=\"wp-block-heading\"><strong>Mi az a l\u00e1togat\u00f3i nyilv\u00e1ntart\u00e1s?<\/strong><\/h3>\n\n<p>A l\u00e1togat\u00f3i nyilv\u00e1ntart\u00e1s <strong>nem v\u00edzum<\/strong>. Ehelyett egy hivatalos dokumentum, amely: <\/p>\n\n<ul class=\"wp-block-list\">\n<li>Enged\u00e9lyezi, hogy hosszabb ideig maradjon Kanad\u00e1ban <strong>l\u00e1togat\u00f3k\u00e9nt<\/strong>, enged\u00e9ly n\u00e9lk\u00fcl dolgozni jogosult munkav\u00e1llal\u00f3k\u00e9nt vagy enged\u00e9ly n\u00e9lk\u00fcl tanulni jogosult di\u00e1kk\u00e9nt.<\/li>\n\n\n\n<li>Megadja az \u00faj lej\u00e1rati d\u00e1tumot, ameddig el kell hagynia Kanad\u00e1t.<\/li>\n<\/ul>\n\n<hr class=\"wp-block-separator has-alpha-channel-opacity\"\/>\n\n<h3 class=\"wp-block-heading\"><strong>Mikor kell l\u00e1togat\u00f3i nyilv\u00e1ntart\u00e1st k\u00e9rni<\/strong><\/h3>\n\n<p>A <strong>jelenlegi st\u00e1tusz\u00e1nak lej\u00e1rta el\u0151tt<\/strong> l\u00e1togat\u00f3i nyilv\u00e1ntart\u00e1st kell k\u00e9rnie.<\/p>\n\n<ul class=\"wp-block-list\">\n<li>Ellen\u0151rizze az \u00fatlev\u00e9lb\u00e9lyegz\u0151j\u00e9t vagy a Kanad\u00e1ba val\u00f3 bel\u00e9p\u00e9skor ki\u00e1ll\u00edtott, az enged\u00e9lyezett tart\u00f3zkod\u00e1si id\u0151tartamr\u00f3l sz\u00f3l\u00f3 \u00edr\u00e1sos igazol\u00e1st.<\/li>\n\n\n\n<li>Ha nem adtak meg konkr\u00e9t d\u00e1tumot, a st\u00e1tusza \u00e1ltal\u00e1ban <strong>az \u00e9rkez\u00e9si d\u00e1tumt\u00f3l sz\u00e1m\u00edtott 6 h\u00f3nap m\u00falva<\/strong> j\u00e1r le.<\/li>\n<\/ul>\n\n<hr class=\"wp-block-separator has-alpha-channel-opacity\"\/>\n\n<h3 class=\"wp-block-heading\"><strong>Ki ig\u00e9nyelhet l\u00e1togat\u00f3i nyilv\u00e1ntart\u00e1st?<\/strong><\/h3>\n\n<p>\u00d6n akkor k\u00e9rhet l\u00e1togat\u00f3i nyilv\u00e1ntart\u00e1st, ha:<\/p>\n\n<ul class=\"wp-block-list\">\n<li>L\u00e1togat\u00f3i v\u00edzummal, eTA-val vagy m\u00e1s \u00e9rv\u00e9nyes \u00fati okm\u00e1nnyal l\u00e9pett be Kanad\u00e1ba, \u00e9s most szeretn\u00e9 meghosszabb\u00edtani enged\u00e9lyezett tart\u00f3zkod\u00e1s\u00e1t.<\/li>\n\n\n\n<li>Jelenleg l\u00e1togat\u00f3k\u00e9nt, munkav\u00e1llal\u00f3k\u00e9nt vagy di\u00e1kk\u00e9nt tart\u00f3zkodik Kanad\u00e1ban enged\u00e9ly n\u00e9lk\u00fcl, \u00e9s szeretn\u00e9 meghosszabb\u00edtani st\u00e1tusz\u00e1t.<\/li>\n<\/ul>\n\n<hr class=\"wp-block-separator has-alpha-channel-opacity\"\/>\n\n<h3 class=\"wp-block-heading\"><strong>L\u00e1togat\u00f3i nyilv\u00e1ntart\u00e1s ig\u00e9nyl\u00e9se<\/strong><\/h3>\n\n<p>A l\u00e1togat\u00f3i nyilv\u00e1ntart\u00e1s k\u00e9relmez\u00e9se a k\u00f6vetkez\u0151 l\u00e9p\u00e9sekb\u0151l \u00e1ll:<\/p>\n\n<ol class=\"wp-block-list\">\n<li><strong>K\u00e9sz\u00edtse el\u0151 a dokumentumokat<\/strong>:\n<ul class=\"wp-block-list\">\n<li>\u00c9rv\u00e9nyes \u00fatlev\u00e9l vagy \u00fati okm\u00e1ny (biztos\u00edtsa, hogy a meghosszabb\u00edtott tart\u00f3zkod\u00e1s teljes id\u0151tartam\u00e1ra \u00e9rv\u00e9nyes legyen).<\/li>\n\n\n\n<li>A meghosszabb\u00edtott tart\u00f3zkod\u00e1s idej\u00e9re elegend\u0151 anyagi fedezet igazol\u00e1sa.<\/li>\n\n\n\n<li>Egy\u00e9rtelm\u0171 magyar\u00e1zat arra, hogy mi\u00e9rt k\u00edv\u00e1nja meghosszabb\u00edtani kanadai tart\u00f3zkod\u00e1s\u00e1t.<\/li>\n<\/ul>\n<\/li>\n\n\n\n<li><strong>P\u00e1ly\u00e1zat\u00e1nak online bek\u00fcld\u00e9se<\/strong>:\n<ul class=\"wp-block-list\">\n<li>T\u00f6ltse ki a jelentkez\u00e9si lapot az <a>IRCC port\u00e1lon<\/a> kereszt\u00fcl.<\/li>\n\n\n\n<li>Fizesse be a jelentkez\u00e9si d\u00edjat, amely <strong> 100 doll\u00e1rn\u00e1l<\/strong> kezd\u0151dik.<\/li>\n<\/ul>\n<\/li>\n\n\n\n<li><strong>Jelentkezzen kor\u00e1n<\/strong>:\n<ul class=\"wp-block-list\">\n<li>A feldolgoz\u00e1si id\u0151 k\u00f6r\u00fclbel\u00fcl <strong>126 nap<\/strong>, ez\u00e9rt fontos, hogy j\u00f3val a jelenlegi st\u00e1tusz lej\u00e1rta el\u0151tt jelentkezzen.<\/li>\n\n\n\n<li>Ha a st\u00e1tusza lej\u00e1r, mik\u00f6zben a k\u00e9relm\u00e9nek elb\u00edr\u00e1l\u00e1sa folyamatban van, akkor \u00d6n <strong>implicit st\u00e1tusszal<\/strong> rendelkezik, \u00e9s a d\u00f6nt\u00e9s meghozatal\u00e1ig leg\u00e1lisan tart\u00f3zkodhat Kanad\u00e1ban.<\/li>\n<\/ul>\n<\/li>\n<\/ol>\n\n<hr class=\"wp-block-separator has-alpha-channel-opacity\"\/>\n\n<h3 class=\"wp-block-heading\"><strong>Alkalmaz\u00e1s ut\u00e1n<\/strong><\/h3>\n\n<ul class=\"wp-block-list\">\n<li><strong>J\u00f3v\u00e1hagy\u00e1s<\/strong>: Ha k\u00e9relm\u00e9t j\u00f3v\u00e1hagyj\u00e1k, kap egy l\u00e1togat\u00f3i bejegyz\u00e9st, amelyben szerepel az \u00faj lej\u00e1rati d\u00e1tum.<\/li>\n\n\n\n<li><strong>Elutas\u00edt\u00e1s<\/strong>: Ha k\u00e9relm\u00e9t elutas\u00edtj\u00e1k, azonnal el kell hagynia Kanad\u00e1t.<\/li>\n\n\n\n<li><strong>Implik\u00e1lt st\u00e1tusz<\/strong>: Ha \u00d6n a st\u00e1tus\u00e1nak lej\u00e1rta el\u0151tt ny\u00fajtott be k\u00e9relmet, akkor a hat\u00e1rozatra v\u00e1rva leg\u00e1lisan maradhat Kanad\u00e1ban.<\/li>\n<\/ul>\n\n<hr class=\"wp-block-separator has-alpha-channel-opacity\"\/>\n\n<h3 class=\"wp-block-heading\"><strong>Kanad\u00e1n k\u00edv\u00fcli utaz\u00e1s<\/strong><\/h3>\n\n<p>A l\u00e1togat\u00f3i nyilv\u00e1ntart\u00e1s <strong>nem garant\u00e1lja a Kanad\u00e1ba val\u00f3 \u00fajb\u00f3li bel\u00e9p\u00e9st<\/strong>. Ha meghosszabb\u00edtott tart\u00f3zkod\u00e1sa alatt elhagyja Kanad\u00e1t, \u00e9s visszat\u00e9rni tervez, a k\u00f6vetkez\u0151kre lesz sz\u00fcks\u00e9ge: <\/p>\n\n<ul class=\"wp-block-list\">\n<li>\u00c9rv\u00e9nyes <strong>l\u00e1togat\u00f3i v\u00edzum<\/strong> vagy <strong>eTA<\/strong> a Kanad\u00e1ba val\u00f3 \u00fajb\u00f3li bel\u00e9p\u00e9shez, \u00e9s<\/li>\n\n\n\n<li>Az \u00d6n l\u00e1togat\u00f3i nyilv\u00e1ntart\u00e1sa, amely igazolja az enged\u00e9lyezett tart\u00f3zkod\u00e1s meghosszabb\u00edt\u00e1s\u00e1t.<\/li>\n<\/ul>\n\n<hr class=\"wp-block-separator has-alpha-channel-opacity\"\/>\n\n<h3 class=\"wp-block-heading\"><strong>F\u0151bb d\u00edjak \u00e9s feldolgoz\u00e1si id\u0151k<\/strong><\/h3>\n\n<ul class=\"wp-block-list\">\n<li><strong>D\u00edjak<\/strong>: <strong>$100-t\u00f3l<\/strong> kezd\u0151d\u0151en egy l\u00e1togat\u00f3i nyilv\u00e1ntart\u00e1si k\u00e9relem\u00e9rt.<\/li>\n\n\n\n<li><strong>Feldolgoz\u00e1si id\u0151<\/strong>: K\u00f6r\u00fclbel\u00fcl <strong>126 nap<\/strong> (v\u00e1ltozhat).<\/li>\n<\/ul>\n\n<hr class=\"wp-block-separator has-alpha-channel-opacity\"\/>\n\n<h3 class=\"wp-block-heading\"><strong>Fontos megjegyz\u00e9sek<\/strong><\/h3>\n\n<ul class=\"wp-block-list\">\n<li>Gondoskodjon arr\u00f3l, hogy \u00fatlevele a tart\u00f3zkod\u00e1s teljes id\u0151tartam\u00e1ra \u00e9rv\u00e9nyes maradjon.<\/li>\n\n\n\n<li>A l\u00e1togat\u00f3i nyilv\u00e1ntart\u00e1s nem teszi lehet\u0151v\u00e9, hogy Kanad\u00e1ban dolgozzon vagy tanuljon. Ezekhez a tev\u00e9kenys\u00e9gekhez munkav\u00e1llal\u00e1si vagy tanulm\u00e1nyi enged\u00e9lyre van sz\u00fcks\u00e9ge. <\/li>\n\n\n\n<li>Az enged\u00e9lyezett tart\u00f3zkod\u00e1s meghosszabb\u00edt\u00e1s k\u00e9relmez\u00e9se n\u00e9lk\u00fcli t\u00fall\u00e9p\u00e9se jogi szankci\u00f3kat vonhat maga ut\u00e1n, \u00e9s befoly\u00e1solhatja a j\u00f6v\u0151beni kanadai utaz\u00e1sokat.<\/li>\n<\/ul>\n\n<p>Kanadai tart\u00f3zkod\u00e1s\u00e1nak meghosszabb\u00edt\u00e1s\u00e1nak tervez\u00e9se el\u0151k\u00e9sz\u00fcleteket \u00e9s id\u0151ben beny\u00fajtott k\u00e9relmeket ig\u00e9nyel. Ha betartja a folyamatot, hosszabb ideig maradhat, mik\u00f6zben betartja a kanadai bev\u00e1ndorl\u00e1si t\u00f6rv\u00e9nyeket. <\/p>\n","protected":false},"excerpt":{"rendered":"<p>Hosszabb\u00edtsa meg kanadai tart\u00f3zkod\u00e1s\u00e1t: L\u00e1togat\u00f3i nyilv\u00e1ntart\u00e1s Ha az eredetileg enged\u00e9lyezett l\u00e1togat\u00e1si id\u0151szakn\u00e1l hosszabb ideig szeretne Kanad\u00e1ban maradni, l\u00e1togat\u00f3i nyilv\u00e1ntart\u00e1st kell [&hellip;]<\/p>\n","protected":false},"author":1,"featured_media":0,"parent":0,"menu_order":0,"comment_status":"closed","ping_status":"closed","template":"","meta":{"_uag_custom_page_level_css":"","site-sidebar-layout":"default","site-content-layout":"","ast-site-content-layout":"","site-content-style":"default","site-sidebar-style":"default","ast-global-header-display":"","ast-banner-title-visibility":"","ast-main-header-display":"","ast-hfb-above-header-display":"","ast-hfb-below-header-display":"","ast-hfb-mobile-header-display":"","site-post-title":"","ast-breadcrumbs-content":"","ast-featured-img":"","footer-sml-layout":"","theme-transparent-header-meta":"","adv-header-id-meta":"","stick-header-meta":"","header-above-stick-meta":"","header-main-stick-meta":"","header-below-stick-meta":"","astra-migrate-meta-layouts":"default","ast-page-background-enabled":"default","ast-page-background-meta":{"desktop":{"background-color":"var(--ast-global-color-4)","background-image":"","background-repeat":"repeat","background-position":"center center","background-size":"auto","background-attachment":"scroll","background-type":"","background-media":"","overlay-type":"","overlay-color":"","overlay-opacity":"","overlay-gradient":""},"tablet":{"background-color":"","background-image":"","background-repeat":"repeat","background-position":"center center","background-size":"auto","background-attachment":"scroll","background-type":"","background-media":"","overlay-type":"","overlay-color":"","overlay-opacity":"","overlay-gradient":""},"mobile":{"background-color":"","background-image":"","background-repeat":"repeat","background-position":"center center","background-size":"auto","background-attachment":"scroll","background-type":"","background-media":"","overlay-type":"","overlay-color":"","overlay-opacity":"","overlay-gradient":""}},"ast-content-background-meta":{"desktop":{"background-color":"var(--ast-global-color-5)","background-image":"","background-repeat":"repeat","background-position":"center center","background-size":"auto","background-attachment":"scroll","background-type":"","background-media":"","overlay-type":"","overlay-color":"","overlay-opacity":"","overlay-gradient":""},"tablet":{"background-color":"var(--ast-global-color-5)","background-image":"","background-repeat":"repeat","background-position":"center center","background-size":"auto","background-attachment":"scroll","background-type":"","background-media":"","overlay-type":"","overlay-color":"","overlay-opacity":"","overlay-gradient":""},"mobile":{"background-color":"var(--ast-global-color-5)","background-image":"","background-repeat":"repeat","background-position":"center center","background-size":"auto","background-attachment":"scroll","background-type":"","background-media":"","overlay-type":"","overlay-color":"","overlay-opacity":"","overlay-gradient":""}},"footnotes":""},"categories":[],"tags":[],"class_list":["post-1355","page","type-page","status-publish","hentry"],"uagb_featured_image_src":{"full":false,"thumbnail":false,"medium":false,"medium_large":false,"large":false,"1536x1536":false,"2048x2048":false},"uagb_author_info":{"display_name":"admin","author_link":"https:\/\/www.etafast.org\/hu\/author\/admin\/"},"uagb_comment_info":0,"uagb_excerpt":"Hosszabb\u00edtsa meg kanadai tart\u00f3zkod\u00e1s\u00e1t: L\u00e1togat\u00f3i nyilv\u00e1ntart\u00e1s Ha az eredetileg enged\u00e9lyezett l\u00e1togat\u00e1si id\u0151szakn\u00e1l hosszabb ideig szeretne Kanad\u00e1ban maradni, l\u00e1togat\u00f3i nyilv\u00e1ntart\u00e1st kell [&hellip;]","_links":{"self":[{"href":"https:\/\/www.etafast.org\/hu\/wp-json\/wp\/v2\/pages\/1355","targetHints":{"allow":["GET"]}}],"collection":[{"href":"https:\/\/www.etafast.org\/hu\/wp-json\/wp\/v2\/pages"}],"about":[{"href":"https:\/\/www.etafast.org\/hu\/wp-json\/wp\/v2\/types\/page"}],"author":[{"embeddable":true,"href":"https:\/\/www.etafast.org\/hu\/wp-json\/wp\/v2\/users\/1"}],"replies":[{"embeddable":true,"href":"https:\/\/www.etafast.org\/hu\/wp-json\/wp\/v2\/comments?post=1355"}],"version-history":[{"count":1,"href":"https:\/\/www.etafast.org\/hu\/wp-json\/wp\/v2\/pages\/1355\/revisions"}],"predecessor-version":[{"id":1356,"href":"https:\/\/www.etafast.org\/hu\/wp-json\/wp\/v2\/pages\/1355\/revisions\/1356"}],"wp:attachment":[{"href":"https:\/\/www.etafast.org\/hu\/wp-json\/wp\/v2\/media?parent=1355"}],"wp:term":[{"taxonomy":"category","embeddable":true,"href":"https:\/\/www.etafast.org\/hu\/wp-json\/wp\/v2\/categories?post=1355"},{"taxonomy":"post_tag","embeddable":true,"href":"https:\/\/www.etafast.org\/hu\/wp-json\/wp\/v2\/tags?post=1355"}],"curies":[{"name":"wp","href":"https:\/\/api.w.org\/{rel}","templated":true}]}}