{"id":1043,"date":"2024-12-11T08:29:22","date_gmt":"2024-12-11T07:29:22","guid":{"rendered":"https:\/\/www.etafast.org\/uzleti-latogatok\/"},"modified":"2024-12-11T09:08:54","modified_gmt":"2024-12-11T08:08:54","slug":"uzleti-latogatok","status":"publish","type":"page","link":"https:\/\/www.etafast.org\/hu\/uzleti-latogatok\/","title":{"rendered":"\u00dczleti l\u00e1togat\u00f3k"},"content":{"rendered":"\n<h3 class=\"wp-block-heading\">\u00dczleti l\u00e1togat\u00f3k: Tal\u00e1lkoz\u00f3k, rendezv\u00e9nyek \u00e9s konferenci\u00e1k l\u00e1togat\u00e1sa Kanad\u00e1ban<\/h3>\n\n<p>Az \u00fczleti l\u00e1togat\u00f3k l\u00e9tfontoss\u00e1g\u00fa szerepet j\u00e1tszanak a nemzetk\u00f6zi kereskedelem \u00e9s egy\u00fcttm\u0171k\u00f6d\u00e9s el\u0151mozd\u00edt\u00e1s\u00e1ban. Ha \u00fczleti l\u00e1togat\u00f3k\u00e9nt tal\u00e1lkoz\u00f3kon, rendezv\u00e9nyeken vagy konferenci\u00e1kon k\u00edv\u00e1n r\u00e9szt venni Kanad\u00e1ban, itt egy l\u00e9p\u00e9sr\u0151l l\u00e9p\u00e9sre k\u00f6vethet\u0151 \u00fatmutat\u00f3, amely biztos\u00edtja a z\u00f6kken\u0151mentes beutaz\u00e1si folyamatot. <\/p>\n\n<hr class=\"wp-block-separator has-alpha-channel-opacity\"\/>\n\n<h3 class=\"wp-block-heading\"><strong>1. l\u00e9p\u00e9s: \u00d6n \u00fczleti l\u00e1togat\u00f3 vagy munkav\u00e1llal\u00e1si enged\u00e9lyre van sz\u00fcks\u00e9ge?<\/strong><\/h3>\n\n<p>Ahhoz, hogy <strong>\u00fczleti l\u00e1togat\u00f3nak<\/strong> min\u0151s\u00fclj\u00f6n Kanad\u00e1ban, a k\u00f6vetkez\u0151 felt\u00e9teleknek kell teljes\u00fclni\u00fck:<\/p>\n\n<ul class=\"wp-block-list\">\n<li><strong>Id\u0151tartam<\/strong>: <strong>6 h\u00f3napn\u00e1l r\u00f6videbb<\/strong> id\u0151re tervezi a tart\u00f3zkod\u00e1st.<\/li>\n\n\n\n<li><strong>C\u00e9l<\/strong>: Nem bel\u00e9pni a kanadai munkaer\u0151piacra.<\/li>\n\n\n\n<li><strong>Az \u00fczlet forr\u00e1sa<\/strong>: Biztos\u00edtsa, hogy a f\u0151 \u00fczleti sz\u00e9khelye, j\u00f6vedelme \u00e9s nyeres\u00e9ge <strong>Kanad\u00e1n k\u00edv\u00fcl<\/strong> maradjon.<\/li>\n\n\n\n<li><strong>Dokumentumok<\/strong>: Rendelkezzen a k\u00e9relem al\u00e1t\u00e1maszt\u00e1s\u00e1hoz sz\u00fcks\u00e9ges dokumentumokkal.<\/li>\n<\/ul>\n\n<p><strong>Alapvet\u0151 bel\u00e9p\u00e9si k\u00f6vetelm\u00e9nyek<\/strong>:<\/p>\n\n<ul class=\"wp-block-list\">\n<li>\u00c9rv\u00e9nyes \u00fati okm\u00e1ny (p\u00e9ld\u00e1ul \u00fatlev\u00e9l).<\/li>\n\n\n\n<li>Elegend\u0151 p\u00e9nzeszk\u00f6z a tart\u00f3zkod\u00e1sra \u00e9s a hazautaz\u00e1sra.<\/li>\n\n\n\n<li>Bizony\u00edt\u00e9k arra vonatkoz\u00f3an, hogy a l\u00e1togat\u00e1s v\u00e9g\u00e9n elhagyja Kanad\u00e1t.<\/li>\n\n\n\n<li>A kanadaiakra n\u00e9zve nincs b\u0171n\u00fcgyi, biztons\u00e1gi vagy eg\u00e9szs\u00e9g\u00fcgyi kock\u00e1zat.<\/li>\n<\/ul>\n\n<p><strong>\u00dczleti l\u00e1togat\u00f3k\u00e9nt enged\u00e9lyezett tev\u00e9kenys\u00e9gek<\/strong>:<\/p>\n\n<ul class=\"wp-block-list\">\n<li>Kanadai \u00e1ruk vagy szolg\u00e1ltat\u00e1sok beszerz\u00e9se k\u00fclf\u00f6ldi v\u00e1llalkoz\u00e1s vagy korm\u00e1ny sz\u00e1m\u00e1ra.<\/li>\n\n\n\n<li>\u00c1ruk vagy szolg\u00e1ltat\u00e1sok megrendel\u00e9s\u00e9nek felv\u00e9tele.<\/li>\n\n\n\n<li>\u00c9rtekezleteken, konferenci\u00e1kon, kongresszusokon vagy v\u00e1s\u00e1rokon val\u00f3 r\u00e9szv\u00e9tel.<\/li>\n\n\n\n<li>Garanci\u00e1lis vagy \u00e9rt\u00e9kes\u00edt\u00e9si meg\u00e1llapod\u00e1s szerinti \u00e9rt\u00e9kes\u00edt\u00e9s ut\u00e1ni szolg\u00e1ltat\u00e1s ny\u00fajt\u00e1sa.<\/li>\n\n\n\n<li>Az \u00d6n v\u00e1llalkoz\u00e1s\u00e1val kapcsolatos k\u00e9pz\u00e9sben val\u00f3 r\u00e9szv\u00e9tel vagy annak lefolytat\u00e1sa.<\/li>\n<\/ul>\n\n<p><strong>Megjegyz\u00e9s<\/strong>: Ha l\u00e1togat\u00e1sa 6 h\u00f3napn\u00e1l hosszabb ideig tart\u00f3 tart\u00f3zkod\u00e1ssal vagy kanadai munkaer\u0151-piaci tev\u00e9kenys\u00e9ggel j\u00e1r, <strong>munkav\u00e1llal\u00e1si enged\u00e9lyre<\/strong> lehet sz\u00fcks\u00e9ge.<\/p>\n\n<hr class=\"wp-block-separator has-alpha-channel-opacity\"\/>\n\n<h3 class=\"wp-block-heading\"><strong>2. l\u00e9p\u00e9s: V\u00edzumra vagy eTA-ra van sz\u00fcks\u00e9ge?<\/strong><\/h3>\n\n<p>Az, hogy \u00d6nnek <strong>v\u00edzumra<\/strong> vagy <strong>elektronikus utaz\u00e1si enged\u00e9lyre (eTA<\/strong> ) van-e sz\u00fcks\u00e9ge, az \u00d6n \u00e1llampolg\u00e1rs\u00e1g\u00e1t\u00f3l \u00e9s utaz\u00e1si k\u00f6r\u00fclm\u00e9nyeit\u0151l f\u00fcgg.<\/p>\n\n<ul class=\"wp-block-list\">\n<li>Haszn\u00e1lja a <a>kanadai korm\u00e1ny eszk\u00f6z\u00e9t<\/a> a jogosults\u00e1g meghat\u00e1roz\u00e1s\u00e1hoz.<\/li>\n<\/ul>\n\n<hr class=\"wp-block-separator has-alpha-channel-opacity\"\/>\n\n<h3 class=\"wp-block-heading\"><strong>3. l\u00e9p\u00e9s: Esem\u00e9nyk\u00f3d beszerz\u00e9se (ha alkalmazhat\u00f3)<\/strong><\/h3>\n\n<p>A <strong>kanadai bev\u00e1ndorl\u00e1si, menek\u00fclt\u00fcgyi \u00e9s \u00e1llampolg\u00e1rs\u00e1gi hivatal (IRCC<\/strong>) \u00e1ltal regisztr\u00e1lt esem\u00e9nyek, tal\u00e1lkoz\u00f3k vagy konferenci\u00e1k eset\u00e9ben:<\/p>\n\n<ul class=\"wp-block-list\">\n<li>A rendezv\u00e9ny szervez\u0151je megadja \u00d6nnek <strong>az esem\u00e9ny k\u00f3dj\u00e1t<\/strong> \u00e9s a v\u00edzumk\u00e9relemhez sz\u00fcks\u00e9ges utas\u00edt\u00e1sokat.<\/li>\n\n\n\n<li>Az esem\u00e9ny k\u00f3dj\u00e1nak megad\u00e1sa a jelentkez\u00e9si lapon seg\u00edt azonos\u00edtani \u00d6nt, mint r\u00e9sztvev\u0151t.<\/li>\n<\/ul>\n\n<hr class=\"wp-block-separator has-alpha-channel-opacity\"\/>\n\n<h3 class=\"wp-block-heading\"><strong>4. l\u00e9p\u00e9s: V\u00edzum vagy eTA ig\u00e9nyl\u00e9se (ha sz\u00fcks\u00e9ges)<\/strong><\/h3>\n\n<ul class=\"wp-block-list\">\n<li><strong>V\u00edzum<\/strong>: V\u00edzumk\u00e9relem beny\u00fajt\u00e1sa az <a>IRCC<\/a> hivatalos <a>weboldal\u00e1n<\/a> kereszt\u00fcl.<\/li>\n\n\n\n<li><strong>eTA<\/strong>: Jelentkezzen online eTA-ra .<\/li>\n<\/ul>\n\n<hr class=\"wp-block-separator has-alpha-channel-opacity\"\/>\n\n<h3 class=\"wp-block-heading\"><strong>5. l\u00e9p\u00e9s: K\u00e9sz\u00edtse el\u0151 az utaz\u00e1shoz sz\u00fcks\u00e9ges dokumentumokat<\/strong><\/h3>\n\n<p>A kanadai hat\u00e1rra \u00e9rve gondoskodjon arr\u00f3l, hogy a k\u00f6vetkez\u0151 dokumentumok legyenek n\u00e1la (ezeket ne csomagolja a b\u0151r\u00f6ndj\u00e9be):<\/p>\n\n<ul class=\"wp-block-list\">\n<li>A tart\u00f3zkod\u00e1s teljes id\u0151tartam\u00e1ra \u00e9rv\u00e9nyes \u00fatlev\u00e9l vagy \u00fati okm\u00e1ny.<\/li>\n\n\n\n<li>\u00c9rv\u00e9nyes v\u00edzum (ha van).<\/li>\n\n\n\n<li>Ha eTA-ra van sz\u00fcks\u00e9ge, az eTA-k\u00e9relemben haszn\u00e1lt \u00fatlev\u00e9llel utazhat.<\/li>\n\n\n\n<li>Az Egyes\u00fclt \u00c1llamok \u00e1lland\u00f3 lakosainak <strong>\u00e9rv\u00e9nyes z\u00f6ldk\u00e1rty\u00e1t<\/strong> (vagy ezzel egyen\u00e9rt\u00e9k\u0171 jog\u00e1ll\u00e1st igazol\u00f3 dokumentumot) \u00e9s \u00fatlevelet kell magukkal vinni\u00fck.<\/li>\n\n\n\n<li>T\u00e1mogat\u00f3 levelek az anyav\u00e1llalatt\u00f3l \u00e9s megh\u00edv\u00f3lev\u00e9l a kanadai fogad\u00f3 v\u00e1llalkoz\u00e1st\u00f3l.<\/li>\n\n\n\n<li>Tov\u00e1bbi dokumentumok, p\u00e9ld\u00e1ul szerz\u0151d\u00e9sek, j\u00f3t\u00e1ll\u00e1si meg\u00e1llapod\u00e1sok vagy szervizdokumentumok (ha relev\u00e1nsak).<\/li>\n\n\n\n<li>A kanadai \u00fczleti fogad\u00f3j\u00e1nak el\u00e9rhet\u0151s\u00e9gei.<\/li>\n\n\n\n<li>A tart\u00f3zkod\u00e1sra \u00e9s a hazat\u00e9r\u00e9sre elegend\u0151 p\u00e9nzeszk\u00f6z igazol\u00e1sa.<\/li>\n<\/ul>\n\n<hr class=\"wp-block-separator has-alpha-channel-opacity\"\/>\n\n<h3 class=\"wp-block-heading\"><strong>\u00d6nnel utaz\u00f3 kiskor\u00faak<\/strong><\/h3>\n\n<p>Ha 18 \u00e9v alatti gyermekekkel utazik, ismerkedjen meg a kiskor\u00faakra vonatkoz\u00f3 kanadai szab\u00e1lyokkal.<\/p>\n\n<ul class=\"wp-block-list\">\n<li>A gyermekeket v\u00e9d\u0151 kanadai t\u00f6rv\u00e9nyeknek val\u00f3 megfelel\u00e9s biztos\u00edt\u00e1sa \u00e9rdek\u00e9ben tekintse meg a kiskor\u00faakra vonatkoz\u00f3 beutaz\u00e1si k\u00f6vetelm\u00e9nyeket.<\/li>\n<\/ul>\n\n<hr class=\"wp-block-separator has-alpha-channel-opacity\"\/>\n\n<h3 class=\"wp-block-heading\"><strong>F\u0151bb megjegyz\u00e9sek \u00fczleti l\u00e1togat\u00f3k sz\u00e1m\u00e1ra<\/strong><\/h3>\n\n<ul class=\"wp-block-list\">\n<li>A <strong>Kanada-Egyes\u00fclt \u00c1llamok-Mexik\u00f3 meg\u00e1llapod\u00e1s (CUSMA<\/strong> ) tov\u00e1bbi rendelkez\u00e9seket tartalmaz az olyan tev\u00e9kenys\u00e9gekben r\u00e9szt vev\u0151 amerikai \u00e9s mexik\u00f3i \u00e1llampolg\u00e1rok sz\u00e1m\u00e1ra, mint a kutat\u00e1s, a marketing \u00e9s az \u00e1ltal\u00e1nos szolg\u00e1ltat\u00e1sok.<\/li>\n\n\n\n<li>A k\u00fcl\u00f6nleges k\u00f6vetelm\u00e9nyekr\u0151l vagy \u00fatmutat\u00e1sr\u00f3l mindig \u00e9rdekl\u0151dj\u00f6n a tal\u00e1lkoz\u00f3 vagy rendezv\u00e9ny szervez\u0151j\u00e9n\u00e9l.<\/li>\n\n\n\n<li>Az \u00fczleti l\u00e1togat\u00f3k olyan tev\u00e9kenys\u00e9gekre korl\u00e1toz\u00f3dnak, amelyek nem j\u00e1rnak k\u00f6zvetlen foglalkoztat\u00e1ssal Kanad\u00e1ban.<\/li>\n<\/ul>\n\n<p>Ha k\u00f6veti ezeket a l\u00e9p\u00e9seket, \u00e9s gondoskodik a megfelel\u0151 dokumentumok megl\u00e9t\u00e9r\u0151l, a kanadai \u00fczleti l\u00e1togat\u00e1sa hat\u00e9konyan \u00e9s sikeresen folytat\u00f3dhat.<\/p>\n","protected":false},"excerpt":{"rendered":"<p>\u00dczleti l\u00e1togat\u00f3k: Tal\u00e1lkoz\u00f3k, rendezv\u00e9nyek \u00e9s konferenci\u00e1k l\u00e1togat\u00e1sa Kanad\u00e1ban Az \u00fczleti l\u00e1togat\u00f3k l\u00e9tfontoss\u00e1g\u00fa szerepet j\u00e1tszanak a nemzetk\u00f6zi kereskedelem \u00e9s egy\u00fcttm\u0171k\u00f6d\u00e9s el\u0151mozd\u00edt\u00e1s\u00e1ban. [&hellip;]<\/p>\n","protected":false},"author":1,"featured_media":0,"parent":0,"menu_order":0,"comment_status":"closed","ping_status":"closed","template":"","meta":{"_uag_custom_page_level_css":"","site-sidebar-layout":"default","site-content-layout":"","ast-site-content-layout":"","site-content-style":"default","site-sidebar-style":"default","ast-global-header-display":"","ast-banner-title-visibility":"","ast-main-header-display":"","ast-hfb-above-header-display":"","ast-hfb-below-header-display":"","ast-hfb-mobile-header-display":"","site-post-title":"","ast-breadcrumbs-content":"","ast-featured-img":"","footer-sml-layout":"","theme-transparent-header-meta":"","adv-header-id-meta":"","stick-header-meta":"","header-above-stick-meta":"","header-main-stick-meta":"","header-below-stick-meta":"","astra-migrate-meta-layouts":"default","ast-page-background-enabled":"default","ast-page-background-meta":{"desktop":{"background-color":"var(--ast-global-color-4)","background-image":"","background-repeat":"repeat","background-position":"center center","background-size":"auto","background-attachment":"scroll","background-type":"","background-media":"","overlay-type":"","overlay-color":"","overlay-opacity":"","overlay-gradient":""},"tablet":{"background-color":"","background-image":"","background-repeat":"repeat","background-position":"center center","background-size":"auto","background-attachment":"scroll","background-type":"","background-media":"","overlay-type":"","overlay-color":"","overlay-opacity":"","overlay-gradient":""},"mobile":{"background-color":"","background-image":"","background-repeat":"repeat","background-position":"center center","background-size":"auto","background-attachment":"scroll","background-type":"","background-media":"","overlay-type":"","overlay-color":"","overlay-opacity":"","overlay-gradient":""}},"ast-content-background-meta":{"desktop":{"background-color":"var(--ast-global-color-5)","background-image":"","background-repeat":"repeat","background-position":"center center","background-size":"auto","background-attachment":"scroll","background-type":"","background-media":"","overlay-type":"","overlay-color":"","overlay-opacity":"","overlay-gradient":""},"tablet":{"background-color":"var(--ast-global-color-5)","background-image":"","background-repeat":"repeat","background-position":"center center","background-size":"auto","background-attachment":"scroll","background-type":"","background-media":"","overlay-type":"","overlay-color":"","overlay-opacity":"","overlay-gradient":""},"mobile":{"background-color":"var(--ast-global-color-5)","background-image":"","background-repeat":"repeat","background-position":"center center","background-size":"auto","background-attachment":"scroll","background-type":"","background-media":"","overlay-type":"","overlay-color":"","overlay-opacity":"","overlay-gradient":""}},"footnotes":""},"categories":[],"tags":[],"class_list":["post-1043","page","type-page","status-publish","hentry"],"uagb_featured_image_src":{"full":false,"thumbnail":false,"medium":false,"medium_large":false,"large":false,"1536x1536":false,"2048x2048":false},"uagb_author_info":{"display_name":"admin","author_link":"https:\/\/www.etafast.org\/hu\/author\/admin\/"},"uagb_comment_info":0,"uagb_excerpt":"\u00dczleti l\u00e1togat\u00f3k: Tal\u00e1lkoz\u00f3k, rendezv\u00e9nyek \u00e9s konferenci\u00e1k l\u00e1togat\u00e1sa Kanad\u00e1ban Az \u00fczleti l\u00e1togat\u00f3k l\u00e9tfontoss\u00e1g\u00fa szerepet j\u00e1tszanak a nemzetk\u00f6zi kereskedelem \u00e9s egy\u00fcttm\u0171k\u00f6d\u00e9s el\u0151mozd\u00edt\u00e1s\u00e1ban. [&hellip;]","_links":{"self":[{"href":"https:\/\/www.etafast.org\/hu\/wp-json\/wp\/v2\/pages\/1043","targetHints":{"allow":["GET"]}}],"collection":[{"href":"https:\/\/www.etafast.org\/hu\/wp-json\/wp\/v2\/pages"}],"about":[{"href":"https:\/\/www.etafast.org\/hu\/wp-json\/wp\/v2\/types\/page"}],"author":[{"embeddable":true,"href":"https:\/\/www.etafast.org\/hu\/wp-json\/wp\/v2\/users\/1"}],"replies":[{"embeddable":true,"href":"https:\/\/www.etafast.org\/hu\/wp-json\/wp\/v2\/comments?post=1043"}],"version-history":[{"count":1,"href":"https:\/\/www.etafast.org\/hu\/wp-json\/wp\/v2\/pages\/1043\/revisions"}],"predecessor-version":[{"id":1044,"href":"https:\/\/www.etafast.org\/hu\/wp-json\/wp\/v2\/pages\/1043\/revisions\/1044"}],"wp:attachment":[{"href":"https:\/\/www.etafast.org\/hu\/wp-json\/wp\/v2\/media?parent=1043"}],"wp:term":[{"taxonomy":"category","embeddable":true,"href":"https:\/\/www.etafast.org\/hu\/wp-json\/wp\/v2\/categories?post=1043"},{"taxonomy":"post_tag","embeddable":true,"href":"https:\/\/www.etafast.org\/hu\/wp-json\/wp\/v2\/tags?post=1043"}],"curies":[{"name":"wp","href":"https:\/\/api.w.org\/{rel}","templated":true}]}}