{"id":591,"date":"2024-12-02T16:08:07","date_gmt":"2024-12-02T15:08:07","guid":{"rendered":"https:\/\/www.etafast.org\/ccanna\/"},"modified":"2024-12-11T09:04:15","modified_gmt":"2024-12-11T08:04:15","slug":"ccanna","status":"publish","type":"page","link":"https:\/\/www.etafast.org\/ga\/ccanna\/","title":{"rendered":"CCanna"},"content":{"rendered":"<style>\n.accordion-content {\n    display: none;\n    padding: 10px;\n    border: 1px solid #ccc;\n    border-top: none;\n}\n\n.accordion-header {\n    cursor: pointer;\n    padding: 10px;\n    border: 1px solid #ccc;\n    margin: 0;\nbackground-color:#fafafa;\nmargin-bottom:10px;\nborder-radius:3px;\npadding-right:50px;\nposition: relative;\nfont-size:110%;\n}\n.accordion-header .qs {\n\n}\n.arrow {\n    position: absolute;\n    right: 10px;\n    top: 10px;\n}\n\n.arrow-up {\n    transform: rotate(180deg);\n}\n<\/style>\n\n\n<script>\njQuery(document).ready(function(){\n    jQuery(\".accordion-header\").click(function() {\n        \/\/ Toggle the arrow direction of the clicked header\n        jQuery(this).children(\".arrow\").toggleClass(\"arrow-up\", !jQuery(this).next().is(\":visible\"));\n        \n        \/\/ Close previously opened content and reset their arrows\n        jQuery(\".accordion-content\").not(jQuery(this).next()).slideUp().prev().children(\".arrow\").removeClass(\"arrow-up\");\n        jQuery(\".accordion-content\").not(jQuery(this).next()).prev().find(\".arrow\").html(\"&#9660;\"); \/\/ Reset other arrows to down\n        \n        jQuery(this).next().slideToggle();\n        if(jQuery(this).next().is(\":visible\")) {\n            jQuery(this).find(\".arrow\").html(\"&#9660;\"); \/\/ Change to up arrow\n        } else {\n            jQuery(this).find(\".arrow\").html(\"&#9650;\"); \/\/ Change back to down arrow\n        }\n    });\n});\n<\/script>\n\n\n<div class=\"accordion\"><h4 class=\"accordion-header\"><span class=\"qs\">Cad is \u00dadar\u00fa Leictreonach Taistil (eTA) ann?<\/span><span class=\"arrow\">&#9660;<\/span><\/h4>\n            <div class=\"accordion-content\">\n            <p>Is riachtanas iontr\u00e1la \u00e9 \u00dadar\u00fa Leictreonach Taistil (eTA) do n\u00e1isi\u00fanaigh choigr\u00edche at\u00e1 d\u00edolmhaithe \u00f3 v\u00edosa agus a thaisteala\u00edonn go Ceanada d\u2019aer. T\u00e1 s\u00e9 nasctha go leictreonach le pas an taisteala\u00ed agus t\u00e1 s\u00e9 bail\u00ed ar feadh suas le c\u00faig bliana n\u00f3 go dt\u00ed go dt\u00e9ann an pas in \u00e9ag. Le eTA bail\u00ed, is f\u00e9idir leat taisteal go Ceanada chomh minic agus is mian leat ar feadh tr\u00e9imhs\u00ed gearra, go hiond\u00fail suas le s\u00e9 mh\u00ed ag an am. Mar sin f\u00e9in, n\u00ed r\u00e1tha\u00edonn eTA iontr\u00e1il go Ceanada<\/p>\n            <\/div><h4 class=\"accordion-header\"><span class=\"qs\">C\u00e9 a bhfuil eTA ag teast\u00e1il uathu chun taisteal go Ceanada?<\/span><span class=\"arrow\">&#9660;<\/span><\/h4>\n            <div class=\"accordion-content\">\n            <p>T\u00e1 eTA ag teast\u00e1il \u00f3 n\u00e1isi\u00fanaigh choigr\u00edche at\u00e1 d\u00edolmhaithe \u00f3 v\u00edosa chun eitilt go dt\u00ed aerfort Cheanada n\u00f3 chun iad a iompar tr\u00ed mhe\u00e1n aerfort Cheanada. F\u00e9adfaidh saor\u00e1naigh \u00e1irithe \u00f3 th\u00edortha a bhfuil v\u00edosa ag teast\u00e1il uathu iarratas a dh\u00e9anamh ar eTA freisin m\u00e1 t\u00e1 siad inch\u00e1ilithe. T\u00e1 saor\u00e1naigh SAM agus buanch\u00f3naitheoir\u00ed dleathacha SAM d\u00edolmhaithe \u00f3n gceanglas eTA ach n\u00ed m\u00f3r d\u00f3ibh aitheantas cu\u00ed a bheith acu amhail pas n\u00f3 doicim\u00e9id choibh\u00e9iseacha.<\/p>\n            <\/div><h4 class=\"accordion-header\"><span class=\"qs\">Conas is f\u00e9idir liom iarratas a dh\u00e9anamh ar eTA chun taisteal go Ceanada?<\/span><span class=\"arrow\">&#9660;<\/span><\/h4>\n            <div class=\"accordion-content\">\n            <p>Is f\u00e9idir leat iarratas a dh\u00e9anamh ar eTA ar l\u00edne. T\u00e1 an pr\u00f3iseas iarratais simpl\u00ed agus teasta\u00edonn pas, c\u00e1rta creidmheasa agus seoladh r\u00edomhphoist. Eis\u00edtear formh\u00f3r na bhformheasanna tr\u00ed r\u00edomhphost laistigh de n\u00f3im\u00e9id, ach d\u2019fh\u00e9adfadh go dt\u00f3gfadh roinnt iarratas roinnt laethanta. Cosna\u00edonn s\u00e9 CAD $7 in aghaidh an iarratais. Cinntigh go gcuirtear uimhir do phas isteach i gceart chun fadhbanna a sheachaint.<\/p>\n            <\/div><h4 class=\"accordion-header\"><span class=\"qs\">Cad ba cheart dom a thabhairt chuig an aerfort agus m\u00e9 ag taisteal go Ceanada le eTA?<\/span><span class=\"arrow\">&#9660;<\/span><\/h4>\n            <div class=\"accordion-content\">\n            <p>N\u00ed m\u00f3r duit an pas at\u00e1 nasctha le do eTA ceadaithe a thabhairt leat. Ag an tseice\u00e1il isteach, d\u00e9anfaidh foireann aerl\u00edne do phas a scanadh chun an eTA a dheimhni\u00fa. Mura dtagann sonra\u00ed an phas le do eTA, n\u00ed bheidh cead agat dul ar bord na heitilte.<\/p>\n            <\/div><h4 class=\"accordion-header\"><span class=\"qs\">Cad a tharl\u00f3idh m\u00e1 chuirim an uimhir phas m\u00edcheart ar an bhfoirm eTA?<\/span><span class=\"arrow\">&#9660;<\/span><\/h4>\n            <div class=\"accordion-content\">\n            <p>Mura dtagann uimhir an phas ar do eTA le do phas iarbh\u00edr, n\u00ed bheidh t\u00fa in ann dul ar bord d\u2019eitilt. D\u00e9an seice\u00e1il faoi dh\u00f3 ar do r\u00edomhphost faofa eTA agus cinntigh go bhfuil na huimhreacha ag teacht leis. Mura nd\u00e9anann siad, n\u00ed m\u00f3r duit iarratas a dh\u00e9anamh ar eTA nua.<\/p>\n            <\/div><h4 class=\"accordion-header\"><span class=\"qs\">C\u00e9 mh\u00e9ad a chosna\u00edonn s\u00e9 iarratas a dh\u00e9anamh ar eTA?<\/span><span class=\"arrow\">&#9660;<\/span><\/h4>\n            <div class=\"accordion-content\">\n            <p>Is \u00e9 CAD $7 an t\u00e1ille iarratais ar eTA. D\u00e9antar gach iarratas a phr\u00f3ise\u00e1il ina n-aonar, agus n\u00ed m\u00f3r \u00edoca\u00edocht a dh\u00e9anamh le linn an phr\u00f3isis iarratais.<\/p>\n            <\/div><h4 class=\"accordion-header\"><span class=\"qs\">C\u00e9 chomh fada a bheidh eTA bail\u00ed?<\/span><span class=\"arrow\">&#9660;<\/span><\/h4>\n            <div class=\"accordion-content\">\n            <p>B\u00edonn eTA bail\u00ed ar feadh suas le c\u00faig bliana n\u00f3 go dt\u00ed go dt\u00e9ann an pas a \u00fas\u00e1ideadh chun iarratas a dh\u00e9anamh air in \u00e9ag, cib\u00e9 acu is t\u00faisce. M\u00e1 fhaigheann t\u00fa pas nua, n\u00ed m\u00f3r duit iarratas a dh\u00e9anamh ar eTA nua.<\/p>\n            <\/div><h4 class=\"accordion-header\"><span class=\"qs\">An f\u00e9idir liom taisteal laistigh de Cheanada ag \u00fas\u00e1id eTA?<\/span><span class=\"arrow\">&#9660;<\/span><\/h4>\n            <div class=\"accordion-content\">\n            <p>N\u00edl g\u00e1 le eTA le haghaidh taistil int\u00edre laistigh de Cheanada. N\u00edl s\u00e9 ag teast\u00e1il ach do thaistealaithe at\u00e1 d\u00edolmhaithe \u00f3 v\u00edosa\u00ed a th\u00e9ann isteach i gCeanada d\u2019aer.<\/p>\n            <\/div><h4 class=\"accordion-header\"><span class=\"qs\">Cad is C\u00f3naitheoir Buan (PR) i gCeanada?<\/span><span class=\"arrow\">&#9660;<\/span><\/h4>\n            <div class=\"accordion-content\">\n            <p>Is \u00e9ard is C\u00f3naitheoir Buan (PR) ann duine ar deona\u00edodh st\u00e1das buanch\u00f3naitheach d\u00f3 tr\u00ed inimirce go Ceanada ach nach saor\u00e1nach Ceanadach \u00e9. De ghn\u00e1th is saor\u00e1naigh de th\u00edortha eile n\u00f3 daoine gan st\u00e1t iad PRanna. T\u00e1 s\u00e9 de cheart acu c\u00f3na\u00ed, oibri\u00fa agus staid\u00e9ar a dh\u00e9anamh in \u00e1it ar bith i gCeanada agus faigheann siad an chuid is m\u00f3 de na bunt\u00e1ist\u00ed s\u00f3isialta a dh\u00e9anann saor\u00e1naigh Cheanada.<\/p>\n            <\/div><h4 class=\"accordion-header\"><span class=\"qs\">Cad iad na freagrachta\u00ed at\u00e1 ar Ch\u00f3naitheach Buan i gCeanada?<\/span><span class=\"arrow\">&#9660;<\/span><\/h4>\n            <div class=\"accordion-content\">\n            <p>N\u00ed m\u00f3r do Bhuanch\u00f3naitheoir\u00ed c\u00e1rta PR bail\u00ed n\u00f3 Doicim\u00e9ad Taistil do Bhuanch\u00f3naitheoir\u00ed (PRTD) a iompar agus a chur i l\u00e1thair agus iad ag taisteal go Ceanada tr\u00ed iompr\u00f3ir\u00ed tr\u00e1cht\u00e1la. N\u00ed m\u00f3r d\u00f3ibh a chinnti\u00fa go bhfuil a gc\u00e1rta PR bail\u00ed nuair a fhilleann siad go Ceanada agus iarratas a dh\u00e9anamh ar ch\u00e1rta nua sula dt\u00e9ann an ceann reatha in \u00e9ag. N\u00ed m\u00f3r do PR c\u00e1nacha a \u00edoc freisin agus clo\u00ed le dl\u00edthe uile Cheanada ag an leibh\u00e9al feidear\u00e1lach, c\u00faige agus bardasach.<\/p>\n            <\/div><h4 class=\"accordion-header\"><span class=\"qs\">Cad iad na riachtanais ch\u00f3naitheachta chun st\u00e1das C\u00f3naitheach Buan a choinne\u00e1il i gCeanada?<\/span><span class=\"arrow\">&#9660;<\/span><\/h4>\n            <div class=\"accordion-content\">\n            <p>Chun st\u00e1das PR a choinne\u00e1il, n\u00ed m\u00f3r do dhuine c\u00f3na\u00ed i gCeanada ar feadh 730 l\u00e1 ar a laghad le c\u00faig bliana anuas. N\u00ed g\u00e1 go mbeadh na laethanta seo as a ch\u00e9ile. F\u00e9adfaidh am \u00e1irithe a chaitear thar lear a \u00e1ireamh i dtreo an cheanglais seo faoi choinn\u00edollacha sonracha, mar shampla c\u00e9ile saor\u00e1nach Cheanada a thionlacan n\u00f3 oibri\u00fa do ghn\u00f3lacht Cheanada.<\/p>\n            <\/div><h4 class=\"accordion-header\"><span class=\"qs\">Cad iad na cearta at\u00e1 ag C\u00f3naitheoir\u00ed Buan i gCeanada?<\/span><span class=\"arrow\">&#9660;<\/span><\/h4>\n            <div class=\"accordion-content\">\n            <p>T\u00e1 C\u00f3naitheoir\u00ed Buan i dteideal an chuid is m\u00f3 de na sochair sh\u00f3isialta a fhaigheann saor\u00e1naigh Cheanada, lena n-\u00e1ir\u00edtear cl\u00fadach c\u00faram sl\u00e1inte agus an cumas oibri\u00fa agus staid\u00e9ar a dh\u00e9anamh \u00e1it ar bith i gCeanada. T\u00e1 siad cosanta faoi dhl\u00ed Cheanada agus faoi Chairt Cheanada um Chearta agus um Shaoirs\u00ed agus is f\u00e9idir leo cur isteach ar shaor\u00e1nacht Cheanada tar \u00e9is crit\u00e9ir \u00e1irithe a chomhl\u00edonadh.<\/p>\n            <\/div><h4 class=\"accordion-header\"><span class=\"qs\">Cad iad na teorainneacha at\u00e1 ag C\u00f3naitheoir\u00ed Buan i gCeanada?<\/span><span class=\"arrow\">&#9660;<\/span><\/h4>\n            <div class=\"accordion-content\">\n            <p>N\u00ed f\u00e9idir le Buanch\u00f3naitheoir\u00ed v\u00f3t\u00e1il n\u00f3 rith le haghaidh oifig pholaiti\u00fail agus n\u00edl siad inch\u00e1ilithe do phoist a dteasta\u00edonn imr\u00e9iteach sl\u00e1nd\u00e1la ardleibh\u00e9il uathu.<\/p>\n            <\/div><h4 class=\"accordion-header\"><span class=\"qs\">Cad ba cheart dom a dh\u00e9anamh m\u00e1 th\u00e9ann mo ch\u00e1rta do Bhuanch\u00f3naitheoir in \u00e9ag agus m\u00e9 lasmuigh de Cheanada?<\/span><span class=\"arrow\">&#9660;<\/span><\/h4>\n            <div class=\"accordion-content\">\n            <p>M\u00e1 th\u00e9ann do ch\u00e1rta PR in \u00e9ag agus t\u00fa lasmuigh de Cheanada, n\u00ed m\u00f3r duit iarratas a dh\u00e9anamh ar Dhoicim\u00e9ad Taistil do Bhuanch\u00f3naitheoir (PRTD) chun filleadh ar Cheanada tr\u00ed iompr\u00f3ir tr\u00e1cht\u00e1la. T\u00e1 s\u00e9 inmholta a chinnti\u00fa go bhfuil do ch\u00e1rta PR bail\u00ed roimh thaisteal thar lear chun aimhr\u00e9it\u00ed a sheachaint.<\/p>\n            <\/div><h4 class=\"accordion-header\"><span class=\"qs\">Conas is f\u00e9idir liom iarratas a dh\u00e9anamh ar ch\u00e1rta athshol\u00e1thair do Bhuanch\u00f3naitheoir m\u00e1 chailltear, m\u00e1 ghoidtear n\u00f3 m\u00e1 dh\u00e9antar dam\u00e1iste d\u00f3?<\/span><span class=\"arrow\">&#9660;<\/span><\/h4>\n            <div class=\"accordion-content\">\n            <p>Chun c\u00e1rta PR a cailleadh, a goideadh n\u00f3 a ndearnadh dam\u00e1iste d\u00f3 a athshol\u00e1thar, n\u00ed m\u00f3r duit iarratas a dh\u00e9anamh ar athshol\u00e1thar tr\u00ed Inimirce, D\u00eddeanaithe agus Saor\u00e1nacht Cheanada (IRCC). Baineann an t-iarratas le doicim\u00e9id riachtanacha a chur isteach agus t\u00e1ill\u00ed infheidhme a \u00edoc. T\u00e1 s\u00e9 t\u00e1bhachtach c\u00e1rta caillte n\u00f3 goidte a thuairisci\u00fa chun m\u00ed-\u00fas\u00e1id a chosc.<\/p>\n            <\/div><h4 class=\"accordion-header\"><span class=\"qs\">An f\u00e9idir am a chaitear lasmuigh de Cheanada a chur san \u00e1ireamh i dtreo an riachtanas c\u00f3naitheachta do Bhuanch\u00f3naitheoir\u00ed?<\/span><span class=\"arrow\">&#9660;<\/span><\/h4>\n            <div class=\"accordion-content\">\n            <p>Is f\u00e9idir, i gc\u00e1sanna \u00e1irithe, is f\u00e9idir am a chaitear lasmuigh de Cheanada a \u00e1ireamh i dtreo na hoibleag\u00e1ide c\u00f3naitheachta 730 l\u00e1. \u00c1ir\u00edonn s\u00e9 seo a bheith in \u00e9ineacht le c\u00e9ile saor\u00e1nach Ceanadach n\u00f3 p\u00e1irt\u00ed dl\u00ed choitinn, a bheith fostaithe go l\u00e1naimseartha ag gn\u00f3 Cheanada, n\u00f3 ag obair do rialtas Cheanada thar lear.<\/p>\n            <\/div><h4 class=\"accordion-header\"><span class=\"qs\">Conas is f\u00e9idir liom mo st\u00e1das C\u00f3naitheach Buan a thr\u00e9igean go deonach?<\/span><span class=\"arrow\">&#9660;<\/span><\/h4>\n            <div class=\"accordion-content\">\n            <p>M\u00e1 roghna\u00edonn t\u00fa do st\u00e1das PR a thr\u00e9igean, n\u00ed m\u00f3r duit iarratas a chur isteach chun do st\u00e1das a thabhairt suas go deonach. Is minic a dh\u00e9antar an cinneadh seo mura mian leat c\u00f3na\u00ed i gCeanada a thuilleadh n\u00f3 oibleag\u00e1id\u00ed C\u00f3naitheach Buan a chomhl\u00edonadh.<\/p>\n            <\/div><h4 class=\"accordion-header\"><span class=\"qs\">An gcaillfidh m\u00e9 mo st\u00e1das mar gheall ar dhul in \u00e9ag do ch\u00e1rta do Bhuanch\u00f3naitheoir?<\/span><span class=\"arrow\">&#9660;<\/span><\/h4>\n            <div class=\"accordion-content\">\n            <p>N\u00ed chialla\u00edonn, nuair a th\u00e9ann do ch\u00e1rta PR in \u00e9ag, go bhfuil do st\u00e1das C\u00f3naitheach Buan caillte agat. Mar sin f\u00e9in, gan c\u00e1rta PR bail\u00ed n\u00f3 PRTD, f\u00e9adann s\u00e9 a bheith d\u00fashl\u00e1nach filleadh ar Cheanada tr\u00ed iompar tr\u00e1cht\u00e1la. T\u00e1 s\u00e9 t\u00e1bhachtach do ch\u00e1rta PR a athnuachan sula dt\u00e9ann s\u00e9 in \u00e9ag chun cruth\u00fanas ar do st\u00e1das a choinne\u00e1il.<\/p>\n            <\/div><h4 class=\"accordion-header\"><span class=\"qs\">Cad is Doicim\u00e9ad Taistil do Bhuanch\u00f3naitheoir (PRTD) ann?<\/span><span class=\"arrow\">&#9660;<\/span><\/h4>\n            <div class=\"accordion-content\">\n            <p>Is doicim\u00e9ad oifigi\u00fail sealadach \u00e9 Doicim\u00e9ad Taistil do Bhuanch\u00f3naitheoir (PRTD) a ligeann do bhuanch\u00f3naitheoir\u00ed Cheanada gan c\u00e1rta Buanch\u00f3naitheora (PR) bail\u00ed filleadh go Ceanada. De ghn\u00e1th b\u00edonn s\u00e9 bail\u00ed d\u2019iontr\u00e1il amh\u00e1in agus ba cheart \u00e9 a \u00fas\u00e1id chun dul isteach ar\u00eds i gCeanada nuair nach bhfuil an c\u00e1rta PR ar f\u00e1il. Chomh luath agus ar ais i gCeanada, t\u00e1 s\u00e9 inmholta iarratas a dh\u00e9anamh ar ch\u00e1rta PR nua go pras.<\/p>\n            <\/div><h4 class=\"accordion-header\"><span class=\"qs\">C\u00e9 a chaithfidh iarratas a dh\u00e9anamh ar PRTD?<\/span><span class=\"arrow\">&#9660;<\/span><\/h4>\n            <div class=\"accordion-content\">\n            <p>N\u00ed m\u00f3r do ch\u00f3naitheoir\u00ed buana Cheanada at\u00e1 lasmuigh den t\u00edr gan c\u00e1rta PR bail\u00ed agus a bhearta\u00edonn filleadh ar Cheanada tr\u00ed iompr\u00f3ir tr\u00e1cht\u00e1la mar eitle\u00e1n, b\u00e1d, traein n\u00f3 bus iarratas a dh\u00e9anamh ar PRTD. T\u00e1 an doicim\u00e9ad seo riachtanach chun athiontr\u00e1il go Ceanada faoi na c\u00fains\u00ed seo.<\/p>\n            <\/div><h4 class=\"accordion-header\"><span class=\"qs\">Conas is f\u00e9idir liom iarratas a dh\u00e9anamh ar PRTD?<\/span><span class=\"arrow\">&#9660;<\/span><\/h4>\n            <div class=\"accordion-content\">\n            <p>Chun iarratas a dh\u00e9anamh ar PRTD, n\u00ed m\u00f3r duit a bheith lasmuigh de Cheanada. Baineann an pr\u00f3iseas iarratais leis na foirmeacha riachtanacha a chomhl\u00e1n\u00fa, na doicim\u00e9id riachtanacha a shol\u00e1thar, agus an t\u00e1ille is infheidhme a \u00edoc. T\u00e1 treoracha agus foirmeacha mionsonraithe ar f\u00e1il ar shu\u00edomh Gr\u00e9as\u00e1in oifigi\u00fail Rialtas Cheanada. T\u00e1 s\u00e9 t\u00e1bhachtach a chinnti\u00fa go bhfuil an fhaisn\u00e9is go l\u00e9ir cruinn chun moill a sheachaint.<\/p>\n            <\/div><h4 class=\"accordion-header\"><span class=\"qs\">Cad \u00e9 tr\u00e9imhse bail\u00edochta PRTD?<\/span><span class=\"arrow\">&#9660;<\/span><\/h4>\n            <div class=\"accordion-content\">\n            <p>B\u00edonn PRTD bail\u00ed go ginear\u00e1lta le haghaidh iontr\u00e1il amh\u00e1in i gCeanada. Tar \u00e9is duit \u00e9 a \u00fas\u00e1id chun dul isteach ar\u00eds, ba cheart duit iarratas a dh\u00e9anamh ar ch\u00e1rta PR nua chun taisteal amach anseo a \u00e9asc\u00fa.<\/p>\n            <\/div><h4 class=\"accordion-header\"><span class=\"qs\">Cad ba cheart dom a dh\u00e9anamh m\u00e1 th\u00e9ann mo ch\u00e1rta PR in \u00e9ag agus m\u00e9 lasmuigh de Cheanada?<\/span><span class=\"arrow\">&#9660;<\/span><\/h4>\n            <div class=\"accordion-content\">\n            <p>M\u00e1 th\u00e9ann do ch\u00e1rta PR in \u00e9ag agus t\u00fa thar lear, n\u00ed m\u00f3r duit iarratas a dh\u00e9anamh ar PRTD chun filleadh ar Cheanada tr\u00ed iompr\u00f3ir tr\u00e1cht\u00e1la. Nuair a bheidh t\u00fa ar ais i gCeanada, d\u00e9an iarratas go pras ar ch\u00e1rta PR nua chun m\u00edchaoithi\u00falachta\u00ed taistil sa todhcha\u00ed a sheachaint.<\/p>\n            <\/div><h4 class=\"accordion-header\"><span class=\"qs\">An f\u00e9idir liom iarratas a dh\u00e9anamh ar PRTD \u00f3 laistigh de Cheanada?<\/span><span class=\"arrow\">&#9660;<\/span><\/h4>\n            <div class=\"accordion-content\">\n            <p>N\u00ed f\u00e9idir, n\u00ed f\u00e9idir leat ach iarratas a dh\u00e9anamh ar PRTD \u00f3 lasmuigh de Cheanada. M\u00e1 t\u00e1 t\u00fa i gCeanada agus do ch\u00e1rta PR imithe in \u00e9ag n\u00f3 ar t\u00ed dul in \u00e9ag, ba cheart duit iarratas a dh\u00e9anamh go d\u00edreach ar ch\u00e1rta PR nua.<\/p>\n            <\/div><h4 class=\"accordion-header\"><span class=\"qs\">Cad iad na t\u00e1ill\u00ed a bhaineann le hiarratas a dh\u00e9anamh ar PRTD?<\/span><span class=\"arrow\">&#9660;<\/span><\/h4>\n            <div class=\"accordion-content\">\n            <p>Is \u00e9 CAD $50 an t\u00e1ille iarratais ar PRTD. N\u00edl an t\u00e1ille seo inais\u00edoctha nuair a thosa\u00edonn an phr\u00f3ise\u00e1il, mar sin cinntigh go bhfuil d\u2019iarratas ioml\u00e1n agus cruinn sula gcuirtear isteach \u00e9.<\/p>\n            <\/div><h4 class=\"accordion-header\"><span class=\"qs\">C\u00e9 chomh fada a th\u00f3gann s\u00e9 iarratas PRTD a phr\u00f3ise\u00e1il?<\/span><span class=\"arrow\">&#9660;<\/span><\/h4>\n            <div class=\"accordion-content\">\n            <p>Athra\u00edonn amanna pr\u00f3ise\u00e1la d\u2019fheidhmchl\u00e1ir PRTD bunaithe ar fhacht\u00f3ir\u00ed mar l\u00edon na n-iarratas agus a \u00e9asca\u00edocht chun do chuid faisn\u00e9ise a fh\u00edor\u00fa. Moltar iarratas a dh\u00e9anamh tamall maith roimh an d\u00e1ta taistil at\u00e1 beartaithe agat chun freastal ar aon mhoill a d\u2019fh\u00e9adfadh a bheith ort.<\/p>\n            <\/div><h4 class=\"accordion-header\"><span class=\"qs\">Cad a tharl\u00f3idh m\u00e1 dh\u00e9anaim iarracht filleadh ar Cheanada gan c\u00e1rta PR bail\u00ed n\u00f3 PRTD?<\/span><span class=\"arrow\">&#9660;<\/span><\/h4>\n            <div class=\"accordion-content\">\n            <p>Gan c\u00e1rta PR bail\u00ed n\u00f3 PRTD, d\u2019fh\u00e9adfadh s\u00e9 go ndi\u00falt\u00f3idh iompr\u00f3ir\u00ed tr\u00e1cht\u00e1la dul ar bord duit agus nach f\u00e9idir leat filleadh ar Cheanada. T\u00e1 s\u00e9 r\u00edth\u00e1bhachtach ceann de na doicim\u00e9id seo a bheith agat agus t\u00fa ag taisteal ar ais chun pr\u00f3iseas r\u00e9idh athiontr\u00e1la a chinnti\u00fa.<\/p>\n            <\/div><h4 class=\"accordion-header\"><span class=\"qs\">An f\u00e9idir liom mo st\u00e1das buanch\u00f3naithe a thr\u00e9igean go deonach?<\/span><span class=\"arrow\">&#9660;<\/span><\/h4>\n            <div class=\"accordion-content\">\n            <p>Is f\u00e9idir, m\u00e1s mian leat do st\u00e1das buanch\u00f3naitheach a thabhairt suas agus dul isteach i gCeanada mar chuairteoir, n\u00edor cheart duit iarratas a dh\u00e9anamh ar PRTD. Ina \u00e1it sin, n\u00ed m\u00f3r duit iarratas a dh\u00e9anamh chun do st\u00e1das buanch\u00f3naitheach a thr\u00e9igean go deonach tr\u00ed na beala\u00ed cu\u00ed.<\/p>\n            <\/div><h4 class=\"accordion-header\"><span class=\"qs\">Cad \u00e9 cusp\u00f3ir na huirlise &quot;Come to Canada&quot;?<\/span><span class=\"arrow\">&#9660;<\/span><\/h4>\n            <div class=\"accordion-content\">\n            <p>Is ceistneoir ar l\u00edne \u00ed an uirlis \u201cCome to Canada\u201d at\u00e1 deartha chun cabhr\u00fa le daoine aonair a n-inch\u00e1ilitheacht do chl\u00e1ir inimirce Cheanada \u00e9ags\u00fala a chinneadh, lena n-\u00e1ir\u00edtear roghanna maidir le bheith ag obair, ag staid\u00e9ar, ag tabhairt cuairte, ag aistri\u00fa n\u00f3 ag maireacht\u00e1il go buan i gCeanada. Tr\u00ed shraith ceisteanna a fhreagairt faoi ch\u00fains\u00ed pearsanta, faigheann \u00fas\u00e1ideoir\u00ed faisn\u00e9is faoi chl\u00e1ir a bhf\u00e9adfadh siad c\u00e1ili\u00fa d\u00f3ibh agus treoir maidir leis na ch\u00e9ad ch\u00e9imeanna eile.<\/p>\n            <\/div><h4 class=\"accordion-header\"><span class=\"qs\">C\u00e9n t-eolas at\u00e1 ag teast\u00e1il chun an uirlis &quot;Come to Canada&quot; a \u00fas\u00e1id?<\/span><span class=\"arrow\">&#9660;<\/span><\/h4>\n            <div class=\"accordion-content\">\n            <p>Chun an uirlis a \u00fas\u00e1id go h\u00e9ifeachtach, ba ch\u00f3ir duit a bheith s\u00e1sta sonra\u00ed a shol\u00e1thar faoi do n\u00e1isi\u00fantacht, aois, inni\u00falacht teanga, baill teaghlaigh, oideachas, taith\u00ed oibre, ioncam agus glanfhi\u00fachas, agus aon tairiscint\u00ed fosta\u00edochta. Tr\u00ed fhaisn\u00e9is chruinn a shol\u00e1thar, cinnt\u00edtear gur f\u00e9idir leis an uirlis d\u2019inch\u00e1ilitheacht do chl\u00e1ir inimirce \u00e9ags\u00fala a mheas go cruinn.<\/p>\n            <\/div><h4 class=\"accordion-header\"><span class=\"qs\">C\u00e9 chomh fada a th\u00f3gann s\u00e9 an ceistneoir &quot;Come to Canada&quot; a chomhl\u00e1n\u00fa?<\/span><span class=\"arrow\">&#9660;<\/span><\/h4>\n            <div class=\"accordion-content\">\n            <p>De ghn\u00e1th t\u00f3gann s\u00e9 thart ar 10 go 15 n\u00f3im\u00e9ad an ceistneoir a chomhl\u00e1n\u00fa. T\u00e1 s\u00e9 t\u00e1bhachtach gach ceist a fhreagairt go cruinn chun an fhaisn\u00e9is is \u00e1bhartha a fh\u00e1il maidir le do ch\u00e1ilitheacht do chl\u00e1ir inimirce Cheanada.<\/p>\n            <\/div><h4 class=\"accordion-header\"><span class=\"qs\">Cad ba cheart dom a dh\u00e9anamh m\u00e1 t\u00e1im inch\u00e1ilithe do chl\u00e1r inimirce Cheanada de r\u00e9ir na huirlise?<\/span><span class=\"arrow\">&#9660;<\/span><\/h4>\n            <div class=\"accordion-content\">\n            <p>M\u00e1 thugann an uirlis le fios go bhfuil t\u00fa inch\u00e1ilithe do chl\u00e1r sonrach, sol\u00e1thr\u00f3idh s\u00e9 treoracha mionsonraithe maidir leis na ch\u00e9ad ch\u00e9imeanna eile, lena n-\u00e1ir\u00edtear conas iarratas a dh\u00e9anamh agus cad iad na doicim\u00e9id at\u00e1 ag teast\u00e1il. Tr\u00ed na treoracha seo a lean\u00faint go c\u00faramach cabhr\u00f3far le pr\u00f3iseas iarratais r\u00e9idh a chinnti\u00fa.<\/p>\n            <\/div><h4 class=\"accordion-header\"><span class=\"qs\">An f\u00e9idir liom iarratas a dh\u00e9anamh ar chl\u00e1ir inimirce Cheanada go d\u00edreach tr\u00edd an uirlis &quot;Come to Canada&quot;?<\/span><span class=\"arrow\">&#9660;<\/span><\/h4>\n            <div class=\"accordion-content\">\n            <p>N\u00ed f\u00e9idir, n\u00ed \u00e9asca\u00edonn an uirlis f\u00e9in feidhmchl\u00e1ir dh\u00edreacha. Ina \u00e1it sin, treora\u00edonn s\u00e9 t\u00fa chuig na pr\u00f3isis iarratais chu\u00ed bunaithe ar d\u2019inch\u00e1ilitheacht. Tar \u00e9is duit an ceistneoir a chomhl\u00e1n\u00fa, gheobhaidh t\u00fa faisn\u00e9is ar conas dul ar aghaidh le d\u2019iarratas tr\u00ed na beala\u00ed cearta.<\/p>\n            <\/div><h4 class=\"accordion-header\"><span class=\"qs\">An bhfuil an uirlis &quot;Come to Canada&quot; ar f\u00e1il i dteangacha \u00e9ags\u00fala?<\/span><span class=\"arrow\">&#9660;<\/span><\/h4>\n            <div class=\"accordion-content\">\n            <p>Sea, t\u00e1 an uirlis ar f\u00e1il i mB\u00e9arla agus i bhFraincis, teangacha oifigi\u00fala Cheanada. Is f\u00e9idir leat do rogha teanga a roghn\u00fa ag t\u00fas an cheistneora.<\/p>\n            <\/div><h4 class=\"accordion-header\"><span class=\"qs\">An r\u00e1tha\u00edtear tr\u00ed \u00fas\u00e1id a bhaint as an uirlis &quot;Come to Canada&quot; go nglacfar isteach i gcl\u00e1r inimirce Cheanada?<\/span><span class=\"arrow\">&#9660;<\/span><\/h4>\n            <div class=\"accordion-content\">\n            <p>N\u00ed chinnt\u00edonn baint \u00fas\u00e1ide as an uirlis go nglacfar leis. Sol\u00e1thra\u00edonn s\u00e9 treoir maidir le hinch\u00e1ilitheacht ionchasach, ach t\u00e1 gach iarratas faoi r\u00e9ir athbhreithni\u00fa ag oifigigh inimirce de r\u00e9ir dhl\u00edthe agus bheartais inimirce Cheanada.<\/p>\n            <\/div><h4 class=\"accordion-header\"><span class=\"qs\">Cad ba cheart dom a dh\u00e9anamh m\u00e1 bh\u00edonn fadhbanna teicni\u00fala agam agus an uirlis &quot;Come to Canada&quot; in \u00fas\u00e1id agam?<\/span><span class=\"arrow\">&#9660;<\/span><\/h4>\n            <div class=\"accordion-content\">\n            <p>M\u00e1 bh\u00edonn deacrachta\u00ed teicni\u00fala agat, cinntigh go bhfuil do nasc idirl\u00edn cobhsa\u00ed agus go bhfuil brabhs\u00e1la\u00ed gr\u00e9as\u00e1in comhoiri\u00fanach in \u00fas\u00e1id agat. M\u00e1 leanann fadhbanna f\u00f3s, is f\u00e9idir leat dul i dteagmh\u00e1il leis an Ionad Cabhrach um Inimirce, D\u00eddeanaithe agus Saor\u00e1nacht Cheanada (IRCC) le haghaidh c\u00fanaimh.<\/p>\n            <\/div><h4 class=\"accordion-header\"><span class=\"qs\">An gcoime\u00e1dtar an fhaisn\u00e9is a chuirim ar f\u00e1il san uirlis &quot;Come to Canada&quot; faoi r\u00fan?<\/span><span class=\"arrow\">&#9660;<\/span><\/h4>\n            <div class=\"accordion-content\">\n            <p>Sea, n\u00ed \u00fas\u00e1idtear an fhaisn\u00e9is a shol\u00e1thra\u00edonn t\u00fa ach amh\u00e1in chun d\u2019inch\u00e1ilitheacht do chl\u00e1ir inimirce Cheanada a mheas agus t\u00e1 s\u00e9 cosanta faoi dhl\u00edthe pr\u00edobh\u00e1ideachta Cheanada. T\u00e1 s\u00e9 t\u00e1bhachtach eolas cruinn a shol\u00e1thar chun an treoir is fearr a fh\u00e1il.<\/p>\n            <\/div><h4 class=\"accordion-header\"><span class=\"qs\">An f\u00e9idir liom an uirlis &quot;Come to Canada&quot; a \u00fas\u00e1id chun mo chuairt i gCeanada a leathn\u00fa?<\/span><span class=\"arrow\">&#9660;<\/span><\/h4>\n            <div class=\"accordion-content\">\n            <p>Is f\u00e9idir, is f\u00e9idir leis an uirlis cabhr\u00fa le do ch\u00e1ilitheacht a chinneadh chun do chuairte i gCeanada a fhad\u00fa, cib\u00e9 an bhfuil t\u00fa ag iarraidh lean\u00faint ar aghaidh ag obair, ag staid\u00e9ar n\u00f3 ag tabhairt cuairte. Tr\u00edd an gceistneoir a fhreagairt, gheobhaidh t\u00fa eolas ar na c\u00e9imeanna cu\u00ed le glacadh chun s\u00edneadh ama a chur le do chuairt.<\/p>\n            <\/div><\/div><script type=\"application\/ld+json\">\n    {\n      \"@context\": \"https:\/\/schema.org\",\n      \"@type\": \"FAQPage\",\n      \"mainEntity\": [{\n        \"@type\": \"Question\",\n        \"name\": \"Cad is \u00dadar\u00fa Leictreonach Taistil (eTA) ann?\",\n        \"acceptedAnswer\": {\n          \"@type\": \"Answer\",\n          \"text\": \"Is riachtanas iontr\u00e1la \u00e9 \u00dadar\u00fa Leictreonach Taistil (eTA) do n\u00e1isi\u00fanaigh choigr\u00edche at\u00e1 d\u00edolmhaithe \u00f3 v\u00edosa agus a thaisteala\u00edonn go Ceanada d\u2019aer. T\u00e1 s\u00e9 nasctha go leictreonach le pas an taisteala\u00ed agus t\u00e1 s\u00e9 bail\u00ed ar feadh suas le c\u00faig bliana n\u00f3 go dt\u00ed go dt\u00e9ann an pas in \u00e9ag. Le eTA bail\u00ed, is f\u00e9idir leat taisteal go Ceanada chomh minic agus is mian leat ar feadh tr\u00e9imhs\u00ed gearra, go hiond\u00fail suas le s\u00e9 mh\u00ed ag an am. Mar sin f\u00e9in, n\u00ed r\u00e1tha\u00edonn eTA iontr\u00e1il go Ceanada\"\n        }\n      },{\n        \"@type\": \"Question\",\n        \"name\": \"C\u00e9 a bhfuil eTA ag teast\u00e1il uathu chun taisteal go Ceanada?\",\n        \"acceptedAnswer\": {\n          \"@type\": \"Answer\",\n          \"text\": \"T\u00e1 eTA ag teast\u00e1il \u00f3 n\u00e1isi\u00fanaigh choigr\u00edche at\u00e1 d\u00edolmhaithe \u00f3 v\u00edosa chun eitilt go dt\u00ed aerfort Cheanada n\u00f3 chun iad a iompar tr\u00ed mhe\u00e1n aerfort Cheanada. F\u00e9adfaidh saor\u00e1naigh \u00e1irithe \u00f3 th\u00edortha a bhfuil v\u00edosa ag teast\u00e1il uathu iarratas a dh\u00e9anamh ar eTA freisin m\u00e1 t\u00e1 siad inch\u00e1ilithe. T\u00e1 saor\u00e1naigh SAM agus buanch\u00f3naitheoir\u00ed dleathacha SAM d\u00edolmhaithe \u00f3n gceanglas eTA ach n\u00ed m\u00f3r d\u00f3ibh aitheantas cu\u00ed a bheith acu amhail pas n\u00f3 doicim\u00e9id choibh\u00e9iseacha.\"\n        }\n      },{\n        \"@type\": \"Question\",\n        \"name\": \"Conas is f\u00e9idir liom iarratas a dh\u00e9anamh ar eTA chun taisteal go Ceanada?\",\n        \"acceptedAnswer\": {\n          \"@type\": \"Answer\",\n          \"text\": \"Is f\u00e9idir leat iarratas a dh\u00e9anamh ar eTA ar l\u00edne. T\u00e1 an pr\u00f3iseas iarratais simpl\u00ed agus teasta\u00edonn pas, c\u00e1rta creidmheasa agus seoladh r\u00edomhphoist. Eis\u00edtear formh\u00f3r na bhformheasanna tr\u00ed r\u00edomhphost laistigh de n\u00f3im\u00e9id, ach d\u2019fh\u00e9adfadh go dt\u00f3gfadh roinnt iarratas roinnt laethanta. Cosna\u00edonn s\u00e9 CAD $7 in aghaidh an iarratais. Cinntigh go gcuirtear uimhir do phas isteach i gceart chun fadhbanna a sheachaint.\"\n        }\n      },{\n        \"@type\": \"Question\",\n        \"name\": \"Cad ba cheart dom a thabhairt chuig an aerfort agus m\u00e9 ag taisteal go Ceanada le eTA?\",\n        \"acceptedAnswer\": {\n          \"@type\": \"Answer\",\n          \"text\": \"N\u00ed m\u00f3r duit an pas at\u00e1 nasctha le do eTA ceadaithe a thabhairt leat. Ag an tseice\u00e1il isteach, d\u00e9anfaidh foireann aerl\u00edne do phas a scanadh chun an eTA a dheimhni\u00fa. Mura dtagann sonra\u00ed an phas le do eTA, n\u00ed bheidh cead agat dul ar bord na heitilte.\"\n        }\n      },{\n        \"@type\": \"Question\",\n        \"name\": \"Cad a tharl\u00f3idh m\u00e1 chuirim an uimhir phas m\u00edcheart ar an bhfoirm eTA?\",\n        \"acceptedAnswer\": {\n          \"@type\": \"Answer\",\n          \"text\": \"Mura dtagann uimhir an phas ar do eTA le do phas iarbh\u00edr, n\u00ed bheidh t\u00fa in ann dul ar bord d\u2019eitilt. D\u00e9an seice\u00e1il faoi dh\u00f3 ar do r\u00edomhphost faofa eTA agus cinntigh go bhfuil na huimhreacha ag teacht leis. Mura nd\u00e9anann siad, n\u00ed m\u00f3r duit iarratas a dh\u00e9anamh ar eTA nua.\"\n        }\n      },{\n        \"@type\": \"Question\",\n        \"name\": \"C\u00e9 mh\u00e9ad a chosna\u00edonn s\u00e9 iarratas a dh\u00e9anamh ar eTA?\",\n        \"acceptedAnswer\": {\n          \"@type\": \"Answer\",\n          \"text\": \"Is \u00e9 CAD $7 an t\u00e1ille iarratais ar eTA. D\u00e9antar gach iarratas a phr\u00f3ise\u00e1il ina n-aonar, agus n\u00ed m\u00f3r \u00edoca\u00edocht a dh\u00e9anamh le linn an phr\u00f3isis iarratais.\"\n        }\n      },{\n        \"@type\": \"Question\",\n        \"name\": \"C\u00e9 chomh fada a bheidh eTA bail\u00ed?\",\n        \"acceptedAnswer\": {\n          \"@type\": \"Answer\",\n          \"text\": \"B\u00edonn eTA bail\u00ed ar feadh suas le c\u00faig bliana n\u00f3 go dt\u00ed go dt\u00e9ann an pas a \u00fas\u00e1ideadh chun iarratas a dh\u00e9anamh air in \u00e9ag, cib\u00e9 acu is t\u00faisce. M\u00e1 fhaigheann t\u00fa pas nua, n\u00ed m\u00f3r duit iarratas a dh\u00e9anamh ar eTA nua.\"\n        }\n      },{\n        \"@type\": \"Question\",\n        \"name\": \"An f\u00e9idir liom taisteal laistigh de Cheanada ag \u00fas\u00e1id eTA?\",\n        \"acceptedAnswer\": {\n          \"@type\": \"Answer\",\n          \"text\": \"N\u00edl g\u00e1 le eTA le haghaidh taistil int\u00edre laistigh de Cheanada. N\u00edl s\u00e9 ag teast\u00e1il ach do thaistealaithe at\u00e1 d\u00edolmhaithe \u00f3 v\u00edosa\u00ed a th\u00e9ann isteach i gCeanada d\u2019aer.\"\n        }\n      },{\n        \"@type\": \"Question\",\n        \"name\": \"Cad is C\u00f3naitheoir Buan (PR) i gCeanada?\",\n        \"acceptedAnswer\": {\n          \"@type\": \"Answer\",\n          \"text\": \"Is \u00e9ard is C\u00f3naitheoir Buan (PR) ann duine ar deona\u00edodh st\u00e1das buanch\u00f3naitheach d\u00f3 tr\u00ed inimirce go Ceanada ach nach saor\u00e1nach Ceanadach \u00e9. De ghn\u00e1th is saor\u00e1naigh de th\u00edortha eile n\u00f3 daoine gan st\u00e1t iad PRanna. T\u00e1 s\u00e9 de cheart acu c\u00f3na\u00ed, oibri\u00fa agus staid\u00e9ar a dh\u00e9anamh in \u00e1it ar bith i gCeanada agus faigheann siad an chuid is m\u00f3 de na bunt\u00e1ist\u00ed s\u00f3isialta a dh\u00e9anann saor\u00e1naigh Cheanada.\"\n        }\n      },{\n        \"@type\": \"Question\",\n        \"name\": \"Cad iad na freagrachta\u00ed at\u00e1 ar Ch\u00f3naitheach Buan i gCeanada?\",\n        \"acceptedAnswer\": {\n          \"@type\": \"Answer\",\n          \"text\": \"N\u00ed m\u00f3r do Bhuanch\u00f3naitheoir\u00ed c\u00e1rta PR bail\u00ed n\u00f3 Doicim\u00e9ad Taistil do Bhuanch\u00f3naitheoir\u00ed (PRTD) a iompar agus a chur i l\u00e1thair agus iad ag taisteal go Ceanada tr\u00ed iompr\u00f3ir\u00ed tr\u00e1cht\u00e1la. N\u00ed m\u00f3r d\u00f3ibh a chinnti\u00fa go bhfuil a gc\u00e1rta PR bail\u00ed nuair a fhilleann siad go Ceanada agus iarratas a dh\u00e9anamh ar ch\u00e1rta nua sula dt\u00e9ann an ceann reatha in \u00e9ag. N\u00ed m\u00f3r do PR c\u00e1nacha a \u00edoc freisin agus clo\u00ed le dl\u00edthe uile Cheanada ag an leibh\u00e9al feidear\u00e1lach, c\u00faige agus bardasach.\"\n        }\n      },{\n        \"@type\": \"Question\",\n        \"name\": \"Cad iad na riachtanais ch\u00f3naitheachta chun st\u00e1das C\u00f3naitheach Buan a choinne\u00e1il i gCeanada?\",\n        \"acceptedAnswer\": {\n          \"@type\": \"Answer\",\n          \"text\": \"Chun st\u00e1das PR a choinne\u00e1il, n\u00ed m\u00f3r do dhuine c\u00f3na\u00ed i gCeanada ar feadh 730 l\u00e1 ar a laghad le c\u00faig bliana anuas. N\u00ed g\u00e1 go mbeadh na laethanta seo as a ch\u00e9ile. F\u00e9adfaidh am \u00e1irithe a chaitear thar lear a \u00e1ireamh i dtreo an cheanglais seo faoi choinn\u00edollacha sonracha, mar shampla c\u00e9ile saor\u00e1nach Cheanada a thionlacan n\u00f3 oibri\u00fa do ghn\u00f3lacht Cheanada.\"\n        }\n      },{\n        \"@type\": \"Question\",\n        \"name\": \"Cad iad na cearta at\u00e1 ag C\u00f3naitheoir\u00ed Buan i gCeanada?\",\n        \"acceptedAnswer\": {\n          \"@type\": \"Answer\",\n          \"text\": \"T\u00e1 C\u00f3naitheoir\u00ed Buan i dteideal an chuid is m\u00f3 de na sochair sh\u00f3isialta a fhaigheann saor\u00e1naigh Cheanada, lena n-\u00e1ir\u00edtear cl\u00fadach c\u00faram sl\u00e1inte agus an cumas oibri\u00fa agus staid\u00e9ar a dh\u00e9anamh \u00e1it ar bith i gCeanada. T\u00e1 siad cosanta faoi dhl\u00ed Cheanada agus faoi Chairt Cheanada um Chearta agus um Shaoirs\u00ed agus is f\u00e9idir leo cur isteach ar shaor\u00e1nacht Cheanada tar \u00e9is crit\u00e9ir \u00e1irithe a chomhl\u00edonadh.\"\n        }\n      },{\n        \"@type\": \"Question\",\n        \"name\": \"Cad iad na teorainneacha at\u00e1 ag C\u00f3naitheoir\u00ed Buan i gCeanada?\",\n        \"acceptedAnswer\": {\n          \"@type\": \"Answer\",\n          \"text\": \"N\u00ed f\u00e9idir le Buanch\u00f3naitheoir\u00ed v\u00f3t\u00e1il n\u00f3 rith le haghaidh oifig pholaiti\u00fail agus n\u00edl siad inch\u00e1ilithe do phoist a dteasta\u00edonn imr\u00e9iteach sl\u00e1nd\u00e1la ardleibh\u00e9il uathu.\"\n        }\n      },{\n        \"@type\": \"Question\",\n        \"name\": \"Cad ba cheart dom a dh\u00e9anamh m\u00e1 th\u00e9ann mo ch\u00e1rta do Bhuanch\u00f3naitheoir in \u00e9ag agus m\u00e9 lasmuigh de Cheanada?\",\n        \"acceptedAnswer\": {\n          \"@type\": \"Answer\",\n          \"text\": \"M\u00e1 th\u00e9ann do ch\u00e1rta PR in \u00e9ag agus t\u00fa lasmuigh de Cheanada, n\u00ed m\u00f3r duit iarratas a dh\u00e9anamh ar Dhoicim\u00e9ad Taistil do Bhuanch\u00f3naitheoir (PRTD) chun filleadh ar Cheanada tr\u00ed iompr\u00f3ir tr\u00e1cht\u00e1la. T\u00e1 s\u00e9 inmholta a chinnti\u00fa go bhfuil do ch\u00e1rta PR bail\u00ed roimh thaisteal thar lear chun aimhr\u00e9it\u00ed a sheachaint.\"\n        }\n      },{\n        \"@type\": \"Question\",\n        \"name\": \"Conas is f\u00e9idir liom iarratas a dh\u00e9anamh ar ch\u00e1rta athshol\u00e1thair do Bhuanch\u00f3naitheoir m\u00e1 chailltear, m\u00e1 ghoidtear n\u00f3 m\u00e1 dh\u00e9antar dam\u00e1iste d\u00f3?\",\n        \"acceptedAnswer\": {\n          \"@type\": \"Answer\",\n          \"text\": \"Chun c\u00e1rta PR a cailleadh, a goideadh n\u00f3 a ndearnadh dam\u00e1iste d\u00f3 a athshol\u00e1thar, n\u00ed m\u00f3r duit iarratas a dh\u00e9anamh ar athshol\u00e1thar tr\u00ed Inimirce, D\u00eddeanaithe agus Saor\u00e1nacht Cheanada (IRCC). Baineann an t-iarratas le doicim\u00e9id riachtanacha a chur isteach agus t\u00e1ill\u00ed infheidhme a \u00edoc. T\u00e1 s\u00e9 t\u00e1bhachtach c\u00e1rta caillte n\u00f3 goidte a thuairisci\u00fa chun m\u00ed-\u00fas\u00e1id a chosc.\"\n        }\n      },{\n        \"@type\": \"Question\",\n        \"name\": \"An f\u00e9idir am a chaitear lasmuigh de Cheanada a chur san \u00e1ireamh i dtreo an riachtanas c\u00f3naitheachta do Bhuanch\u00f3naitheoir\u00ed?\",\n        \"acceptedAnswer\": {\n          \"@type\": \"Answer\",\n          \"text\": \"Is f\u00e9idir, i gc\u00e1sanna \u00e1irithe, is f\u00e9idir am a chaitear lasmuigh de Cheanada a \u00e1ireamh i dtreo na hoibleag\u00e1ide c\u00f3naitheachta 730 l\u00e1. \u00c1ir\u00edonn s\u00e9 seo a bheith in \u00e9ineacht le c\u00e9ile saor\u00e1nach Ceanadach n\u00f3 p\u00e1irt\u00ed dl\u00ed choitinn, a bheith fostaithe go l\u00e1naimseartha ag gn\u00f3 Cheanada, n\u00f3 ag obair do rialtas Cheanada thar lear.\"\n        }\n      },{\n        \"@type\": \"Question\",\n        \"name\": \"Conas is f\u00e9idir liom mo st\u00e1das C\u00f3naitheach Buan a thr\u00e9igean go deonach?\",\n        \"acceptedAnswer\": {\n          \"@type\": \"Answer\",\n          \"text\": \"M\u00e1 roghna\u00edonn t\u00fa do st\u00e1das PR a thr\u00e9igean, n\u00ed m\u00f3r duit iarratas a chur isteach chun do st\u00e1das a thabhairt suas go deonach. Is minic a dh\u00e9antar an cinneadh seo mura mian leat c\u00f3na\u00ed i gCeanada a thuilleadh n\u00f3 oibleag\u00e1id\u00ed C\u00f3naitheach Buan a chomhl\u00edonadh.\"\n        }\n      },{\n        \"@type\": \"Question\",\n        \"name\": \"An gcaillfidh m\u00e9 mo st\u00e1das mar gheall ar dhul in \u00e9ag do ch\u00e1rta do Bhuanch\u00f3naitheoir?\",\n        \"acceptedAnswer\": {\n          \"@type\": \"Answer\",\n          \"text\": \"N\u00ed chialla\u00edonn, nuair a th\u00e9ann do ch\u00e1rta PR in \u00e9ag, go bhfuil do st\u00e1das C\u00f3naitheach Buan caillte agat. Mar sin f\u00e9in, gan c\u00e1rta PR bail\u00ed n\u00f3 PRTD, f\u00e9adann s\u00e9 a bheith d\u00fashl\u00e1nach filleadh ar Cheanada tr\u00ed iompar tr\u00e1cht\u00e1la. T\u00e1 s\u00e9 t\u00e1bhachtach do ch\u00e1rta PR a athnuachan sula dt\u00e9ann s\u00e9 in \u00e9ag chun cruth\u00fanas ar do st\u00e1das a choinne\u00e1il.\"\n        }\n      },{\n        \"@type\": \"Question\",\n        \"name\": \"Cad is Doicim\u00e9ad Taistil do Bhuanch\u00f3naitheoir (PRTD) ann?\",\n        \"acceptedAnswer\": {\n          \"@type\": \"Answer\",\n          \"text\": \"Is doicim\u00e9ad oifigi\u00fail sealadach \u00e9 Doicim\u00e9ad Taistil do Bhuanch\u00f3naitheoir (PRTD) a ligeann do bhuanch\u00f3naitheoir\u00ed Cheanada gan c\u00e1rta Buanch\u00f3naitheora (PR) bail\u00ed filleadh go Ceanada. De ghn\u00e1th b\u00edonn s\u00e9 bail\u00ed d\u2019iontr\u00e1il amh\u00e1in agus ba cheart \u00e9 a \u00fas\u00e1id chun dul isteach ar\u00eds i gCeanada nuair nach bhfuil an c\u00e1rta PR ar f\u00e1il. Chomh luath agus ar ais i gCeanada, t\u00e1 s\u00e9 inmholta iarratas a dh\u00e9anamh ar ch\u00e1rta PR nua go pras.\"\n        }\n      },{\n        \"@type\": \"Question\",\n        \"name\": \"C\u00e9 a chaithfidh iarratas a dh\u00e9anamh ar PRTD?\",\n        \"acceptedAnswer\": {\n          \"@type\": \"Answer\",\n          \"text\": \"N\u00ed m\u00f3r do ch\u00f3naitheoir\u00ed buana Cheanada at\u00e1 lasmuigh den t\u00edr gan c\u00e1rta PR bail\u00ed agus a bhearta\u00edonn filleadh ar Cheanada tr\u00ed iompr\u00f3ir tr\u00e1cht\u00e1la mar eitle\u00e1n, b\u00e1d, traein n\u00f3 bus iarratas a dh\u00e9anamh ar PRTD. T\u00e1 an doicim\u00e9ad seo riachtanach chun athiontr\u00e1il go Ceanada faoi na c\u00fains\u00ed seo.\"\n        }\n      },{\n        \"@type\": \"Question\",\n        \"name\": \"Conas is f\u00e9idir liom iarratas a dh\u00e9anamh ar PRTD?\",\n        \"acceptedAnswer\": {\n          \"@type\": \"Answer\",\n          \"text\": \"Chun iarratas a dh\u00e9anamh ar PRTD, n\u00ed m\u00f3r duit a bheith lasmuigh de Cheanada. Baineann an pr\u00f3iseas iarratais leis na foirmeacha riachtanacha a chomhl\u00e1n\u00fa, na doicim\u00e9id riachtanacha a shol\u00e1thar, agus an t\u00e1ille is infheidhme a \u00edoc. T\u00e1 treoracha agus foirmeacha mionsonraithe ar f\u00e1il ar shu\u00edomh Gr\u00e9as\u00e1in oifigi\u00fail Rialtas Cheanada. T\u00e1 s\u00e9 t\u00e1bhachtach a chinnti\u00fa go bhfuil an fhaisn\u00e9is go l\u00e9ir cruinn chun moill a sheachaint.\"\n        }\n      },{\n        \"@type\": \"Question\",\n        \"name\": \"Cad \u00e9 tr\u00e9imhse bail\u00edochta PRTD?\",\n        \"acceptedAnswer\": {\n          \"@type\": \"Answer\",\n          \"text\": \"B\u00edonn PRTD bail\u00ed go ginear\u00e1lta le haghaidh iontr\u00e1il amh\u00e1in i gCeanada. Tar \u00e9is duit \u00e9 a \u00fas\u00e1id chun dul isteach ar\u00eds, ba cheart duit iarratas a dh\u00e9anamh ar ch\u00e1rta PR nua chun taisteal amach anseo a \u00e9asc\u00fa.\"\n        }\n      },{\n        \"@type\": \"Question\",\n        \"name\": \"Cad ba cheart dom a dh\u00e9anamh m\u00e1 th\u00e9ann mo ch\u00e1rta PR in \u00e9ag agus m\u00e9 lasmuigh de Cheanada?\",\n        \"acceptedAnswer\": {\n          \"@type\": \"Answer\",\n          \"text\": \"M\u00e1 th\u00e9ann do ch\u00e1rta PR in \u00e9ag agus t\u00fa thar lear, n\u00ed m\u00f3r duit iarratas a dh\u00e9anamh ar PRTD chun filleadh ar Cheanada tr\u00ed iompr\u00f3ir tr\u00e1cht\u00e1la. Nuair a bheidh t\u00fa ar ais i gCeanada, d\u00e9an iarratas go pras ar ch\u00e1rta PR nua chun m\u00edchaoithi\u00falachta\u00ed taistil sa todhcha\u00ed a sheachaint.\"\n        }\n      },{\n        \"@type\": \"Question\",\n        \"name\": \"An f\u00e9idir liom iarratas a dh\u00e9anamh ar PRTD \u00f3 laistigh de Cheanada?\",\n        \"acceptedAnswer\": {\n          \"@type\": \"Answer\",\n          \"text\": \"N\u00ed f\u00e9idir, n\u00ed f\u00e9idir leat ach iarratas a dh\u00e9anamh ar PRTD \u00f3 lasmuigh de Cheanada. M\u00e1 t\u00e1 t\u00fa i gCeanada agus do ch\u00e1rta PR imithe in \u00e9ag n\u00f3 ar t\u00ed dul in \u00e9ag, ba cheart duit iarratas a dh\u00e9anamh go d\u00edreach ar ch\u00e1rta PR nua.\"\n        }\n      },{\n        \"@type\": \"Question\",\n        \"name\": \"Cad iad na t\u00e1ill\u00ed a bhaineann le hiarratas a dh\u00e9anamh ar PRTD?\",\n        \"acceptedAnswer\": {\n          \"@type\": \"Answer\",\n          \"text\": \"Is \u00e9 CAD $50 an t\u00e1ille iarratais ar PRTD. N\u00edl an t\u00e1ille seo inais\u00edoctha nuair a thosa\u00edonn an phr\u00f3ise\u00e1il, mar sin cinntigh go bhfuil d\u2019iarratas ioml\u00e1n agus cruinn sula gcuirtear isteach \u00e9.\"\n        }\n      },{\n        \"@type\": \"Question\",\n        \"name\": \"C\u00e9 chomh fada a th\u00f3gann s\u00e9 iarratas PRTD a phr\u00f3ise\u00e1il?\",\n        \"acceptedAnswer\": {\n          \"@type\": \"Answer\",\n          \"text\": \"Athra\u00edonn amanna pr\u00f3ise\u00e1la d\u2019fheidhmchl\u00e1ir PRTD bunaithe ar fhacht\u00f3ir\u00ed mar l\u00edon na n-iarratas agus a \u00e9asca\u00edocht chun do chuid faisn\u00e9ise a fh\u00edor\u00fa. Moltar iarratas a dh\u00e9anamh tamall maith roimh an d\u00e1ta taistil at\u00e1 beartaithe agat chun freastal ar aon mhoill a d\u2019fh\u00e9adfadh a bheith ort.\"\n        }\n      },{\n        \"@type\": \"Question\",\n        \"name\": \"Cad a tharl\u00f3idh m\u00e1 dh\u00e9anaim iarracht filleadh ar Cheanada gan c\u00e1rta PR bail\u00ed n\u00f3 PRTD?\",\n        \"acceptedAnswer\": {\n          \"@type\": \"Answer\",\n          \"text\": \"Gan c\u00e1rta PR bail\u00ed n\u00f3 PRTD, d\u2019fh\u00e9adfadh s\u00e9 go ndi\u00falt\u00f3idh iompr\u00f3ir\u00ed tr\u00e1cht\u00e1la dul ar bord duit agus nach f\u00e9idir leat filleadh ar Cheanada. T\u00e1 s\u00e9 r\u00edth\u00e1bhachtach ceann de na doicim\u00e9id seo a bheith agat agus t\u00fa ag taisteal ar ais chun pr\u00f3iseas r\u00e9idh athiontr\u00e1la a chinnti\u00fa.\"\n        }\n      },{\n        \"@type\": \"Question\",\n        \"name\": \"An f\u00e9idir liom mo st\u00e1das buanch\u00f3naithe a thr\u00e9igean go deonach?\",\n        \"acceptedAnswer\": {\n          \"@type\": \"Answer\",\n          \"text\": \"Is f\u00e9idir, m\u00e1s mian leat do st\u00e1das buanch\u00f3naitheach a thabhairt suas agus dul isteach i gCeanada mar chuairteoir, n\u00edor cheart duit iarratas a dh\u00e9anamh ar PRTD. Ina \u00e1it sin, n\u00ed m\u00f3r duit iarratas a dh\u00e9anamh chun do st\u00e1das buanch\u00f3naitheach a thr\u00e9igean go deonach tr\u00ed na beala\u00ed cu\u00ed.\"\n        }\n      },{\n        \"@type\": \"Question\",\n        \"name\": \"Cad \u00e9 cusp\u00f3ir na huirlise &quot;Come to Canada&quot;?\",\n        \"acceptedAnswer\": {\n          \"@type\": \"Answer\",\n          \"text\": \"Is ceistneoir ar l\u00edne \u00ed an uirlis \u201cCome to Canada\u201d at\u00e1 deartha chun cabhr\u00fa le daoine aonair a n-inch\u00e1ilitheacht do chl\u00e1ir inimirce Cheanada \u00e9ags\u00fala a chinneadh, lena n-\u00e1ir\u00edtear roghanna maidir le bheith ag obair, ag staid\u00e9ar, ag tabhairt cuairte, ag aistri\u00fa n\u00f3 ag maireacht\u00e1il go buan i gCeanada. Tr\u00ed shraith ceisteanna a fhreagairt faoi ch\u00fains\u00ed pearsanta, faigheann \u00fas\u00e1ideoir\u00ed faisn\u00e9is faoi chl\u00e1ir a bhf\u00e9adfadh siad c\u00e1ili\u00fa d\u00f3ibh agus treoir maidir leis na ch\u00e9ad ch\u00e9imeanna eile.\"\n        }\n      },{\n        \"@type\": \"Question\",\n        \"name\": \"C\u00e9n t-eolas at\u00e1 ag teast\u00e1il chun an uirlis &quot;Come to Canada&quot; a \u00fas\u00e1id?\",\n        \"acceptedAnswer\": {\n          \"@type\": \"Answer\",\n          \"text\": \"Chun an uirlis a \u00fas\u00e1id go h\u00e9ifeachtach, ba ch\u00f3ir duit a bheith s\u00e1sta sonra\u00ed a shol\u00e1thar faoi do n\u00e1isi\u00fantacht, aois, inni\u00falacht teanga, baill teaghlaigh, oideachas, taith\u00ed oibre, ioncam agus glanfhi\u00fachas, agus aon tairiscint\u00ed fosta\u00edochta. Tr\u00ed fhaisn\u00e9is chruinn a shol\u00e1thar, cinnt\u00edtear gur f\u00e9idir leis an uirlis d\u2019inch\u00e1ilitheacht do chl\u00e1ir inimirce \u00e9ags\u00fala a mheas go cruinn.\"\n        }\n      },{\n        \"@type\": \"Question\",\n        \"name\": \"C\u00e9 chomh fada a th\u00f3gann s\u00e9 an ceistneoir &quot;Come to Canada&quot; a chomhl\u00e1n\u00fa?\",\n        \"acceptedAnswer\": {\n          \"@type\": \"Answer\",\n          \"text\": \"De ghn\u00e1th t\u00f3gann s\u00e9 thart ar 10 go 15 n\u00f3im\u00e9ad an ceistneoir a chomhl\u00e1n\u00fa. T\u00e1 s\u00e9 t\u00e1bhachtach gach ceist a fhreagairt go cruinn chun an fhaisn\u00e9is is \u00e1bhartha a fh\u00e1il maidir le do ch\u00e1ilitheacht do chl\u00e1ir inimirce Cheanada.\"\n        }\n      },{\n        \"@type\": \"Question\",\n        \"name\": \"Cad ba cheart dom a dh\u00e9anamh m\u00e1 t\u00e1im inch\u00e1ilithe do chl\u00e1r inimirce Cheanada de r\u00e9ir na huirlise?\",\n        \"acceptedAnswer\": {\n          \"@type\": \"Answer\",\n          \"text\": \"M\u00e1 thugann an uirlis le fios go bhfuil t\u00fa inch\u00e1ilithe do chl\u00e1r sonrach, sol\u00e1thr\u00f3idh s\u00e9 treoracha mionsonraithe maidir leis na ch\u00e9ad ch\u00e9imeanna eile, lena n-\u00e1ir\u00edtear conas iarratas a dh\u00e9anamh agus cad iad na doicim\u00e9id at\u00e1 ag teast\u00e1il. Tr\u00ed na treoracha seo a lean\u00faint go c\u00faramach cabhr\u00f3far le pr\u00f3iseas iarratais r\u00e9idh a chinnti\u00fa.\"\n        }\n      },{\n        \"@type\": \"Question\",\n        \"name\": \"An f\u00e9idir liom iarratas a dh\u00e9anamh ar chl\u00e1ir inimirce Cheanada go d\u00edreach tr\u00edd an uirlis &quot;Come to Canada&quot;?\",\n        \"acceptedAnswer\": {\n          \"@type\": \"Answer\",\n          \"text\": \"N\u00ed f\u00e9idir, n\u00ed \u00e9asca\u00edonn an uirlis f\u00e9in feidhmchl\u00e1ir dh\u00edreacha. Ina \u00e1it sin, treora\u00edonn s\u00e9 t\u00fa chuig na pr\u00f3isis iarratais chu\u00ed bunaithe ar d\u2019inch\u00e1ilitheacht. Tar \u00e9is duit an ceistneoir a chomhl\u00e1n\u00fa, gheobhaidh t\u00fa faisn\u00e9is ar conas dul ar aghaidh le d\u2019iarratas tr\u00ed na beala\u00ed cearta.\"\n        }\n      },{\n        \"@type\": \"Question\",\n        \"name\": \"An bhfuil an uirlis &quot;Come to Canada&quot; ar f\u00e1il i dteangacha \u00e9ags\u00fala?\",\n        \"acceptedAnswer\": {\n          \"@type\": \"Answer\",\n          \"text\": \"Sea, t\u00e1 an uirlis ar f\u00e1il i mB\u00e9arla agus i bhFraincis, teangacha oifigi\u00fala Cheanada. Is f\u00e9idir leat do rogha teanga a roghn\u00fa ag t\u00fas an cheistneora.\"\n        }\n      },{\n        \"@type\": \"Question\",\n        \"name\": \"An r\u00e1tha\u00edtear tr\u00ed \u00fas\u00e1id a bhaint as an uirlis &quot;Come to Canada&quot; go nglacfar isteach i gcl\u00e1r inimirce Cheanada?\",\n        \"acceptedAnswer\": {\n          \"@type\": \"Answer\",\n          \"text\": \"N\u00ed chinnt\u00edonn baint \u00fas\u00e1ide as an uirlis go nglacfar leis. Sol\u00e1thra\u00edonn s\u00e9 treoir maidir le hinch\u00e1ilitheacht ionchasach, ach t\u00e1 gach iarratas faoi r\u00e9ir athbhreithni\u00fa ag oifigigh inimirce de r\u00e9ir dhl\u00edthe agus bheartais inimirce Cheanada.\"\n        }\n      },{\n        \"@type\": \"Question\",\n        \"name\": \"Cad ba cheart dom a dh\u00e9anamh m\u00e1 bh\u00edonn fadhbanna teicni\u00fala agam agus an uirlis &quot;Come to Canada&quot; in \u00fas\u00e1id agam?\",\n        \"acceptedAnswer\": {\n          \"@type\": \"Answer\",\n          \"text\": \"M\u00e1 bh\u00edonn deacrachta\u00ed teicni\u00fala agat, cinntigh go bhfuil do nasc idirl\u00edn cobhsa\u00ed agus go bhfuil brabhs\u00e1la\u00ed gr\u00e9as\u00e1in comhoiri\u00fanach in \u00fas\u00e1id agat. M\u00e1 leanann fadhbanna f\u00f3s, is f\u00e9idir leat dul i dteagmh\u00e1il leis an Ionad Cabhrach um Inimirce, D\u00eddeanaithe agus Saor\u00e1nacht Cheanada (IRCC) le haghaidh c\u00fanaimh.\"\n        }\n      },{\n        \"@type\": \"Question\",\n        \"name\": \"An gcoime\u00e1dtar an fhaisn\u00e9is a chuirim ar f\u00e1il san uirlis &quot;Come to Canada&quot; faoi r\u00fan?\",\n        \"acceptedAnswer\": {\n          \"@type\": \"Answer\",\n          \"text\": \"Sea, n\u00ed \u00fas\u00e1idtear an fhaisn\u00e9is a shol\u00e1thra\u00edonn t\u00fa ach amh\u00e1in chun d\u2019inch\u00e1ilitheacht do chl\u00e1ir inimirce Cheanada a mheas agus t\u00e1 s\u00e9 cosanta faoi dhl\u00edthe pr\u00edobh\u00e1ideachta Cheanada. T\u00e1 s\u00e9 t\u00e1bhachtach eolas cruinn a shol\u00e1thar chun an treoir is fearr a fh\u00e1il.\"\n        }\n      },{\n        \"@type\": \"Question\",\n        \"name\": \"An f\u00e9idir liom an uirlis &quot;Come to Canada&quot; a \u00fas\u00e1id chun mo chuairt i gCeanada a leathn\u00fa?\",\n        \"acceptedAnswer\": {\n          \"@type\": \"Answer\",\n          \"text\": \"Is f\u00e9idir, is f\u00e9idir leis an uirlis cabhr\u00fa le do ch\u00e1ilitheacht a chinneadh chun do chuairte i gCeanada a fhad\u00fa, cib\u00e9 an bhfuil t\u00fa ag iarraidh lean\u00faint ar aghaidh ag obair, ag staid\u00e9ar n\u00f3 ag tabhairt cuairte. Tr\u00edd an gceistneoir a fhreagairt, gheobhaidh t\u00fa eolas ar na c\u00e9imeanna cu\u00ed le glacadh chun s\u00edneadh ama a chur le do chuairt.\"\n        }\n      }\n      ]\n    }\n    <\/script>\n","protected":false},"excerpt":{"rendered":"","protected":false},"author":1,"featured_media":0,"parent":0,"menu_order":0,"comment_status":"closed","ping_status":"closed","template":"","meta":{"_uag_custom_page_level_css":"","site-sidebar-layout":"default","site-content-layout":"","ast-site-content-layout":"","site-content-style":"default","site-sidebar-style":"default","ast-global-header-display":"","ast-banner-title-visibility":"","ast-main-header-display":"","ast-hfb-above-header-display":"","ast-hfb-below-header-display":"","ast-hfb-mobile-header-display":"","site-post-title":"","ast-breadcrumbs-content":"","ast-featured-img":"","footer-sml-layout":"","theme-transparent-header-meta":"","adv-header-id-meta":"","stick-header-meta":"","header-above-stick-meta":"","header-main-stick-meta":"","header-below-stick-meta":"","astra-migrate-meta-layouts":"default","ast-page-background-enabled":"default","ast-page-background-meta":{"desktop":{"background-color":"var(--ast-global-color-4)","background-image":"","background-repeat":"repeat","background-position":"center center","background-size":"auto","background-attachment":"scroll","background-type":"","background-media":"","overlay-type":"","overlay-color":"","overlay-opacity":"","overlay-gradient":""},"tablet":{"background-color":"","background-image":"","background-repeat":"repeat","background-position":"center center","background-size":"auto","background-attachment":"scroll","background-type":"","background-media":"","overlay-type":"","overlay-color":"","overlay-opacity":"","overlay-gradient":""},"mobile":{"background-color":"","background-image":"","background-repeat":"repeat","background-position":"center center","background-size":"auto","background-attachment":"scroll","background-type":"","background-media":"","overlay-type":"","overlay-color":"","overlay-opacity":"","overlay-gradient":""}},"ast-content-background-meta":{"desktop":{"background-color":"var(--ast-global-color-5)","background-image":"","background-repeat":"repeat","background-position":"center center","background-size":"auto","background-attachment":"scroll","background-type":"","background-media":"","overlay-type":"","overlay-color":"","overlay-opacity":"","overlay-gradient":""},"tablet":{"background-color":"var(--ast-global-color-5)","background-image":"","background-repeat":"repeat","background-position":"center center","background-size":"auto","background-attachment":"scroll","background-type":"","background-media":"","overlay-type":"","overlay-color":"","overlay-opacity":"","overlay-gradient":""},"mobile":{"background-color":"var(--ast-global-color-5)","background-image":"","background-repeat":"repeat","background-position":"center center","background-size":"auto","background-attachment":"scroll","background-type":"","background-media":"","overlay-type":"","overlay-color":"","overlay-opacity":"","overlay-gradient":""}},"footnotes":""},"categories":[],"tags":[],"class_list":["post-591","page","type-page","status-publish","hentry"],"uagb_featured_image_src":{"full":false,"thumbnail":false,"medium":false,"medium_large":false,"large":false,"1536x1536":false,"2048x2048":false},"uagb_author_info":{"display_name":"admin","author_link":"https:\/\/www.etafast.org\/ga\/author\/admin\/"},"uagb_comment_info":0,"uagb_excerpt":null,"_links":{"self":[{"href":"https:\/\/www.etafast.org\/ga\/wp-json\/wp\/v2\/pages\/591","targetHints":{"allow":["GET"]}}],"collection":[{"href":"https:\/\/www.etafast.org\/ga\/wp-json\/wp\/v2\/pages"}],"about":[{"href":"https:\/\/www.etafast.org\/ga\/wp-json\/wp\/v2\/types\/page"}],"author":[{"embeddable":true,"href":"https:\/\/www.etafast.org\/ga\/wp-json\/wp\/v2\/users\/1"}],"replies":[{"embeddable":true,"href":"https:\/\/www.etafast.org\/ga\/wp-json\/wp\/v2\/comments?post=591"}],"version-history":[{"count":1,"href":"https:\/\/www.etafast.org\/ga\/wp-json\/wp\/v2\/pages\/591\/revisions"}],"predecessor-version":[{"id":592,"href":"https:\/\/www.etafast.org\/ga\/wp-json\/wp\/v2\/pages\/591\/revisions\/592"}],"wp:attachment":[{"href":"https:\/\/www.etafast.org\/ga\/wp-json\/wp\/v2\/media?parent=591"}],"wp:term":[{"taxonomy":"category","embeddable":true,"href":"https:\/\/www.etafast.org\/ga\/wp-json\/wp\/v2\/categories?post=591"},{"taxonomy":"post_tag","embeddable":true,"href":"https:\/\/www.etafast.org\/ga\/wp-json\/wp\/v2\/tags?post=591"}],"curies":[{"name":"wp","href":"https:\/\/api.w.org\/{rel}","templated":true}]}}